{"id":2,"date":"2022-09-09T13:53:43","date_gmt":"2022-09-09T16:53:43","guid":{"rendered":"http:\/\/nteja.jandaiadosul.ufpr.br\/?page_id=2"},"modified":"2022-09-28T15:03:15","modified_gmt":"2022-09-28T18:03:15","slug":"pagina-exemplo","status":"publish","type":"page","link":"https:\/\/jandaiadosul.ufpr.br\/nteja\/","title":{"rendered":"NTE\/Teia"},"content":{"rendered":"<p><strong><img fetchpriority=\"high\" decoding=\"async\" class=\"wp-image-14016 aligncenter\" src=\"https:\/\/jandaiadosul.ufpr.br\/wp-content\/uploads\/2021\/07\/nte-300x193.png\" alt=\"\" width=\"363\" height=\"262\" \/><\/strong><\/p>\n<p><strong>DEFINI\u00c7\u00c3O NTE<\/strong><\/p>\n<hr \/>\n<p style=\"text-align: justify\"><strong>\u00a0<\/strong>Os N\u00facleos de Tecnologias Educacionais (NTEs) constituem espa\u00e7os destinados a favorecer a inser\u00e7\u00e3o da Educa\u00e7\u00e3o H\u00edbrida e da EaD nos diversos setores da UFPR por meio de a\u00e7\u00f5es que facilitem a produ\u00e7\u00e3o e a inclus\u00e3o das Tecnologias Digitais da Informa\u00e7\u00e3o e Comunica\u00e7\u00e3o (TDICs) \u00e0s a\u00e7\u00f5es de ensino, pesquisa e extens\u00e3o privilegiando, dessa forma, a aprendizagem colaborativa, cooperativa e aut\u00f4noma.<\/p>\n<p><strong>\u00a0<\/strong><\/p>\n<p><strong>NTE: Teia<\/strong><\/p>\n<hr \/>\n<p style=\"text-align: justify\">O NTE-Teia est\u00e1 situado no <em>Campus<\/em> Avan\u00e7ado da UFPR em Jandaia do Sul e teve in\u00edcio de suas atividades no final do ano de 2019. No decorrer do ano de 2020 houve uma dificuldade nas suas atividades por causa da pandemia do COVID-19, por\u00e9m no final do ano de 2020 e no in\u00edcio do ano de 2021 o TEIA participou do programa de monitoria digital ofertado pela CIPEAD\/PROGRAD, o qual desenvolveu algumas atividades junto \u00e0 comunidade interna. Atualmente, o Teia conta com 5 servidores trabalhando em suas atividades.<\/p>\n<p style=\"text-align: justify\">O trabalho do TEIA est\u00e1 na fase de estrutura\u00e7\u00e3o tanto das suas a\u00e7\u00f5es como do seu espa\u00e7o. Neste sentido, estamos desenvolvendo esfor\u00e7os mentais e laborais para a caracteriza\u00e7\u00e3o e consolida\u00e7\u00e3o do TEIA como uma unidade de refer\u00eancia no ensino por meio de tecnologias digitais dentro do <em>Campus<\/em> Avan\u00e7ado da UFPR em Jandaia do Sul.<\/p>\n<p>&nbsp;<\/p>\n<p><strong>ATIVIDADES EM DESENVOLVIMENTO<\/strong><\/p>\n<hr \/>\n<ul>\n<li>\n<p style=\"text-align: justify\">Formula\u00e7\u00e3o de uma pesquisa sobre o uso de tecnologias digitais nas atividades de ensino, pesquisa e extens\u00e3o, dispon\u00edvel na plataforma Microsoft TEAMS, segue o link de acesso: <a href=\"https:\/\/forms.office.com\/Pages\/ResponsePage.aspx?id=ozd7w-Lp-UK8Z0ubc44d8KQANSd07d5JhY_cB3jjsmFUNkRXM0FCN0owVEk0MldQRVA5WTlCQ1U0RyQlQCN0PWcu\" target=\"_blank\" rel=\"noopener\">https:\/\/forms.office.com\/Pages\/ResponsePage.aspx?id=ozd7w-Lp-UK8Z0ubc44d8KQANSd07d5JhY_cB3jjsmFUNkRXM0FCN0owVEk0MldQRVA5WTlCQ1U0RyQlQCN0PWcu<\/a><\/p>\n<\/li>\n<li style=\"text-align: justify\">Desenvolvimento de um minicurso &#8220;<em>Slides que encantam: princ\u00edpios de design para apresenta\u00e7\u00f5es did\u00e1ticas<\/em>&#8220;, que abordar\u00e1 fun\u00e7\u00f5es b\u00e1sicas de design em apresenta\u00e7\u00f5es did\u00e1ticas.<\/li>\n<li style=\"text-align: justify\">Desenvolvimento de materiais did\u00e1ticos e de apoio para a realiza\u00e7\u00e3o de uma oficina de edi\u00e7\u00e3o de v\u00eddeo em celulares com o aplicativo In shot.<\/li>\n<li style=\"text-align: justify\">Desenvolvimento de materiais did\u00e1ticos e de apoio para a realiza\u00e7\u00e3o de um curso de extens\u00e3o sobre Excel a n\u00edvel b\u00e1sico \u201cD\u00ea um upgrade, planilhe!\u201d.<\/li>\n<li style=\"text-align: justify\">Desenvolvimento de materiais did\u00e1ticos e de apoio para a realiza\u00e7\u00e3o de um curso sobre avalia\u00e7\u00e3o com Question\u00e1rios no UFPR Virtual.<\/li>\n<li style=\"text-align: justify\">Estrutura\u00e7\u00e3o do espa\u00e7o do NTE-TEIA: planejamento do espa\u00e7o, levantamento de equipamentos e softwares e aquisi\u00e7\u00e3o de equipamentos.<\/li>\n<li style=\"text-align: justify\">Cria\u00e7\u00e3o da Identidade Visual do NTE-TEIA e material de papelaria por meio da Imprensa da UFPR.<\/li>\n<li style=\"text-align: justify\">Cria\u00e7\u00e3o de um banco de informa\u00e7\u00f5es sobre softwares cria\u00e7\u00e3o de um banco de informa\u00e7\u00f5es sobre softwares, aplicativos, podcasts, e-books e outros que possam auxiliar os professores, pesquisadores, extensionistas e gestores em suas atividades.<\/li>\n<li>\n<p style=\"text-align: justify\">Apoio ao curso de Engenharia de Alimentos nas bancas de TCC- 2020.<\/p>\n<\/li>\n<\/ul>\n<p>&nbsp;<\/p>\n<p><strong>OBJETIVOS DA MONITORIA PEDAG\u00d3GICA DIGITAL &#8211; 2021<\/strong><\/p>\n<hr \/>\n<ol>\n<li>\n<p style=\"text-align: justify\">Desenvolver o site do TEIA<\/p>\n<\/li>\n<li style=\"text-align: justify\">Contribuir no inventario dos softwares e hardwares que comp\u00f5e o patrim\u00f4nio do NTE.<\/li>\n<li style=\"text-align: justify\">Colaborar na cria\u00e7\u00e3o de um banco de informa\u00e7\u00f5es sobre softwares, aplicativos, podcasts, e-books e outros que possam auxiliar os professores, pesquisadores, extensionistas e gestores em suas atividades.<\/li>\n<li style=\"text-align: justify\">Ofertar monitoria digital a comunidade do Campus.<\/li>\n<li style=\"text-align: justify\">Colaborar na elabora\u00e7\u00e3o e execu\u00e7\u00e3o de oficinas do TEIA.<\/li>\n<li>\n<p style=\"text-align: justify\">Colaborar na elabora\u00e7\u00e3o e execu\u00e7\u00e3o de cursos de extens\u00e3o de pequena dura\u00e7\u00e3o ofertados pelo TEIA.<\/p>\n<\/li>\n<\/ol>\n<p>&nbsp;<\/p>\n<p><strong>CONTATO:<\/strong><\/p>\n<hr \/>\n<p>e-mail: <a href=\"mailto:teia@ufpr.br\" target=\"_blank\" rel=\"noopener\">teia@ufpr.br<\/a><\/p>\n<p>Equipe no TEAMS:<a href=\"https:\/\/teams.microsoft.com\/l\/team\/19%3a0b2c6a6b9436420cb8ae414d6c614f84%40thread.tacv2\/conversations?groupId=273500a4-ed74-49de-858f-dc0778e3b261&amp;tenantId=c37b37a3-e9e2-42f9-bc67-4b9b738e1df0\" target=\"_blank\" rel=\"noopener\">NTE -Teia<\/a><\/p>\n<p><strong>\u00a0<\/strong><\/p>\n<p><strong>EQUIPE<\/strong><\/p>\n<hr \/>\n<p><strong>Coordenador:<\/strong><\/p>\n<p><em>Prof. Dr. William Junior do Nascimento\u00a0 <a href=\"http:\/\/lattes.cnpq.br\/7828555676207514\" target=\"_blank\" rel=\"noopener\"><u>LATTES<\/u><\/a><\/em><\/p>\n<p>&nbsp;<\/p>\n<p><strong>Colaboradores:<\/strong><\/p>\n<p><em>Tec. Diego Cristian Lemes Chemin <a href=\"http:\/\/lattes.cnpq.br\/9221214213097854\" target=\"_blank\" rel=\"noopener\"><u>LATTES<\/u><\/a><\/em><\/p>\n<p><em>Prof. Dr. Marcelo Val\u00e9rio <a href=\"\/\/lattes.cnpq.br\/9105695743722158\" target=\"_blank\" rel=\"noopener\"><u>LATTES<\/u><\/a><\/em><\/p>\n<p><em>Prof. Dr. Raimundo Alberto Tostes <a href=\"http:\/\/lattes.cnpq.br\/7269348441015628\" target=\"_blank\" rel=\"noopener\"><u>LATTES<\/u><\/a><\/em><\/p>\n<p><em>Prof. Dr. Rogerio Ferreira da Silva <a href=\"http:\/\/lattes.cnpq.br\/1569608737708135\" target=\"_blank\" rel=\"noopener\"><u>LATTES<\/u><\/a><\/em><\/p>\n<p><em>\u00a0<\/em><\/p>\n<p><strong>Monitoras digitais<\/strong><\/p>\n<p><em>Ariane Welke Pinto <a href=\"http:\/\/lattes.cnpq.br\/5309863053675310\" target=\"_blank\" rel=\"noopener\"><u>LATTES<\/u><\/a><\/em><\/p>\n<p><em>Nicoly Schermer <u>LATTES<\/u><\/em><\/p>\n<p><strong>\u00a0<\/strong><\/p>\n<p><strong>APOIO<\/strong><\/p>\n<p><img decoding=\"async\" class=\" wp-image-14005 alignleft\" src=\"https:\/\/jandaiadosul.ufpr.br\/wp-content\/uploads\/2021\/07\/unnamed-300x148.png\" alt=\"\" width=\"202\" height=\"100\" \/><img decoding=\"async\" class=\" wp-image-14004 alignleft\" src=\"https:\/\/jandaiadosul.ufpr.br\/wp-content\/uploads\/2021\/07\/unnamed-1-300x127.png\" alt=\"\" width=\"215\" height=\"91\" \/><img loading=\"lazy\" decoding=\"async\" class=\"wp-image-14006 alignleft\" src=\"https:\/\/jandaiadosul.ufpr.br\/wp-content\/uploads\/2021\/07\/download-300x117.png\" alt=\"\" width=\"238\" height=\"93\" \/><\/p>\n","protected":false},"excerpt":{"rendered":"<p>DEFINI\u00c7\u00c3O NTE \u00a0Os N\u00facleos de Tecnologias Educacionais (NTEs) constituem espa\u00e7os destinados a favorecer a inser\u00e7\u00e3o da Educa\u00e7\u00e3o H\u00edbrida e da EaD nos diversos setores da [&hellip;]<\/p>\n","protected":false},"author":11,"featured_media":0,"parent":0,"menu_order":0,"comment_status":"closed","ping_status":"open","template":"","meta":{"_acf_changed":false,"footnotes":""},"class_list":["post-2","page","type-page","status-publish","hentry"],"acf":[],"_links":{"self":[{"href":"https:\/\/jandaiadosul.ufpr.br\/nteja\/wp-json\/wp\/v2\/pages\/2","targetHints":{"allow":["GET"]}}],"collection":[{"href":"https:\/\/jandaiadosul.ufpr.br\/nteja\/wp-json\/wp\/v2\/pages"}],"about":[{"href":"https:\/\/jandaiadosul.ufpr.br\/nteja\/wp-json\/wp\/v2\/types\/page"}],"author":[{"embeddable":true,"href":"https:\/\/jandaiadosul.ufpr.br\/nteja\/wp-json\/wp\/v2\/users\/11"}],"replies":[{"embeddable":true,"href":"https:\/\/jandaiadosul.ufpr.br\/nteja\/wp-json\/wp\/v2\/comments?post=2"}],"version-history":[{"count":5,"href":"https:\/\/jandaiadosul.ufpr.br\/nteja\/wp-json\/wp\/v2\/pages\/2\/revisions"}],"predecessor-version":[{"id":15,"href":"https:\/\/jandaiadosul.ufpr.br\/nteja\/wp-json\/wp\/v2\/pages\/2\/revisions\/15"}],"wp:attachment":[{"href":"https:\/\/jandaiadosul.ufpr.br\/nteja\/wp-json\/wp\/v2\/media?parent=2"}],"curies":[{"name":"wp","href":"https:\/\/api.w.org\/{rel}","templated":true}]}}