{"id":1943,"date":"2026-08-31T23:16:01","date_gmt":"2026-09-01T02:16:01","guid":{"rendered":"https:\/\/jandaiadosul.ufpr.br\/lce\/?page_id=1943"},"modified":"2026-09-01T00:34:10","modified_gmt":"2026-09-01T03:34:10","slug":"pessoas-comissoes","status":"publish","type":"page","link":"https:\/\/jandaiadosul.ufpr.br\/lce\/pessoas-comissoes\/","title":{"rendered":"Pessoas e Comiss\u00f5es"},"content":{"rendered":"\n<h3 class=\"wp-block-heading\">Coordena\u00e7\u00e3o 2026\/2028<\/h3>\n\n\n\n<div class=\"wp-block-columns is-layout-flex wp-container-core-columns-is-layout-8f761849 wp-block-columns-is-layout-flex\">\n<div class=\"wp-block-column is-layout-flow wp-block-column-is-layout-flow\"><div class=\"wp-block-image is-style-rounded\">\n<figure class=\"aligncenter size-large is-resized\"><img decoding=\"async\" src=\"https:\/\/servicosweb.cnpq.br\/wspessoa\/servletrecuperafoto?tipo=1&amp;id=K4130513T1\" alt=\"Coordenador: Prof. Carlos Galv\u00e3o\" style=\"aspect-ratio:1;object-fit:cover;object-position:0% 50%;width:150px\" \/><\/figure>\n<\/div>\n\n\n<p class=\"has-text-align-center wp-block-paragraph\">Prof. Carlos Eurico Galv\u00e3o Rosa<\/p>\n\n\n\n<p class=\"has-text-align-center wp-block-paragraph\"><a href=\"mailto:cegalvao@ufpr.br\">\ud83d\udce7cegalvao@ufpr.br<\/a><\/p>\n\n\n\n<p class=\"has-text-align-center wp-block-paragraph\"><a href=\"http:\/\/lattes.cnpq.br\/9122233271968135\"><img decoding=\"async\" src=\"https:\/\/buscatextual.cnpq.br\/buscatextual\/images\/titulo-sistema.png\" alt=\"Lattes\"><\/a><\/p>\n<\/div>\n\n\n\n<div class=\"wp-block-column is-layout-flow wp-block-column-is-layout-flow\"><div class=\"wp-block-image is-style-rounded\">\n<figure class=\"aligncenter size-large is-resized\"><img decoding=\"async\" src=\"https:\/\/servicosweb.cnpq.br\/wspessoa\/servletrecuperafoto?tipo=1&amp;id=K4123429P3\" alt=\"Vice Coordenadora: Profa. Gisele Philippsen\" style=\"aspect-ratio:1;object-fit:cover;object-position:0% 100%;width:150px\" \/><\/figure>\n<\/div>\n\n\n<p class=\"has-text-align-center wp-block-paragraph\">Profa. Gisele Strieder Philippsen<\/p>\n\n\n\n<p class=\"has-text-align-center wp-block-paragraph\"><a href=\"mailto:gistrieder@ufpr.br\">\ud83d\udce7<\/a> <a href=\"mailto:gistrieder@ufpr.br\">gistrieder@ufpr.br<\/a><\/p>\n\n\n\n<p class=\"has-text-align-center wp-block-paragraph\"><a href=\"http:\/\/lattes.cnpq.br\/1442217384318105\"><img decoding=\"async\" src=\"https:\/\/buscatextual.cnpq.br\/buscatextual\/images\/titulo-sistema.png\" alt=\"Lattes\"><\/a><\/p>\n<\/div>\n<\/div>\n\n\n\n<h3 id=\"colegiado\" class=\"wp-block-heading\">Membros do Colegiado<\/h3>\n\n\n\n<p class=\"has-text-align-center wp-block-paragraph\"><a href=\"http:\/\/jandaiadosul.ufpr.br\/lce\/wp-content\/uploads\/sites\/22\/2026\/08\/SEI_8912234_Portaria_34.pdf\" target=\"_blank\" rel=\"noreferrer noopener nofollow\">\ud83d\udcc3Portaria 34\/2026 de 03 de junho de 2026<\/a><\/p>\n\n\n\n<h4 class=\"wp-block-heading\">Docentes<\/h4>\n\n\n\n<div class=\"wp-block-columns is-layout-flex wp-container-core-columns-is-layout-8f761849 wp-block-columns-is-layout-flex\">\n<div class=\"wp-block-column is-layout-flow wp-block-column-is-layout-flow\"><div class=\"wp-block-image is-style-rounded\">\n<figure class=\"aligncenter size-large is-resized\"><img decoding=\"async\" src=\"https:\/\/servicosweb.cnpq.br\/wspessoa\/servletrecuperafoto?tipo=1&amp;id=K4258745P3\" alt=\"\" style=\"aspect-ratio:1;object-fit:cover;object-position:50% 50%;width:100px\" \/><\/figure>\n<\/div>\n\n\n<p class=\"has-text-align-center wp-block-paragraph\">Profa. Ana Cl\u00e1udia Nogueira Mulati <\/p>\n\n\n\n<p class=\"has-text-align-center wp-block-paragraph\"><a href=\"http:\/\/lattes.cnpq.br\/1257932606332441\"><img decoding=\"async\" src=\"https:\/\/buscatextual.cnpq.br\/buscatextual\/images\/titulo-sistema.png\" alt=\"Lattes\"><\/a><\/p>\n<\/div>\n\n\n\n<div class=\"wp-block-column is-layout-flow wp-block-column-is-layout-flow\"><div class=\"wp-block-image is-style-rounded\">\n<figure class=\"aligncenter size-large is-resized\"><img decoding=\"async\" src=\"https:\/\/servicosweb.cnpq.br\/wspessoa\/servletrecuperafoto?tipo=1&amp;id=K4434746D1\" alt=\"\" style=\"aspect-ratio:1;object-fit:cover;object-position:50% 50%;width:100px\" \/><\/figure>\n<\/div>\n\n\n<p class=\"has-text-align-center wp-block-paragraph\">Prof. Douglas Soares de Oliveira <\/p>\n\n\n\n<p class=\"has-text-align-center wp-block-paragraph\"><a href=\"http:\/\/lattes.cnpq.br\/9417950264525605\"><img decoding=\"async\" src=\"https:\/\/buscatextual.cnpq.br\/buscatextual\/images\/titulo-sistema.png\" alt=\"Lattes\"><\/a><\/p>\n<\/div>\n\n\n\n<div class=\"wp-block-column is-layout-flow wp-block-column-is-layout-flow\"><div class=\"wp-block-image is-style-rounded\">\n<figure class=\"aligncenter size-large is-resized\"><img decoding=\"async\" src=\"https:\/\/servicosweb.cnpq.br\/wspessoa\/servletrecuperafoto?tipo=1&amp;id=K4772305U4\" alt=\"\" style=\"aspect-ratio:1;object-fit:cover;object-position:50% 50%;width:100px\" \/><\/figure>\n<\/div>\n\n\n<p class=\"has-text-align-center wp-block-paragraph\">Profa. Herc\u00edlia Alves Pereira de Carvalho<\/p>\n\n\n\n<p class=\"has-text-align-center wp-block-paragraph\"><a href=\"http:\/\/lattes.cnpq.br\/6902808363799194\"><img decoding=\"async\" src=\"https:\/\/buscatextual.cnpq.br\/buscatextual\/images\/titulo-sistema.png\" alt=\"Lattes\"><\/a><\/p>\n<\/div>\n\n\n\n<div class=\"wp-block-column is-layout-flow wp-block-column-is-layout-flow\"><div class=\"wp-block-image is-style-rounded\">\n<figure class=\"aligncenter size-large is-resized\"><img decoding=\"async\" src=\"https:\/\/servicosweb.cnpq.br\/wspessoa\/servletrecuperafoto?tipo=1&amp;id=K4704989Z6\" alt=\"\" style=\"aspect-ratio:1;object-fit:cover;object-position:50% 50%;width:100px\" \/><\/figure>\n<\/div>\n\n\n<p class=\"has-text-align-center wp-block-paragraph\">Prof. Jair da Silva<\/p>\n\n\n\n<p class=\"has-text-align-center wp-block-paragraph\"><a href=\"http:\/\/lattes.cnpq.br\/6057223994269998\"><img decoding=\"async\" src=\"https:\/\/buscatextual.cnpq.br\/buscatextual\/images\/titulo-sistema.png\" alt=\"Lattes\"><\/a><\/p>\n<\/div>\n\n\n\n<div class=\"wp-block-column is-layout-flow wp-block-column-is-layout-flow\"><div class=\"wp-block-image is-style-rounded\">\n<figure class=\"aligncenter size-large is-resized\"><img decoding=\"async\" src=\"https:\/\/servicosweb.cnpq.br\/wspessoa\/servletrecuperafoto?tipo=1&amp;id=K4736895A2\" alt=\"\" style=\"aspect-ratio:1;object-fit:cover;object-position:50% 50%;width:100px\" \/><\/figure>\n<\/div>\n\n\n<p class=\"has-text-align-center wp-block-paragraph\">Profa. Leticia Saragiotto Colpini<\/p>\n\n\n\n<p class=\"has-text-align-center wp-block-paragraph\"><a href=\"http:\/\/lattes.cnpq.br\/1503906633383666\"><img decoding=\"async\" src=\"https:\/\/buscatextual.cnpq.br\/buscatextual\/images\/titulo-sistema.png\" alt=\"Lattes\"><\/a><\/p>\n<\/div>\n<\/div>\n\n\n\n<div class=\"wp-block-columns is-layout-flex wp-container-core-columns-is-layout-8f761849 wp-block-columns-is-layout-flex\">\n<div class=\"wp-block-column is-layout-flow wp-block-column-is-layout-flow\"><div class=\"wp-block-image is-style-rounded\">\n<figure class=\"aligncenter size-large is-resized\"><img decoding=\"async\" src=\"https:\/\/servicosweb.cnpq.br\/wspessoa\/servletrecuperafoto?tipo=1&amp;id=K4387647D3\" alt=\"\" style=\"aspect-ratio:1;object-fit:cover;object-position:50% 50%;width:100px\" \/><\/figure>\n<\/div>\n\n\n<p class=\"has-text-align-center wp-block-paragraph\">Profa. Paola Beatriz Sanches<\/p>\n\n\n\n<p class=\"has-text-align-center wp-block-paragraph\"><a href=\"http:\/\/lattes.cnpq.br\/5719782145818424\"><img decoding=\"async\" src=\"https:\/\/buscatextual.cnpq.br\/buscatextual\/images\/titulo-sistema.png\" alt=\"Lattes\"><\/a><\/p>\n<\/div>\n\n\n\n<div class=\"wp-block-column is-layout-flow wp-block-column-is-layout-flow\"><div class=\"wp-block-image is-style-rounded\">\n<figure class=\"aligncenter size-large is-resized\"><img decoding=\"async\" src=\"https:\/\/servicosweb.cnpq.br\/wspessoa\/servletrecuperafoto?tipo=1&amp;id=K4773826T7\" alt=\"\" style=\"aspect-ratio:1;object-fit:cover;object-position:50% 50%;width:100px\" \/><\/figure>\n<\/div>\n\n\n<p class=\"has-text-align-center wp-block-paragraph\">Prof. Raimundo Alberto Tostes<\/p>\n\n\n\n<p class=\"has-text-align-center wp-block-paragraph\"><a href=\"http:\/\/lattes.cnpq.br\/7269348441015628\"><img decoding=\"async\" src=\"https:\/\/buscatextual.cnpq.br\/buscatextual\/images\/titulo-sistema.png\" alt=\"Lattes\"><\/a><\/p>\n<\/div>\n\n\n\n<div class=\"wp-block-column is-layout-flow wp-block-column-is-layout-flow\"><div class=\"wp-block-image is-style-rounded\">\n<figure class=\"aligncenter size-large is-resized\"><img decoding=\"async\" src=\"https:\/\/servicosweb.cnpq.br\/wspessoa\/servletrecuperafoto?tipo=1&amp;id=K4757196J5\" alt=\"\" style=\"aspect-ratio:1;object-fit:cover;object-position:50% 50%;width:100px\" \/><\/figure>\n<\/div>\n\n\n<p class=\"has-text-align-center wp-block-paragraph\">Profa. Valqu\u00edria de Moraes Silva Ribeiro<\/p>\n\n\n\n<p class=\"has-text-align-center wp-block-paragraph\"><a href=\"http:\/\/lattes.cnpq.br\/5853558809715988\"><img decoding=\"async\" src=\"https:\/\/buscatextual.cnpq.br\/buscatextual\/images\/titulo-sistema.png\" alt=\"Lattes\"><\/a><\/p>\n<\/div>\n\n\n\n<div class=\"wp-block-column is-layout-flow wp-block-column-is-layout-flow\"><div class=\"wp-block-image is-style-rounded\">\n<figure class=\"aligncenter size-large is-resized\"><img decoding=\"async\" src=\"https:\/\/servicosweb.cnpq.br\/wspessoa\/servletrecuperafoto?tipo=1&amp;id=K4256327J2\" alt=\"\" style=\"aspect-ratio:1;object-fit:cover;object-position:50% 50%;width:100px\" \/><\/figure>\n<\/div>\n\n\n<p class=\"has-text-align-center wp-block-paragraph\">Prof. William Junior do Nascimento<\/p>\n\n\n\n<p class=\"has-text-align-center wp-block-paragraph\"><a href=\"http:\/\/lattes.cnpq.br\/7828555676207514\"><img decoding=\"async\" src=\"https:\/\/buscatextual.cnpq.br\/buscatextual\/images\/titulo-sistema.png\" alt=\"Lattes\"><\/a><\/p>\n<\/div>\n\n\n\n<div class=\"wp-block-column is-layout-flow wp-block-column-is-layout-flow\">\n<p class=\"has-text-align-center wp-block-paragraph\">&nbsp;<\/p>\n<\/div>\n<\/div>\n\n\n\n<h4 id=\"RepresentacaoTAEs\" class=\"wp-block-heading\">Representa\u00e7\u00e3o TAEs<\/h4>\n\n\n\n<div class=\"wp-block-columns is-layout-flex wp-container-core-columns-is-layout-8f761849 wp-block-columns-is-layout-flex\">\n<div class=\"wp-block-column is-layout-flow wp-block-column-is-layout-flow\">\n<h5 class=\"wp-block-heading has-text-align-center\">Titular<\/h5>\n\n\n<div class=\"wp-block-image is-style-rounded\">\n<figure class=\"aligncenter size-large is-resized\"><img decoding=\"async\" src=\"https:\/\/servicosweb.cnpq.br\/wspessoa\/servletrecuperafoto?tipo=1&amp;id=K4260191T6\" alt=\"\" style=\"aspect-ratio:1;object-fit:cover;object-position:50% 50%;width:100px\" \/><\/figure>\n<\/div>\n\n\n<p class=\"has-text-align-center wp-block-paragraph\">Fl\u00e1vio Franchello<\/p>\n\n\n\n<p class=\"has-text-align-center wp-block-paragraph\"><a href=\"http:\/\/lattes.cnpq.br\/2004172740390526\"><img decoding=\"async\" src=\"https:\/\/buscatextual.cnpq.br\/buscatextual\/images\/titulo-sistema.png\" alt=\"Lattes\"><\/a><\/p>\n<\/div>\n\n\n\n<div class=\"wp-block-column is-layout-flow wp-block-column-is-layout-flow\">\n<h5 class=\"wp-block-heading has-text-align-center\">Suplente<\/h5>\n\n\n<div class=\"wp-block-image is-style-rounded\">\n<figure class=\"aligncenter size-large is-resized\"><img decoding=\"async\" src=\"https:\/\/servicosweb.cnpq.br\/wspessoa\/servletrecuperafoto?tipo=1&amp;id=K2426570T3\" alt=\"\" style=\"aspect-ratio:1;object-fit:cover;object-position:50% 50%;width:100px\" \/><\/figure>\n<\/div>\n\n\n<p class=\"has-text-align-center wp-block-paragraph\">Keury Aparecida Sestari Pereira<\/p>\n\n\n\n<p class=\"has-text-align-center wp-block-paragraph\"><a href=\"http:\/\/lattes.cnpq.br\/4809254849201192\"><img decoding=\"async\" src=\"https:\/\/buscatextual.cnpq.br\/buscatextual\/images\/titulo-sistema.png\" alt=\"Lattes\"><\/a><\/p>\n<\/div>\n<\/div>\n\n\n\n<h4 id=\"RepresentacaoDiscente\" class=\"wp-block-heading\">Representa\u00e7\u00e3o Discente<\/h4>\n\n\n\n<div class=\"wp-block-columns is-layout-flex wp-container-core-columns-is-layout-8f761849 wp-block-columns-is-layout-flex\">\n<div class=\"wp-block-column is-layout-flow wp-block-column-is-layout-flow\">\n<h5 class=\"wp-block-heading has-text-align-center\">Titular<\/h5>\n\n\n<div class=\"wp-block-image is-style-rounded\">\n<figure class=\"aligncenter size-large is-resized\"><img decoding=\"async\" src=\"https:\/\/servicosweb.cnpq.br\/wspessoa\/servletrecuperafoto?tipo=1&amp;id=K1268935U8\" alt=\"\" style=\"aspect-ratio:1;object-fit:cover;object-position:50% 50%;width:100px\" \/><\/figure>\n<\/div>\n\n\n<p class=\"has-text-align-center wp-block-paragraph\">Deivisom Lucas Campos Sanches<\/p>\n\n\n\n<p class=\"has-text-align-center wp-block-paragraph\"><a href=\"http:\/\/lattes.cnpq.br\/3479494511318391\"><img decoding=\"async\" src=\"https:\/\/buscatextual.cnpq.br\/buscatextual\/images\/titulo-sistema.png\" alt=\"Lattes\"><\/a><\/p>\n<\/div>\n\n\n\n<div class=\"wp-block-column is-layout-flow wp-block-column-is-layout-flow\">\n<h5 class=\"wp-block-heading has-text-align-center\">Suplente<\/h5>\n\n\n<div class=\"wp-block-image is-style-rounded\">\n<figure class=\"aligncenter size-large is-resized\"><img decoding=\"async\" src=\"https:\/\/servicosweb.cnpq.br\/wspessoa\/servletrecuperafoto?tipo=1&amp;id=K1565591U2\" alt=\"\" style=\"aspect-ratio:1;object-fit:cover;object-position:50% 50%;width:100px\" \/><\/figure>\n<\/div>\n\n\n<p class=\"has-text-align-center wp-block-paragraph\">Daniel Ortega Marques<\/p>\n\n\n\n<p class=\"has-text-align-center wp-block-paragraph\"><a href=\"http:\/\/lattes.cnpq.br\/7373173983569894\"><img decoding=\"async\" src=\"https:\/\/buscatextual.cnpq.br\/buscatextual\/images\/titulo-sistema.png\" alt=\"Lattes\"><\/a><\/p>\n<\/div>\n<\/div>\n\n\n\n<h3 class=\"wp-block-heading\">Comiss\u00f5es e N\u00facleos<\/h3>\n\n\n\n<ul class=\"wp-block-list\">\n<li>NDE &#8211; N\u00facleo Docente Estruturante\n<ul class=\"wp-block-list\">\n<li><a href=\"http:\/\/jandaiadosul.ufpr.br\/lce\/wp-content\/uploads\/sites\/22\/2026\/08\/SEI_9131793_Portaria_56_NDE2026.pdf\" target=\"_blank\" rel=\"noreferrer noopener\">Portaria<\/a><\/li>\n\n\n\n<li><a href=\"https:\/\/jandaiadosul.ufpr.br\/wp-content\/uploads\/2016\/05\/Resolucao-01-2015-Regimento-NDE-Exatas.pdf\" target=\"_blank\" rel=\"noreferrer noopener\">Regimento<\/a><\/li>\n<\/ul>\n<\/li>\n\n\n\n<li>COE &#8211; Comiss\u00e3o Orientadora de Est\u00e1gio\n<ul class=\"wp-block-list\">\n<li><a href=\"http:\/\/jandaiadosul.ufpr.br\/lce\/wp-content\/uploads\/sites\/22\/2026\/08\/SEI_8916624_Portaria_37_COE2026.pdf\" target=\"_blank\" rel=\"noreferrer noopener\">Portaria<\/a><\/li>\n\n\n\n<li><a href=\"http:\/\/jandaiadosul.ufpr.br\/lce\/wp-content\/uploads\/sites\/22\/2023\/03\/regulamento_efp_2023.pdf\" target=\"_blank\" rel=\"noreferrer noopener\">Regulamento<\/a><\/li>\n<\/ul>\n<\/li>\n\n\n\n<li>CAAF &#8211; Comiss\u00e3o de Avalia\u00e7\u00e3o das Atividades Formativas\n<ul class=\"wp-block-list\">\n<li><a href=\"http:\/\/jandaiadosul.ufpr.br\/lce\/wp-content\/uploads\/sites\/22\/2026\/08\/SEI_8916656_Portaria_38_AtividadesFormativas2026.pdf\" target=\"_blank\" rel=\"noreferrer noopener\">Portaria<\/a><\/li>\n\n\n\n<li>Regulamentos: <a href=\"http:\/\/jandaiadosul.ufpr.br\/lce\/wp-content\/uploads\/sites\/22\/2026\/08\/RegulamentoATFsLCE_PPC2016.pdf\" target=\"_blank\" rel=\"noreferrer noopener\">PPC 2016<\/a> <a href=\"http:\/\/jandaiadosul.ufpr.br\/lce\/wp-content\/uploads\/sites\/22\/2026\/08\/RegulamentoATFsLCE_PPC2023.pdf\" target=\"_blank\" rel=\"noreferrer noopener\">PPC 2023<\/a><\/li>\n<\/ul>\n<\/li>\n\n\n\n<li>CAE &#8211; Comiss\u00e3o de Atividades Extensionistas\n<ul class=\"wp-block-list\">\n<li><a href=\"http:\/\/jandaiadosul.ufpr.br\/lce\/wp-content\/uploads\/sites\/22\/2026\/08\/SEI_8916263_Portaria_35_AtividadesExtensionistas.pdf\" target=\"_blank\" rel=\"noreferrer noopener\">Portaria<\/a><\/li>\n\n\n\n<li><a href=\"http:\/\/jandaiadosul.ufpr.br\/lce\/wp-content\/uploads\/sites\/22\/2023\/03\/regulamento_aces_2023.pdf\" target=\"_blank\" rel=\"noreferrer noopener\">Regulamento<\/a><\/li>\n<\/ul>\n<\/li>\n\n\n\n<li>TCC &#8211; Trabalho de Conclus\u00e3o de Curso (exclusivo PPC 2016)\n<ul class=\"wp-block-list\">\n<li><a href=\"https:\/\/jandaiadosul.ufpr.br\/wp-content\/uploads\/2015\/11\/Regulamento_TCC_Exatas-Atualizado.pdf\" target=\"_blank\" rel=\"noreferrer noopener\">Regulamento<\/a><\/li>\n<\/ul>\n<\/li>\n<\/ul>\n\n\n\n<h3 id=\"OrientacaoAcademica\" class=\"wp-block-heading\">Orientadores Acad\u00eamicos<\/h3>\n\n\n\n<p class=\"wp-block-paragraph\">O Programa de Orienta\u00e7\u00e3o Acad\u00eamica (POA) visa orientar estudantes em sua trajet\u00f3ria acad\u00eamica (tirar d\u00favidas e criar solu\u00e7\u00f5es para superar os obst\u00e1culos). Na LCE, cada turma tem uma pessoa docente orientadora que o acompanha.\nPara saber mais, acesse o <a href=\"https:\/\/jandaiadosul.ufpr.br\/wp-content\/uploads\/2016\/12\/Regulamento-da-Orienta%C3%A7%C3%A3o-Acad%C3%AAmica-Ci%C3%AAncias-Exatas-Adequa%C3%A7%C3%A3o-a-Res.-95A-15-CEPE.pdf\" target=\"_blank\" rel=\"noreferrer noopener nofollow\">regulamento de Orienta\u00e7\u00e3o Acad\u00eamica<\/a>.<\/p>\n\n\n\n<ul class=\"wp-block-list\">\n<li>Turma 2018 &#8211; Profa. Janete de Paula Ferrareze Silva (<a href=\"mailto:janete.ferrareze@ufpr.br\">janete.ferrareze@ufpr.br<\/a>)<\/li>\n\n\n\n<li>Turma 2019 &#8211; Prof. Douglas Soares de Oliveira (<a href=\"mailto:douglas.oliveira@ufpr.br\">douglas.oliveira@ufpr.br<\/a>)<\/li>\n\n\n\n<li>Turma 2020 &#8211; Profa. Valqu\u00edria de Moraes Silva Ribeiro (<a href=\"mailto:valquiriademoraes@ufpr.br\">valquiriademoraes@ufpr.br<\/a>)<\/li>\n\n\n\n<li>Turma 2021 &#8211; Prof. William Junior do Nascimento (<a href=\"mailto:williamjn@ufpr.br\">williamjn@ufpr.br<\/a>)<\/li>\n\n\n\n<li>Turma 2022 &#8211; Profa. Leticia Saragiotto Colpini (<a href=\"mailto:leticia.colpini@ufpr.br\">leticia.colpini@ufpr.br<\/a>)<\/li>\n\n\n\n<li>Turma 2023 &#8211; Prof .Carlos Eurico Galv\u00e3o Rosa (<a href=\"mailto:cegalvao@ufpr.br\">cegalvao@ufpr.br<\/a>)<\/li>\n\n\n\n<li>Turma 2024 &#8211; Profa. B\u00e1rbara C\u00e2ndido Braz (<a href=\"mailto:barbarabraz@ufpr.br\">barbarabraz@ufpr.br<\/a>) [Profa. Gisele Strieder Philippsen durante o afastamento da Profa. B\u00e1rbara 08-2026 a 07-2027]<\/li>\n\n\n\n<li>Turma 2025 &#8211; Profa. Paola Beatriz Sanches (<a href=\"mailto:paola.sanches@ufpr.br\">paola.sanches@ufpr.br<\/a>)<\/li>\n\n\n\n<li>Turma 2026 &#8211; Profa. Ana Cl\u00e1udia Nogueira Mulati (<a href=\"mailto:anacnogueira@ufpr.br\">anacnogueira@ufpr.br<\/a>)<\/li>\n<\/ul>\n\n\n\n<p class=\"wp-block-paragraph\"><\/p>\n","protected":false},"excerpt":{"rendered":"<p>Coordena\u00e7\u00e3o 2026\/2028 Prof. Carlos Eurico Galv\u00e3o Rosa \ud83d\udce7cegalvao@ufpr.br Profa. Gisele Strieder Philippsen \ud83d\udce7 gistrieder@ufpr.br Membros do Colegiado \ud83d\udcc3Portaria 34\/2026 de 03 de junho de 2026 Docentes Profa. Ana Cl\u00e1udia Nogueira Mulati Prof. Douglas Soares de Oliveira Profa. Herc\u00edlia Alves Pereira de Carvalho Prof. Jair da Silva Profa. Leticia Saragiotto Colpini Profa. Paola Beatriz Sanches Prof. [&hellip;]<\/p>\n","protected":false},"author":3660,"featured_media":0,"parent":0,"menu_order":0,"comment_status":"closed","ping_status":"closed","template":"","meta":{"_acf_changed":false,"footnotes":""},"class_list":["post-1943","page","type-page","status-publish","hentry"],"acf":[],"_links":{"self":[{"href":"https:\/\/jandaiadosul.ufpr.br\/lce\/wp-json\/wp\/v2\/pages\/1943","targetHints":{"allow":["GET"]}}],"collection":[{"href":"https:\/\/jandaiadosul.ufpr.br\/lce\/wp-json\/wp\/v2\/pages"}],"about":[{"href":"https:\/\/jandaiadosul.ufpr.br\/lce\/wp-json\/wp\/v2\/types\/page"}],"author":[{"embeddable":true,"href":"https:\/\/jandaiadosul.ufpr.br\/lce\/wp-json\/wp\/v2\/users\/3660"}],"replies":[{"embeddable":true,"href":"https:\/\/jandaiadosul.ufpr.br\/lce\/wp-json\/wp\/v2\/comments?post=1943"}],"version-history":[{"count":29,"href":"https:\/\/jandaiadosul.ufpr.br\/lce\/wp-json\/wp\/v2\/pages\/1943\/revisions"}],"predecessor-version":[{"id":2183,"href":"https:\/\/jandaiadosul.ufpr.br\/lce\/wp-json\/wp\/v2\/pages\/1943\/revisions\/2183"}],"wp:attachment":[{"href":"https:\/\/jandaiadosul.ufpr.br\/lce\/wp-json\/wp\/v2\/media?parent=1943"}],"curies":[{"name":"wp","href":"https:\/\/api.w.org\/{rel}","templated":true}]}}