{"id":8,"date":"2023-04-12T14:56:19","date_gmt":"2023-04-12T17:56:19","guid":{"rendered":"https:\/\/jandaiadosul.ufpr.br\/extensao\/?page_id=8"},"modified":"2023-08-29T08:41:06","modified_gmt":"2023-08-29T11:41:06","slug":"cursoseeventos","status":"publish","type":"page","link":"https:\/\/jandaiadosul.ufpr.br\/extensao\/cursoseeventos\/","title":{"rendered":"Cursos e Eventos"},"content":{"rendered":"<p style=\"text-align: center\"><strong>Cursos e Eventos de Extens\u00e3o (em andamento)<\/strong><\/p>\n<p>&nbsp;<\/p>\n<p style=\"text-align: center\"><strong>Cursos de Extens\u00e3o (Finalizados)<\/strong><\/p>\n<table style=\"width: 95.8733%\" width=\"1042\">\n<tbody>\n<tr style=\"border-style: solid;border-color: #9e9b9b\">\n<td style=\"text-align: center;width: 20.2842%\" colspan=\"2\" width=\"162\"><strong>Vig\u00eancia<\/strong><\/td>\n<td style=\"text-align: center;width: 29.674%\" rowspan=\"2\" width=\"353\"><strong>T\u00edtulo<\/strong><\/td>\n<td style=\"text-align: center;width: 26.9952%\" rowspan=\"2\" width=\"267\"><strong>Coordenador (a)<\/strong><\/td>\n<td style=\"text-align: center;width: 10.3704%\" rowspan=\"2\" width=\"127\"><strong>Situa\u00e7\u00e3o<\/strong><\/td>\n<td style=\"text-align: center;width: 11.1392%\" rowspan=\"2\" width=\"133\"><strong>Modalidade<\/strong><\/td>\n<\/tr>\n<tr style=\"border-style: solid;border-color: #9e9b9b\">\n<td style=\"text-align: center;width: 9.22745%\"><strong>In\u00edcio<\/strong><\/td>\n<td style=\"text-align: center;width: 11.0567%\"><strong>T\u00e9rmino<\/strong><\/td>\n<\/tr>\n<tr style=\"border-style: solid;border-color: #9e9b9b\">\n<td style=\"width: 9.22745%\">01\/09\/2022<\/td>\n<td style=\"width: 11.0567%\">30\/09\/2022<\/td>\n<td style=\"width: 29.674%\">Revis\u00e3o de Conceitos de Mec\u00e2nica do Ensino M\u00e9dio<\/td>\n<td style=\"width: 26.9952%\">HERCILIA ALVES PEREIRA DE CARVALHO<\/td>\n<td style=\"width: 10.3704%\">Finalizado<\/td>\n<td style=\"width: 11.1392%\">Curso de Extens\u00e3o<\/td>\n<\/tr>\n<tr style=\"border-style: solid;border-color: #9e9b9b\">\n<td style=\"width: 9.22745%\">04\/10\/2021<\/td>\n<td style=\"width: 11.0567%\">14\/11\/2021<\/td>\n<td style=\"width: 29.674%\">I CURSO DE SOLOS PARA PROFESSORES DA EDUCA\u00c7\u00c3O B\u00c1SICA<\/td>\n<td style=\"width: 26.9952%\">OSVALDO GUEDES FILHO<\/td>\n<td style=\"width: 10.3704%\">Finalizado<\/td>\n<td style=\"width: 11.1392%\">Curso de Extens\u00e3o<\/td>\n<\/tr>\n<tr style=\"border-style: solid;border-color: #9e9b9b\">\n<td style=\"width: 9.22745%\">05\/08\/2021<\/td>\n<td style=\"width: 11.0567%\">19\/08\/2021<\/td>\n<td style=\"width: 29.674%\">Slides que encantam: princ\u00edpios de design para apresenta\u00e7\u00f5es did\u00e1ticas<\/td>\n<td style=\"width: 26.9952%\">MARCELO VALERIO<\/td>\n<td style=\"width: 10.3704%\">Finalizado<\/td>\n<td style=\"width: 11.1392%\">Curso de Extens\u00e3o<\/td>\n<\/tr>\n<tr style=\"border-style: solid;border-color: #9e9b9b\">\n<td style=\"width: 9.22745%\">13\/08\/2022<\/td>\n<td style=\"width: 11.0567%\">15\/10\/2022<\/td>\n<td style=\"width: 29.674%\">Introdu\u00e7\u00e3o a Programa\u00e7\u00e3o em Banco de Dados<\/td>\n<td style=\"width: 26.9952%\">WILLIAM RODRIGUES DOS SANTOS<\/td>\n<td style=\"width: 10.3704%\">Finalizado<\/td>\n<td style=\"width: 11.1392%\">Curso de Extens\u00e3o<\/td>\n<\/tr>\n<tr style=\"border-style: solid;border-color: #9e9b9b\">\n<td style=\"width: 9.22745%\">14\/10\/2021<\/td>\n<td style=\"width: 11.0567%\">28\/10\/2021<\/td>\n<td style=\"width: 29.674%\">Slides que Encantam &#8211; 2? Edi\u00e7\u00e3o<\/td>\n<td style=\"width: 26.9952%\">SIMAO NICOLAU STELMASTCHUK<\/td>\n<td style=\"width: 10.3704%\">Finalizado<\/td>\n<td style=\"width: 11.1392%\">Curso de Extens\u00e3o<\/td>\n<\/tr>\n<tr style=\"border-style: solid;border-color: #9e9b9b\">\n<td style=\"width: 9.22745%\">15\/08\/2022<\/td>\n<td style=\"width: 11.0567%\">09\/10\/2022<\/td>\n<td style=\"width: 29.674%\">II CURSO DE SOLOS PARA PROFESSORES DA EDUCA\u00c7\u00c3O B\u00c1SICA<\/td>\n<td style=\"width: 26.9952%\">OSVALDO GUEDES FILHO<\/td>\n<td style=\"width: 10.3704%\">Finalizado<\/td>\n<td style=\"width: 11.1392%\">Curso de Extens\u00e3o<\/td>\n<\/tr>\n<tr style=\"border-style: solid;border-color: #9e9b9b\">\n<td style=\"width: 9.22745%\">16\/08\/2021<\/td>\n<td style=\"width: 11.0567%\">16\/08\/2021<\/td>\n<td style=\"width: 29.674%\">Mestres da edi\u00e7\u00e3o!<\/td>\n<td style=\"width: 26.9952%\">SIMAO NICOLAU STELMASTCHUK<\/td>\n<td style=\"width: 10.3704%\">Finalizado<\/td>\n<td style=\"width: 11.1392%\">Curso de Extens\u00e3o<\/td>\n<\/tr>\n<tr style=\"border-style: solid;border-color: #9e9b9b\">\n<td style=\"width: 9.22745%\">21\/04\/2022<\/td>\n<td style=\"width: 11.0567%\">20\/05\/2022<\/td>\n<td style=\"width: 29.674%\">Instala\u00e7\u00f5es El\u00e9tricas em Baixa tens\u00e3o<\/td>\n<td style=\"width: 26.9952%\">MARCELO FRANCO DE OLIVEIRA<\/td>\n<td style=\"width: 10.3704%\">Finalizado<\/td>\n<td style=\"width: 11.1392%\">Curso de Extens\u00e3o<\/td>\n<\/tr>\n<tr style=\"border-style: solid;border-color: #9e9b9b\">\n<td style=\"width: 9.22745%\">26\/03\/2022<\/td>\n<td style=\"width: 11.0567%\">30\/04\/2022<\/td>\n<td style=\"width: 29.674%\">Curso de L\u00f3gica de Programa\u00e7\u00e3o com Python<\/td>\n<td style=\"width: 26.9952%\">ANDRE LUIZ GAZOLI DE OLIVEIRA<\/td>\n<td style=\"width: 10.3704%\">Finalizado<\/td>\n<td style=\"width: 11.1392%\">Curso de Extens\u00e3o<\/td>\n<\/tr>\n<tr style=\"border-style: solid;border-color: #9e9b9b\">\n<td style=\"width: 9.22745%\">28\/06\/2021<\/td>\n<td style=\"width: 11.0567%\">26\/07\/2021<\/td>\n<td style=\"width: 29.674%\">FORMA\u00c7\u00c3O CONTINUADA PARA PROFESSORES DA EDUCA\u00c7\u00c3O\u00a0 B\u00c1SICA: UMA PROPOSTA PARA A PR\u00c1TICA DE PRODU\u00c7\u00c3O DE V\u00cdDEOS DID\u00c1TICOS<\/td>\n<td style=\"width: 26.9952%\">WILLIAM JUNIOR DO NASCIMENTO<\/td>\n<td style=\"width: 10.3704%\">Finalizado<\/td>\n<td style=\"width: 11.1392%\">Curso de Extens\u00e3o<\/td>\n<\/tr>\n<tr style=\"border-style: solid;border-color: #9e9b9b\">\n<td style=\"width: 9.22745%\">29\/05\/2020<\/td>\n<td style=\"width: 11.0567%\">05\/06\/2020<\/td>\n<td style=\"width: 29.674%\">Reda\u00e7\u00e3o de textos de divulga\u00e7\u00e3o cient\u00edfica: dicas e t\u00e9cnicas para pesquisadores\/as.<\/td>\n<td style=\"width: 26.9952%\">MARCELO VALERIO<\/td>\n<td style=\"width: 10.3704%\">Finalizado<\/td>\n<td style=\"width: 11.1392%\">Curso de Extens\u00e3o<\/td>\n<\/tr>\n<tr style=\"border-style: solid;border-color: #9e9b9b\">\n<td style=\"width: 9.22745%\">29\/11\/2021<\/td>\n<td style=\"width: 11.0567%\">29\/11\/2021<\/td>\n<td style=\"width: 29.674%\">Mestres da Edi\u00e7\u00e3o!<\/td>\n<td style=\"width: 26.9952%\">SIMAO NICOLAU STELMASTCHUK<\/td>\n<td style=\"width: 10.3704%\">Finalizado<\/td>\n<td style=\"width: 11.1392%\">Curso de Extens\u00e3o<\/td>\n<\/tr>\n<tr style=\"border-style: solid;border-color: #9e9b9b\">\n<td style=\"width: 9.22745%\">01\/04\/2018<\/td>\n<td style=\"width: 11.0567%\">30\/04\/2018<\/td>\n<td style=\"width: 29.674%\">CURSO DE LIBRAS I: SINAIS INTRODUT\u00d3RIOS<\/td>\n<td style=\"width: 26.9952%\">FRANCIELLE CRISTINA LOPES<\/td>\n<td style=\"width: 10.3704%\">Finalizado<\/td>\n<td style=\"width: 11.1392%\">Curso de Extens\u00e3o<\/td>\n<\/tr>\n<tr style=\"border-style: solid;border-color: #9e9b9b\">\n<td style=\"width: 9.22745%\">02\/09\/2015<\/td>\n<td style=\"width: 11.0567%\">31\/10\/2015<\/td>\n<td style=\"width: 29.674%\">Introdu\u00e7\u00e3o \u00e0s equa\u00e7\u00f5es diferenciais ordin\u00e1rias<\/td>\n<td style=\"width: 26.9952%\">JOSE EDUARDO PADILHA DE SOUSA<\/td>\n<td style=\"width: 10.3704%\">Finalizado<\/td>\n<td style=\"width: 11.1392%\">Curso de Extens\u00e3o<\/td>\n<\/tr>\n<tr style=\"border-style: solid;border-color: #9e9b9b\">\n<td style=\"width: 9.22745%\">03\/02\/2020<\/td>\n<td style=\"width: 11.0567%\">06\/04\/2020<\/td>\n<td style=\"width: 29.674%\">L\u00edngua Brasileira de Sinais na \u00c1rea da Sa\u00fade<\/td>\n<td style=\"width: 26.9952%\">SILOE PAWE BISPO ADRIANO<\/td>\n<td style=\"width: 10.3704%\">Finalizado<\/td>\n<td style=\"width: 11.1392%\">Curso de Extens\u00e3o<\/td>\n<\/tr>\n<tr style=\"border-style: solid;border-color: #9e9b9b\">\n<td style=\"width: 9.22745%\">04\/07\/2018<\/td>\n<td style=\"width: 11.0567%\">12\/12\/2018<\/td>\n<td style=\"width: 29.674%\">Programa\u00e7\u00e3o em C++<\/td>\n<td style=\"width: 26.9952%\">CARLOS ROBERTO BELETI JUNIOR<\/td>\n<td style=\"width: 10.3704%\">Finalizado<\/td>\n<td style=\"width: 11.1392%\">Curso de Extens\u00e3o<\/td>\n<\/tr>\n<tr style=\"border-style: solid;border-color: #9e9b9b\">\n<td style=\"width: 9.22745%\">05\/06\/2018<\/td>\n<td style=\"width: 11.0567%\">26\/06\/2018<\/td>\n<td style=\"width: 29.674%\">Primeiros Passos com Arduino<\/td>\n<td style=\"width: 26.9952%\">CARLOS ROBERTO BELETI JUNIOR<\/td>\n<td style=\"width: 10.3704%\">Finalizado<\/td>\n<td style=\"width: 11.1392%\">Curso de Extens\u00e3o<\/td>\n<\/tr>\n<tr style=\"border-style: solid;border-color: #9e9b9b\">\n<td style=\"width: 9.22745%\">06\/07\/2018<\/td>\n<td style=\"width: 11.0567%\">06\/11\/2018<\/td>\n<td style=\"width: 29.674%\">Oficina de Libras- Investindo em um futuro com acessibilidade<\/td>\n<td style=\"width: 26.9952%\">SILOE PAWE BISPO ADRIANO<\/td>\n<td style=\"width: 10.3704%\">Finalizado<\/td>\n<td style=\"width: 11.1392%\">Curso de Extens\u00e3o<\/td>\n<\/tr>\n<tr style=\"border-style: solid;border-color: #9e9b9b\">\n<td style=\"width: 9.22745%\">06\/08\/2016<\/td>\n<td style=\"width: 11.0567%\">29\/10\/2016<\/td>\n<td style=\"width: 29.674%\">Curso Preparat\u00f3rio em Processos Seletivos<\/td>\n<td style=\"width: 26.9952%\">DANIEL ANGELO LONGHI<\/td>\n<td style=\"width: 10.3704%\">Finalizado<\/td>\n<td style=\"width: 11.1392%\">Curso de Extens\u00e3o<\/td>\n<\/tr>\n<tr style=\"border-style: solid;border-color: #9e9b9b\">\n<td style=\"width: 9.22745%\">06\/09\/2016<\/td>\n<td style=\"width: 11.0567%\">04\/10\/2016<\/td>\n<td style=\"width: 29.674%\">A sala de aula invertida (flipped classroom) no ensino de gradua\u00e7\u00e3o: limites e possibilidades.<\/td>\n<td style=\"width: 26.9952%\">MARCELO VALERIO<\/td>\n<td style=\"width: 10.3704%\">Finalizado<\/td>\n<td style=\"width: 11.1392%\">Curso de Extens\u00e3o<\/td>\n<\/tr>\n<tr style=\"border-style: solid;border-color: #9e9b9b\">\n<td style=\"width: 9.22745%\">10\/02\/2017<\/td>\n<td style=\"width: 11.0567%\">11\/02\/2017<\/td>\n<td style=\"width: 29.674%\">Hands-on-tec: cria\u00e7\u00e3o de sequ\u00eancias did\u00e1ticas apoiadas por Tecnologias Educacionais M\u00f3veis (Fase II)<\/td>\n<td style=\"width: 26.9952%\">SELMA DOS SANTOS ROSA<\/td>\n<td style=\"width: 10.3704%\">Finalizado<\/td>\n<td style=\"width: 11.1392%\">Curso de Extens\u00e3o<\/td>\n<\/tr>\n<tr style=\"border-style: solid;border-color: #9e9b9b\">\n<td style=\"width: 9.22745%\">10 \/05 \/2017<\/td>\n<td style=\"width: 11.0567%\">10\/05\/2017<\/td>\n<td style=\"width: 29.674%\">Forma\u00e7\u00e3o para uso instrumental da Lousa Digital Interativa<\/td>\n<td style=\"width: 26.9952%\">SELMA DOS SANTOS ROSA<\/td>\n<td style=\"width: 10.3704%\">Finalizado<\/td>\n<td style=\"width: 11.1392%\">Curso de Extens\u00e3o<\/td>\n<\/tr>\n<tr style=\"border-style: solid;border-color: #9e9b9b\">\n<td style=\"width: 9.22745%\">11\/05\/2015<\/td>\n<td style=\"width: 11.0567%\">21\/05\/2015<\/td>\n<td style=\"width: 29.674%\">Curso de Excel &#8211; M\u00f3dulo B\u00e1sico<\/td>\n<td style=\"width: 26.9952%\">ANDRE LUIZ GAZOLI DE OLIVEIRA<\/td>\n<td style=\"width: 10.3704%\">Finalizado<\/td>\n<td style=\"width: 11.1392%\">Curso de Extens\u00e3o<\/td>\n<\/tr>\n<tr style=\"border-style: solid;border-color: #9e9b9b\">\n<td style=\"width: 9.22745%\">13\/05\/2017<\/td>\n<td style=\"width: 11.0567%\">28\/10\/2017<\/td>\n<td style=\"width: 29.674%\">Curso Alcance UFPR<\/td>\n<td style=\"width: 26.9952%\">DANIEL ANGELO LONGHI<\/td>\n<td style=\"width: 10.3704%\">Finalizado<\/td>\n<td style=\"width: 11.1392%\">Curso de Extens\u00e3o<\/td>\n<\/tr>\n<tr style=\"border-style: solid;border-color: #9e9b9b\">\n<td style=\"width: 9.22745%\">17\/10\/2016<\/td>\n<td style=\"width: 11.0567%\">31\/10\/2016<\/td>\n<td style=\"width: 29.674%\">Hands-on-tec: cria\u00e7\u00e3o de sequ\u00eancias did\u00e1ticas apoiadas por Tecnologias Educacionais M\u00f3veis.<\/td>\n<td style=\"width: 26.9952%\">SELMA DOS SANTOS ROSA<\/td>\n<td style=\"width: 10.3704%\">Finalizado<\/td>\n<td style=\"width: 11.1392%\">Curso de Extens\u00e3o<\/td>\n<\/tr>\n<tr style=\"border-style: solid;border-color: #9e9b9b\">\n<td style=\"width: 9.22745%\">18\/04\/2019<\/td>\n<td style=\"width: 11.0567%\">18\/04\/2019<\/td>\n<td style=\"width: 29.674%\">Vivenciando a Aprendizagem Baseada em Problemas no ensino de Programa\u00e7\u00e3o e Rob\u00f3tica<\/td>\n<td style=\"width: 26.9952%\">CARLOS ROBERTO BELETI JUNIOR<\/td>\n<td style=\"width: 10.3704%\">Finalizado<\/td>\n<td style=\"width: 11.1392%\">Curso de Extens\u00e3o<\/td>\n<\/tr>\n<tr style=\"border-style: solid;border-color: #9e9b9b\">\n<td style=\"width: 9.22745%\">19\/03\/2019<\/td>\n<td style=\"width: 11.0567%\">25\/06\/2019<\/td>\n<td style=\"width: 29.674%\">II Curso de Libras: Sinais Introdut\u00f3rios<\/td>\n<td style=\"width: 26.9952%\">SILOE PAWE BISPO ADRIANO<\/td>\n<td style=\"width: 10.3704%\">Finalizado<\/td>\n<td style=\"width: 11.1392%\">Curso de Extens\u00e3o<\/td>\n<\/tr>\n<tr style=\"border-style: solid;border-color: #9e9b9b\">\n<td style=\"width: 9.22745%\">21\/05\/2018<\/td>\n<td style=\"width: 11.0567%\">04\/07\/2018<\/td>\n<td style=\"width: 29.674%\">Curso de Capacita\u00e7\u00e3o em Libras<\/td>\n<td style=\"width: 26.9952%\">FRANCIELLE CRISTINA LOPES<\/td>\n<td style=\"width: 10.3704%\">Finalizado<\/td>\n<td style=\"width: 11.1392%\">Curso de Extens\u00e3o<\/td>\n<\/tr>\n<tr style=\"border-style: solid;border-color: #9e9b9b\">\n<td style=\"width: 9.22745%\">22\/04\/2019<\/td>\n<td style=\"width: 11.0567%\">28\/06\/2019<\/td>\n<td style=\"width: 29.674%\">Pensamento computa\u00e7\u00e3o na Educa\u00e7\u00e3o B\u00e1sica<\/td>\n<td style=\"width: 26.9952%\">SELMA DOS SANTOS ROSA<\/td>\n<td style=\"width: 10.3704%\">Finalizado<\/td>\n<td style=\"width: 11.1392%\">Curso de Extens\u00e3o<\/td>\n<\/tr>\n<tr style=\"border-style: solid;border-color: #9e9b9b\">\n<td style=\"width: 9.22745%\">22\/10\/2018<\/td>\n<td style=\"width: 11.0567%\">07\/12\/2018<\/td>\n<td style=\"width: 29.674%\">Inclus\u00e3o Social: utiliza\u00e7\u00e3o de Smartphones para a melhor idade<\/td>\n<td style=\"width: 26.9952%\">CARLOS ROBERTO BELETI JUNIOR<\/td>\n<td style=\"width: 10.3704%\">Finalizado<\/td>\n<td style=\"width: 11.1392%\">Curso de Extens\u00e3o<\/td>\n<\/tr>\n<tr style=\"border-style: solid;border-color: #9e9b9b\">\n<td style=\"width: 9.22745%\">24\/10\/2018<\/td>\n<td style=\"width: 11.0567%\">15\/11\/2018<\/td>\n<td style=\"width: 29.674%\">Ensino de Rob\u00f3tica Educacional<\/td>\n<td style=\"width: 26.9952%\">CARLOS ROBERTO BELETI JUNIOR<\/td>\n<td style=\"width: 10.3704%\">Finalizado<\/td>\n<td style=\"width: 11.1392%\">Curso de Extens\u00e3o<\/td>\n<\/tr>\n<tr style=\"border-style: solid;border-color: #9e9b9b\">\n<td style=\"width: 9.22745%\">25\/09\/2018<\/td>\n<td style=\"width: 11.0567%\">27\/12\/2018<\/td>\n<td style=\"width: 29.674%\">Hands-on-tec: cria\u00e7\u00e3o de sequ\u00eancias did\u00e1ticas apoiadas por Tecnologias Educacionais M\u00f3veis\u00a0 (Turmas 2018)<\/td>\n<td style=\"width: 26.9952%\">SELMA DOS SANTOS ROSA<\/td>\n<td style=\"width: 10.3704%\">Finalizado<\/td>\n<td style=\"width: 11.1392%\">Curso de Extens\u00e3o<\/td>\n<\/tr>\n<tr style=\"border-style: solid;border-color: #9e9b9b\">\n<td style=\"width: 9.22745%\">30\/04\/2019<\/td>\n<td style=\"width: 11.0567%\">25\/06\/2019<\/td>\n<td style=\"width: 29.674%\">Inclus\u00e3o Social: utiliza\u00e7\u00e3o de Smartphones para a terceira idade<\/td>\n<td style=\"width: 26.9952%\">CARLOS ROBERTO BELETI JUNIOR<\/td>\n<td style=\"width: 10.3704%\">Finalizado<\/td>\n<td style=\"width: 11.1392%\">Curso de Extens\u00e3o<\/td>\n<\/tr>\n<tr style=\"border-style: solid;border-color: #9e9b9b\">\n<td style=\"width: 9.22745%\">31\/10\/2019<\/td>\n<td style=\"width: 11.0567%\">12\/12\/2019<\/td>\n<td style=\"width: 29.674%\">UTILIZA\u00c7\u00c3O DE SMARTPHONES PARA\u00a0 A MELHOR IDADE<\/td>\n<td style=\"width: 26.9952%\">CARLOS ROBERTO BELETI JUNIOR<\/td>\n<td style=\"width: 10.3704%\">Finalizado<\/td>\n<td style=\"width: 11.1392%\">Curso de Extens\u00e3o<\/td>\n<\/tr>\n<tr style=\"border-style: solid;border-color: #9e9b9b\">\n<td style=\"width: 9.22745%\">31\/10\/2019<\/td>\n<td style=\"width: 11.0567%\">12\/12\/2019<\/td>\n<td style=\"width: 29.674%\">Programa\u00e7\u00e3o inicial para alunos e alunas das escolas e col\u00e9gios p\u00fablicos<\/td>\n<td style=\"width: 26.9952%\">CARLOS ROBERTO BELETI JUNIOR<\/td>\n<td style=\"width: 10.3704%\">Finalizado<\/td>\n<td style=\"width: 11.1392%\">Curso de Extens\u00e3o<\/td>\n<\/tr>\n<\/tbody>\n<\/table>\n<table style=\"width: 96.174%\">\n<tbody>\n<tr style=\"border-style: solid;border-color: #000000\">\n<td style=\"width: 8.86155%\">09\/05\/2023<\/td>\n<td style=\"width: 10.9003%\">20\/06\/2023<\/td>\n<td style=\"width: 28.811%\">\n<div class=\"ui-g\">\n<div class=\"ui-sm-12 ui-g-9\">\n<div id=\"propostaPanel:titulo\">Curso de Pilotagem de Drones: Do B\u00e1sico ao Avan\u00e7ado<\/div>\n<\/div>\n<\/div>\n<\/td>\n<td style=\"width: 26.1043%\">CARLOS HENRIQUE WACHHOLZ DE SOUZA<\/td>\n<td style=\"width: 9.90192%\">Finalizado<\/td>\n<td style=\"width: 11.2571%\">Curso de Extens\u00e3o<\/td>\n<\/tr>\n<\/tbody>\n<\/table>\n<p>&nbsp;<\/p>\n<p style=\"text-align: center\"><strong>Eventos de Extens\u00e3o (Finalizados)<\/strong><\/p>\n<table style=\"width: 95.8733%\" width=\"1042\">\n<tbody>\n<tr style=\"border-style: solid;border-color: #878484\">\n<td style=\"text-align: center;width: 23.5565%\" colspan=\"2\" width=\"162\"><strong>Vig\u00eancia<\/strong><\/td>\n<td style=\"text-align: center;width: 31.6953%\" rowspan=\"2\" width=\"353\"><strong>T\u00edtulo<\/strong><\/td>\n<td style=\"text-align: center;width: 24.0116%\" rowspan=\"2\" width=\"267\"><strong>Coordenador (a)<\/strong><\/td>\n<td style=\"text-align: center;width: 9.68965%\" rowspan=\"2\" width=\"127\"><strong>Situa\u00e7\u00e3o<\/strong><\/td>\n<td style=\"text-align: center;width: 9.51009%\" rowspan=\"2\" width=\"133\"><strong>Modalidade<\/strong><\/td>\n<\/tr>\n<tr style=\"border-style: solid;border-color: #878484\">\n<td style=\"text-align: center;width: 12.021%\"><strong>In\u00edcio<\/strong><\/td>\n<td style=\"text-align: center;width: 11.5355%\"><strong>T\u00e9rmino<\/strong><\/td>\n<\/tr>\n<tr style=\"border-style: solid;border-color: #878484\">\n<td style=\"width: 12.021%\">01 \/04 \/2021<\/td>\n<td style=\"width: 11.5355%\">30 \/04 \/2021<\/td>\n<td style=\"width: 31.6953%\">1\u00ba Ciclo de Palestras sobre Intelig\u00eancia Artificial<\/td>\n<td style=\"width: 24.0116%\">HELENA MACEDO REIS<\/td>\n<td style=\"width: 9.68965%\">Finalizado<\/td>\n<td style=\"width: 9.51009%\">Evento de Extens\u00e3o<\/td>\n<\/tr>\n<tr style=\"border-style: solid;border-color: #878484\">\n<td style=\"width: 12.021%\">01 \/12 \/2021<\/td>\n<td style=\"width: 11.5355%\">01 \/12 \/2021<\/td>\n<td style=\"width: 31.6953%\">Reuni\u00e3o do F\u00f3rum Permanente das Licenciaturas UFPR<\/td>\n<td style=\"width: 24.0116%\">WILLIAM JUNIOR DO NASCIMENTO<\/td>\n<td style=\"width: 9.68965%\">Finalizado<\/td>\n<td style=\"width: 9.51009%\">Evento de Extens\u00e3o<\/td>\n<\/tr>\n<tr style=\"border-style: solid;border-color: #878484\">\n<td style=\"width: 12.021%\">06 \/07 \/2020<\/td>\n<td style=\"width: 11.5355%\">18 \/07 \/2020<\/td>\n<td style=\"width: 31.6953%\">Conversas com quem gosta de ensinar<\/td>\n<td style=\"width: 24.0116%\">BARBARA CANDIDO BRAZ<\/td>\n<td style=\"width: 9.68965%\">Finalizado<\/td>\n<td style=\"width: 9.51009%\">Evento de Extens\u00e3o<\/td>\n<\/tr>\n<tr style=\"border-style: solid;border-color: #878484\">\n<td style=\"width: 12.021%\">07 \/03 \/2022<\/td>\n<td style=\"width: 11.5355%\">14 \/03 \/2022<\/td>\n<td style=\"width: 31.6953%\">Conversas com quem gosta de ensinar &#8211; 2a. edi\u00e7\u00e3o<\/td>\n<td style=\"width: 24.0116%\">BARBARA CANDIDO BRAZ<\/td>\n<td style=\"width: 9.68965%\">Finalizado<\/td>\n<td style=\"width: 9.51009%\">Evento de Extens\u00e3o<\/td>\n<\/tr>\n<tr style=\"border-style: solid;border-color: #878484\">\n<td style=\"width: 12.021%\">09 \/02 \/2022<\/td>\n<td style=\"width: 11.5355%\">09 \/02 \/2022<\/td>\n<td style=\"width: 31.6953%\">Reuni\u00e3o do F\u00f3rum Permanente das Licenciaturas UFPR<\/td>\n<td style=\"width: 24.0116%\">WILLIAM JUNIOR DO NASCIMENTO<\/td>\n<td style=\"width: 9.68965%\">Finalizado<\/td>\n<td style=\"width: 9.51009%\">Evento de Extens\u00e3o<\/td>\n<\/tr>\n<tr style=\"border-style: solid;border-color: #878484\">\n<td style=\"width: 12.021%\">17 \/09 \/2022<\/td>\n<td style=\"width: 11.5355%\">17 \/09 \/2022<\/td>\n<td style=\"width: 31.6953%\">Sarau em Libras &#8211; UFPR Jandaia do Sul<\/td>\n<td style=\"width: 24.0116%\">MARCELO VALERIO<\/td>\n<td style=\"width: 9.68965%\">Finalizado<\/td>\n<td style=\"width: 9.51009%\">Evento de Extens\u00e3o<\/td>\n<\/tr>\n<tr style=\"border-style: solid;border-color: #878484\">\n<td style=\"width: 12.021%\">17 \/10 \/2022<\/td>\n<td style=\"width: 11.5355%\">22 \/10 \/2022<\/td>\n<td style=\"width: 31.6953%\">4\u00ba Vale da Ci\u00eancia (evento integrante da 19\u00aa Semana Nacional de Ci\u00eancia e Tecnologia)<\/td>\n<td style=\"width: 24.0116%\">MARCELO VALERIO<\/td>\n<td style=\"width: 9.68965%\">Finalizado<\/td>\n<td style=\"width: 9.51009%\">Evento de Extens\u00e3o<\/td>\n<\/tr>\n<tr style=\"border-style: solid;border-color: #878484\">\n<td style=\"width: 12.021%\">17 \/10 \/2022<\/td>\n<td style=\"width: 11.5355%\">22 \/10 \/2022<\/td>\n<td style=\"width: 31.6953%\">2\u00aa Semana Integrada das Engenharias (SIENG) &#8211; UFPR Jandaia do Sul<\/td>\n<td style=\"width: 24.0116%\">WILLIAM RODRIGUES DOS SANTOS<\/td>\n<td style=\"width: 9.68965%\">Finalizado<\/td>\n<td style=\"width: 9.51009%\">Evento de Extens\u00e3o<\/td>\n<\/tr>\n<tr style=\"border-style: solid;border-color: #878484\">\n<td style=\"width: 12.021%\">18 \/11 \/2020<\/td>\n<td style=\"width: 11.5355%\">20 \/11 \/2020<\/td>\n<td style=\"width: 31.6953%\">I SAEAP &#8211; Semana Acad\u00eamica de Engenharia de Alimentos e Engenharia de Produ\u00e7\u00e3o<\/td>\n<td style=\"width: 24.0116%\">RAFAEL GERMANO DAL MOLIN FILHO<\/td>\n<td style=\"width: 9.68965%\">Finalizado<\/td>\n<td style=\"width: 9.51009%\">Evento de Extens\u00e3o<\/td>\n<\/tr>\n<tr style=\"border-style: solid;border-color: #878484\">\n<td style=\"width: 12.021%\">19 \/10 \/2021<\/td>\n<td style=\"width: 11.5355%\">19 \/10 \/2021<\/td>\n<td style=\"width: 31.6953%\">Batismo da Sala Paulo Freire Centen\u00e1rio 1921-2021<\/td>\n<td style=\"width: 24.0116%\">MARCELO VALERIO<\/td>\n<td style=\"width: 9.68965%\">Finalizado<\/td>\n<td style=\"width: 9.51009%\">Evento de Extens\u00e3o<\/td>\n<\/tr>\n<tr style=\"border-style: solid;border-color: #878484\">\n<td style=\"width: 12.021%\">20 \/03 \/2023<\/td>\n<td style=\"width: 11.5355%\">21 \/03 \/2023<\/td>\n<td style=\"width: 31.6953%\">Recep\u00e7\u00e3o de Calouros UFPR-JA 2023<\/td>\n<td style=\"width: 24.0116%\">ANDRE LUIZ GAZOLI DE OLIVEIRA<\/td>\n<td style=\"width: 9.68965%\">Finalizado<\/td>\n<td style=\"width: 9.51009%\">Evento de Extens\u00e3o<\/td>\n<\/tr>\n<tr style=\"border-style: solid;border-color: #878484\">\n<td style=\"width: 12.021%\">21 \/05 \/2022<\/td>\n<td style=\"width: 11.5355%\">21 \/05 \/2022<\/td>\n<td style=\"width: 31.6953%\">Cacha\u00e7a Cient\u00edfica &#8211; a ci\u00eancia destilada (2a edi\u00e7\u00e3o)<\/td>\n<td style=\"width: 24.0116%\">MARCELO VALERIO<\/td>\n<td style=\"width: 9.68965%\">Finalizado<\/td>\n<td style=\"width: 9.51009%\">Evento de Extens\u00e3o<\/td>\n<\/tr>\n<tr style=\"border-style: solid;border-color: #878484\">\n<td style=\"width: 12.021%\">22 \/10 \/2020<\/td>\n<td style=\"width: 11.5355%\">03 \/12 \/2020<\/td>\n<td style=\"width: 31.6953%\">Conversas com quem gosta de ensinar e aprender Matem\u00e1tica<\/td>\n<td style=\"width: 24.0116%\">BARBARA CANDIDO BRAZ<\/td>\n<td style=\"width: 9.68965%\">Finalizado<\/td>\n<td style=\"width: 9.51009%\">Evento de Extens\u00e3o<\/td>\n<\/tr>\n<tr style=\"border-style: solid;border-color: #878484\">\n<td style=\"width: 12.021%\">22 \/11 \/2022<\/td>\n<td style=\"width: 11.5355%\">22 \/11 \/2022<\/td>\n<td style=\"width: 31.6953%\"><a href=\"https:\/\/ufprbr0-my.sharepoint.com\/:b:\/g\/personal\/direcaoja_ufpr_br\/EU3Ps1OIT15EqkGaasQP2FkBsTIi2kW6TRLKa3ypdD4frg\">Roda de experi\u00eancias de trabalhos acad\u00eamicos &#8211; UFPR Jandaia do Sul<\/a><\/td>\n<td style=\"width: 24.0116%\">JOSE GABRIEL VIEIRA NETO<\/td>\n<td style=\"width: 9.68965%\">Finalizado<\/td>\n<td style=\"width: 9.51009%\">Evento de Extens\u00e3o<\/td>\n<\/tr>\n<tr style=\"border-style: solid;border-color: #878484\">\n<td style=\"width: 12.021%\">23 \/06 \/2022<\/td>\n<td style=\"width: 11.5355%\">23 \/06 \/2022<\/td>\n<td style=\"width: 31.6953%\">Reuni\u00e3o do F\u00f3rum Permanente das Licenciaturas UFPR<\/td>\n<td style=\"width: 24.0116%\">WILLIAM JUNIOR DO NASCIMENTO<\/td>\n<td style=\"width: 9.68965%\">Finalizado<\/td>\n<td style=\"width: 9.51009%\">Evento de Extens\u00e3o<\/td>\n<\/tr>\n<tr style=\"border-style: solid;border-color: #878484\">\n<td style=\"width: 12.021%\">24 \/06 \/2022<\/td>\n<td style=\"width: 11.5355%\">01 \/07 \/2022<\/td>\n<td style=\"width: 31.6953%\">Formar-se professor(a) de Matem\u00e1tica<\/td>\n<td style=\"width: 24.0116%\">BARBARA CANDIDO BRAZ<\/td>\n<td style=\"width: 9.68965%\">Finalizado<\/td>\n<td style=\"width: 9.51009%\">Evento de Extens\u00e3o<\/td>\n<\/tr>\n<tr style=\"border-style: solid;border-color: #878484\">\n<td style=\"width: 12.021%\">24 \/11 \/2022<\/td>\n<td style=\"width: 11.5355%\">08 \/12 \/2022<\/td>\n<td style=\"width: 31.6953%\">A Hora do C\u00f3digo 2022<\/td>\n<td style=\"width: 24.0116%\">ROGERIO FERREIRA DA SILVA<\/td>\n<td style=\"width: 9.68965%\">Finalizado<\/td>\n<td style=\"width: 9.51009%\">Evento de Extens\u00e3o<\/td>\n<\/tr>\n<tr style=\"border-style: solid;border-color: #878484\">\n<td style=\"width: 12.021%\">25 \/03 \/2021<\/td>\n<td style=\"width: 11.5355%\">30 \/06 \/2021<\/td>\n<td style=\"width: 31.6953%\">I Ciclo de Palestras da Regional 11 da SBMAC<\/td>\n<td style=\"width: 24.0116%\">JULIANA VERGA SHIRABAYASHI<\/td>\n<td style=\"width: 9.68965%\">Finalizado<\/td>\n<td style=\"width: 9.51009%\">Evento de Extens\u00e3o<\/td>\n<\/tr>\n<tr style=\"border-style: solid;border-color: #878484\">\n<td style=\"width: 12.021%\">30 \/08 \/2021<\/td>\n<td style=\"width: 11.5355%\">30 \/08 \/2021<\/td>\n<td style=\"width: 31.6953%\">Reuni\u00e3o do F\u00f3rum das Licenciaturas UFPR<\/td>\n<td style=\"width: 24.0116%\">MARCELO VALERIO<\/td>\n<td style=\"width: 9.68965%\">Finalizado<\/td>\n<td style=\"width: 9.51009%\">Evento de Extens\u00e3o<\/td>\n<\/tr>\n<tr style=\"border-style: solid;border-color: #878484\">\n<td style=\"width: 12.021%\">01 \/10 \/2018<\/td>\n<td style=\"width: 11.5355%\">05 \/10 \/2018<\/td>\n<td style=\"width: 31.6953%\">III Evenpro (Evento de Engenharia de Produ\u00e7\u00e3o)<\/td>\n<td style=\"width: 24.0116%\">JULIANA VERGA SHIRABAYASHI<\/td>\n<td style=\"width: 9.68965%\">Finalizado<\/td>\n<td style=\"width: 9.51009%\">Evento de Extens\u00e3o<\/td>\n<\/tr>\n<tr style=\"border-style: solid;border-color: #878484\">\n<td style=\"width: 12.021%\">02 \/10 \/2017<\/td>\n<td style=\"width: 11.5355%\">05 \/10 \/2017<\/td>\n<td style=\"width: 31.6953%\">Jornada Acad\u00eamica Integrada UFPR Jandaia do Sul<\/td>\n<td style=\"width: 24.0116%\">JOSE EDUARDO PADILHA DE SOUSA<\/td>\n<td style=\"width: 9.68965%\">Finalizado<\/td>\n<td style=\"width: 9.51009%\">Evento de Extens\u00e3o<\/td>\n<\/tr>\n<tr style=\"border-style: solid;border-color: #878484\">\n<td style=\"width: 12.021%\">03 \/06 \/2019<\/td>\n<td style=\"width: 11.5355%\">06 \/06 \/2019<\/td>\n<td style=\"width: 31.6953%\">Semana do Meio Ambiente 2019<\/td>\n<td style=\"width: 24.0116%\">RAIMUNDO ALBERTO TOSTES<\/td>\n<td style=\"width: 9.68965%\">Finalizado<\/td>\n<td style=\"width: 9.51009%\">Evento de Extens\u00e3o<\/td>\n<\/tr>\n<tr style=\"border-style: solid;border-color: #878484\">\n<td style=\"width: 12.021%\">03 \/08 \/2015<\/td>\n<td style=\"width: 11.5355%\">03 \/08 \/2015<\/td>\n<td style=\"width: 31.6953%\">O Mundo Todo em nossas M\u00e3os pela Espectrometria de Massas: Dos el\u00e9ctrons \u00e0 Vida,e\u00a0 ao Infinito, e Al\u00e9m!<\/td>\n<td style=\"width: 24.0116%\">EDUARDO CESAR MEURER<\/td>\n<td style=\"width: 9.68965%\">Finalizado<\/td>\n<td style=\"width: 9.51009%\">Evento de Extens\u00e3o<\/td>\n<\/tr>\n<tr style=\"border-style: solid;border-color: #878484\">\n<td style=\"width: 12.021%\">03 \/08 \/2015<\/td>\n<td style=\"width: 11.5355%\">03 \/08 \/2015<\/td>\n<td style=\"width: 31.6953%\">A informa\u00e7\u00e3o Bioqu\u00edmica e suas Implica\u00e7\u00f5es sobre a Origem Inteligente ou Casual da Vida<\/td>\n<td style=\"width: 24.0116%\">EDUARDO CESAR MEURER<\/td>\n<td style=\"width: 9.68965%\">Finalizado<\/td>\n<td style=\"width: 9.51009%\">Evento de Extens\u00e3o<\/td>\n<\/tr>\n<tr style=\"border-style: solid;border-color: #878484\">\n<td style=\"width: 12.021%\">03 \/08 \/2015<\/td>\n<td style=\"width: 11.5355%\">03 \/08 \/2015<\/td>\n<td style=\"width: 31.6953%\">O Mundo Todo em Nossas M\u00e3o pela Espectrometria de Massas: Dos el\u00e9trons \u00e0 Vida, e ao infinito e Al\u00e9m!<\/td>\n<td style=\"width: 24.0116%\">EDUARDO CESAR MEURER<\/td>\n<td style=\"width: 9.68965%\">Finalizado<\/td>\n<td style=\"width: 9.51009%\">Evento de Extens\u00e3o<\/td>\n<\/tr>\n<tr style=\"border-style: solid;border-color: #878484\">\n<td style=\"width: 12.021%\">04 \/06 \/2018<\/td>\n<td style=\"width: 11.5355%\">04 \/06 \/2018<\/td>\n<td style=\"width: 31.6953%\">ALTAS HORAS NA UFPR: CONVERSANDO SOBRE O COMPORTAMENTO SEXUAL SAUD\u00c1VEL<\/td>\n<td style=\"width: 24.0116%\">FERNANDA CATAFESTA UTZUMI<\/td>\n<td style=\"width: 9.68965%\">Finalizado<\/td>\n<td style=\"width: 9.51009%\">Evento de Extens\u00e3o<\/td>\n<\/tr>\n<tr style=\"border-style: solid;border-color: #878484\">\n<td style=\"width: 12.021%\">04 \/07 \/2017<\/td>\n<td style=\"width: 11.5355%\">04 \/07 \/2017<\/td>\n<td style=\"width: 31.6953%\">O dia da colheita<\/td>\n<td style=\"width: 24.0116%\">MAYCON DIEGO RIBEIRO<\/td>\n<td style=\"width: 9.68965%\">Finalizado<\/td>\n<td style=\"width: 9.51009%\">Evento de Extens\u00e3o<\/td>\n<\/tr>\n<tr style=\"border-style: solid;border-color: #878484\">\n<td style=\"width: 12.021%\">04 \/12 \/2015<\/td>\n<td style=\"width: 11.5355%\">04 \/12 \/2015<\/td>\n<td style=\"width: 31.6953%\">Campanha Dezembro Vermelho<\/td>\n<td style=\"width: 24.0116%\">FERNANDA CATAFESTA UTZUMI<\/td>\n<td style=\"width: 9.68965%\">Finalizado<\/td>\n<td style=\"width: 9.51009%\">Evento de Extens\u00e3o<\/td>\n<\/tr>\n<tr style=\"border-style: solid;border-color: #878484\">\n<td style=\"width: 12.021%\">05 \/06 \/2017<\/td>\n<td style=\"width: 11.5355%\">07 \/06 \/2017<\/td>\n<td style=\"width: 31.6953%\">II Semana do Meio Ambiente<\/td>\n<td style=\"width: 24.0116%\">OSVALDO GUEDES FILHO<\/td>\n<td style=\"width: 9.68965%\">Finalizado<\/td>\n<td style=\"width: 9.51009%\">Evento de Extens\u00e3o<\/td>\n<\/tr>\n<tr style=\"border-style: solid;border-color: #878484\">\n<td style=\"width: 12.021%\">05 \/06 \/2018<\/td>\n<td style=\"width: 11.5355%\">07 \/06 \/2018<\/td>\n<td style=\"width: 31.6953%\">III Semana do Meio Ambiente<\/td>\n<td style=\"width: 24.0116%\">OSVALDO GUEDES FILHO<\/td>\n<td style=\"width: 9.68965%\">Finalizado<\/td>\n<td style=\"width: 9.51009%\">Evento de Extens\u00e3o<\/td>\n<\/tr>\n<tr style=\"border-style: solid;border-color: #878484\">\n<td style=\"width: 12.021%\">05 \/09 \/2018<\/td>\n<td style=\"width: 11.5355%\">05 \/09 \/2018<\/td>\n<td style=\"width: 31.6953%\">&#8220;RESPIRA, N\u00c3O PIRA&#8221;<\/td>\n<td style=\"width: 24.0116%\">FERNANDA CATAFESTA UTZUMI<\/td>\n<td style=\"width: 9.68965%\">Finalizado<\/td>\n<td style=\"width: 9.51009%\">Evento de Extens\u00e3o<\/td>\n<\/tr>\n<tr style=\"border-style: solid;border-color: #878484\">\n<td style=\"width: 12.021%\">08 \/02 \/2018<\/td>\n<td style=\"width: 11.5355%\">08 \/02 \/2018<\/td>\n<td style=\"width: 31.6953%\">Treinamento online no uso do Portal de Peri\u00f3dicos Capes e outras bases<\/td>\n<td style=\"width: 24.0116%\">CARLOS ROBERTO BELETI JUNIOR<\/td>\n<td style=\"width: 9.68965%\">Finalizado<\/td>\n<td style=\"width: 9.51009%\">Evento de Extens\u00e3o<\/td>\n<\/tr>\n<tr style=\"border-style: solid;border-color: #878484\">\n<td style=\"width: 12.021%\">08 \/08 \/2016<\/td>\n<td style=\"width: 11.5355%\">12 \/08 \/2016<\/td>\n<td style=\"width: 31.6953%\">I Semana Integrada das Engenharias<\/td>\n<td style=\"width: 24.0116%\">ANDRE LUIZ JUSTI<\/td>\n<td style=\"width: 9.68965%\">Finalizado<\/td>\n<td style=\"width: 9.51009%\">Evento de Extens\u00e3o<\/td>\n<\/tr>\n<tr style=\"border-style: solid;border-color: #878484\">\n<td style=\"width: 12.021%\">08 \/08 \/2016<\/td>\n<td style=\"width: 11.5355%\">12 \/08 \/2016<\/td>\n<td style=\"width: 31.6953%\">I Semana Acad\u00eamica de Engenharia Agr\u00edcola<\/td>\n<td style=\"width: 24.0116%\">ANDRE LUIZ JUSTI<\/td>\n<td style=\"width: 9.68965%\">Finalizado<\/td>\n<td style=\"width: 9.51009%\">Evento de Extens\u00e3o<\/td>\n<\/tr>\n<tr style=\"border-style: solid;border-color: #878484\">\n<td style=\"width: 12.021%\">08 \/08 \/2016<\/td>\n<td style=\"width: 11.5355%\">12 \/08 \/2016<\/td>\n<td style=\"width: 31.6953%\">II Evento de Engenharia de Produ\u00e7\u00e3o &#8211; EVENPRO<\/td>\n<td style=\"width: 24.0116%\">ANDRE LUIZ JUSTI<\/td>\n<td style=\"width: 9.68965%\">Finalizado<\/td>\n<td style=\"width: 9.51009%\">Evento de Extens\u00e3o<\/td>\n<\/tr>\n<tr style=\"border-style: solid;border-color: #878484\">\n<td style=\"width: 12.021%\">08 \/08 \/2016<\/td>\n<td style=\"width: 11.5355%\">12 \/08 \/2016<\/td>\n<td style=\"width: 31.6953%\">I EVALIM &#8211; Evento de Engenharia de Alimentos<\/td>\n<td style=\"width: 24.0116%\">ANDRE LUIZ JUSTI<\/td>\n<td style=\"width: 9.68965%\">Finalizado<\/td>\n<td style=\"width: 9.51009%\">Evento de Extens\u00e3o<\/td>\n<\/tr>\n<tr style=\"border-style: solid;border-color: #878484\">\n<td style=\"width: 12.021%\">08 \/12 \/2016<\/td>\n<td style=\"width: 11.5355%\">08 \/12 \/2016<\/td>\n<td style=\"width: 31.6953%\">Hora do C\u00f3digo 2016<\/td>\n<td style=\"width: 24.0116%\">ROGERIO FERREIRA DA SILVA<\/td>\n<td style=\"width: 9.68965%\">Finalizado<\/td>\n<td style=\"width: 9.51009%\">Evento de Extens\u00e3o<\/td>\n<\/tr>\n<tr style=\"border-style: solid;border-color: #878484\">\n<td style=\"width: 12.021%\">09 \/06 \/2016<\/td>\n<td style=\"width: 11.5355%\">10 \/06 \/2016<\/td>\n<td style=\"width: 31.6953%\">Simp\u00f3sio de Licenciaturas em Ci\u00eancias Exatas e em Computa\u00e7\u00e3o<\/td>\n<td style=\"width: 24.0116%\">MARCELO VALERIO<\/td>\n<td style=\"width: 9.68965%\">Finalizado<\/td>\n<td style=\"width: 9.51009%\">Evento de Extens\u00e3o<\/td>\n<\/tr>\n<tr style=\"border-style: solid;border-color: #878484\">\n<td style=\"width: 12.021%\">09 \/06 \/2017<\/td>\n<td style=\"width: 11.5355%\">09 \/06 \/2017<\/td>\n<td style=\"width: 31.6953%\">Metodologias e materiais para desenvolvimento de dioramas<\/td>\n<td style=\"width: 24.0116%\">CARLOS ROBERTO BELETI JUNIOR<\/td>\n<td style=\"width: 9.68965%\">Finalizado<\/td>\n<td style=\"width: 9.51009%\">Evento de Extens\u00e3o<\/td>\n<\/tr>\n<tr style=\"border-style: solid;border-color: #878484\">\n<td style=\"width: 12.021%\">09 \/12 \/2019<\/td>\n<td style=\"width: 11.5355%\">09 \/12 \/2019<\/td>\n<td style=\"width: 31.6953%\">Educa\u00e7\u00e3o e ci\u00eancia feminina: dos por\u00f5es \u00e0 academia<\/td>\n<td style=\"width: 24.0116%\">MARCELO VALERIO<\/td>\n<td style=\"width: 9.68965%\">Finalizado<\/td>\n<td style=\"width: 9.51009%\">Evento de Extens\u00e3o<\/td>\n<\/tr>\n<tr style=\"border-style: solid;border-color: #878484\">\n<td style=\"width: 12.021%\">10 \/03 \/2017<\/td>\n<td style=\"width: 11.5355%\">10 \/03 \/2017<\/td>\n<td style=\"width: 31.6953%\">Arquitetura e Organiza\u00e7\u00e3o de Computadores &#8211; Uma vis\u00e3o global<\/td>\n<td style=\"width: 24.0116%\">CARLOS ROBERTO BELETI JUNIOR<\/td>\n<td style=\"width: 9.68965%\">Finalizado<\/td>\n<td style=\"width: 9.51009%\">Evento de Extens\u00e3o<\/td>\n<\/tr>\n<tr style=\"border-style: solid;border-color: #878484\">\n<td style=\"width: 12.021%\">10 \/12 \/2015<\/td>\n<td style=\"width: 11.5355%\">10 \/12 \/2015<\/td>\n<td style=\"width: 31.6953%\">A Hora do C\u00f3digo<\/td>\n<td style=\"width: 24.0116%\">ROGERIO FERREIRA DA SILVA<\/td>\n<td style=\"width: 9.68965%\">Finalizado<\/td>\n<td style=\"width: 9.51009%\">Evento de Extens\u00e3o<\/td>\n<\/tr>\n<tr style=\"border-style: solid;border-color: #878484\">\n<td style=\"width: 12.021%\">11 \/08 \/2015<\/td>\n<td style=\"width: 11.5355%\">14 \/08 \/2015<\/td>\n<td style=\"width: 31.6953%\">I EVENPRO (I Evento de Engenharia de Produ\u00e7\u00e3o)<\/td>\n<td style=\"width: 24.0116%\">MARCO AURELIO REIS DOS SANTOS<\/td>\n<td style=\"width: 9.68965%\">Finalizado<\/td>\n<td style=\"width: 9.51009%\">Evento de Extens\u00e3o<\/td>\n<\/tr>\n<tr style=\"border-style: solid;border-color: #878484\">\n<td style=\"width: 12.021%\">11 \/09 \/2017<\/td>\n<td style=\"width: 11.5355%\">12 \/09 \/2017<\/td>\n<td style=\"width: 31.6953%\">AIDS e outras DSTs: conhecer para prevenir<\/td>\n<td style=\"width: 24.0116%\">TAYNA ROLIM GALVAO PEREIRA<\/td>\n<td style=\"width: 9.68965%\">Finalizado<\/td>\n<td style=\"width: 9.51009%\">Evento de Extens\u00e3o<\/td>\n<\/tr>\n<tr style=\"border-style: solid;border-color: #878484\">\n<td style=\"width: 12.021%\">12 \/09 \/2014<\/td>\n<td style=\"width: 11.5355%\">13 \/09 \/2014<\/td>\n<td style=\"width: 31.6953%\">I Feira de Cursos e Profiss\u00f5es da UFPR Jandaia do Sul<\/td>\n<td style=\"width: 24.0116%\">ANA CLAUDIA NOGUEIRA MULATI<\/td>\n<td style=\"width: 9.68965%\">Finalizado<\/td>\n<td style=\"width: 9.51009%\">Evento de Extens\u00e3o<\/td>\n<\/tr>\n<tr style=\"border-style: solid;border-color: #878484\">\n<td style=\"width: 12.021%\">12 \/11 \/2015<\/td>\n<td style=\"width: 11.5355%\">12 \/11 \/2015<\/td>\n<td style=\"width: 31.6953%\">Campanha Novembro Azul<\/td>\n<td style=\"width: 24.0116%\">FERNANDA CATAFESTA UTZUMI<\/td>\n<td style=\"width: 9.68965%\">Finalizado<\/td>\n<td style=\"width: 9.51009%\">Evento de Extens\u00e3o<\/td>\n<\/tr>\n<tr style=\"border-style: solid;border-color: #878484\">\n<td style=\"width: 12.021%\">14 \/05 \/2018<\/td>\n<td style=\"width: 11.5355%\">14 \/05 \/2018<\/td>\n<td style=\"width: 31.6953%\">Lousa digital Interativa: transformando contextos da sala de aula<\/td>\n<td style=\"width: 24.0116%\">WILLIAM JUNIOR DO NASCIMENTO<\/td>\n<td style=\"width: 9.68965%\">Finalizado<\/td>\n<td style=\"width: 9.51009%\">Evento de Extens\u00e3o<\/td>\n<\/tr>\n<tr style=\"border-style: solid;border-color: #878484\">\n<td style=\"width: 12.021%\">15 \/10 \/2018<\/td>\n<td style=\"width: 11.5355%\">17 \/10 \/2018<\/td>\n<td style=\"width: 31.6953%\">III Vale da Ci\u00eancia<\/td>\n<td style=\"width: 24.0116%\">RAIMUNDO ALBERTO TOSTES<\/td>\n<td style=\"width: 9.68965%\">Finalizado<\/td>\n<td style=\"width: 9.51009%\">Evento de Extens\u00e3o<\/td>\n<\/tr>\n<tr style=\"border-style: solid;border-color: #878484\">\n<td style=\"width: 12.021%\">16 \/04 \/2016<\/td>\n<td style=\"width: 11.5355%\">16 \/04 \/2016<\/td>\n<td style=\"width: 31.6953%\">FLISoL 2016 &#8211; Festival Latino-americano de Instala\u00e7\u00e3o de Software Livre<\/td>\n<td style=\"width: 24.0116%\">ROBERTINO MENDES SANTIAGO JUNIOR<\/td>\n<td style=\"width: 9.68965%\">Finalizado<\/td>\n<td style=\"width: 9.51009%\">Evento de Extens\u00e3o<\/td>\n<\/tr>\n<tr style=\"border-style: solid;border-color: #878484\">\n<td style=\"width: 12.021%\">17 \/06 \/2015<\/td>\n<td style=\"width: 11.5355%\">17 \/06 \/2015<\/td>\n<td style=\"width: 31.6953%\">I Ciclo de Palestras de Engenharia Agr\u00edcola<\/td>\n<td style=\"width: 24.0116%\">ANDRE LUIZ JUSTI<\/td>\n<td style=\"width: 9.68965%\">Finalizado<\/td>\n<td style=\"width: 9.51009%\">Evento de Extens\u00e3o<\/td>\n<\/tr>\n<tr style=\"border-style: solid;border-color: #878484\">\n<td style=\"width: 12.021%\">17 \/10 \/2016<\/td>\n<td style=\"width: 11.5355%\">19 \/10 \/2016<\/td>\n<td style=\"width: 31.6953%\">II Vale da Ci\u00eancia<\/td>\n<td style=\"width: 24.0116%\">VALQUIRIA DE MORAES SILVA<\/td>\n<td style=\"width: 9.68965%\">Finalizado<\/td>\n<td style=\"width: 9.51009%\">Evento de Extens\u00e3o<\/td>\n<\/tr>\n<tr style=\"border-style: solid;border-color: #878484\">\n<td style=\"width: 12.021%\">18 \/11 \/2015<\/td>\n<td style=\"width: 11.5355%\">14 \/12 \/2015<\/td>\n<td style=\"width: 31.6953%\">CONCURSO E EXPOSI\u00c7\u00c3O DE FOTOGRAFIAS CENAS DA CIDADE<\/td>\n<td style=\"width: 24.0116%\">RAIMUNDO ALBERTO TOSTES<\/td>\n<td style=\"width: 9.68965%\">Finalizado<\/td>\n<td style=\"width: 9.51009%\">Evento de Extens\u00e3o<\/td>\n<\/tr>\n<tr style=\"border-style: solid;border-color: #878484\">\n<td style=\"width: 12.021%\">19 \/02 \/2020<\/td>\n<td style=\"width: 11.5355%\">19 \/02 \/2020<\/td>\n<td style=\"width: 31.6953%\">Roda de conversa: Sou Federal! E agora?<\/td>\n<td style=\"width: 24.0116%\">FRANCIELLE CRISTINA LOPES<\/td>\n<td style=\"width: 9.68965%\">Finalizado<\/td>\n<td style=\"width: 9.51009%\">Evento de Extens\u00e3o<\/td>\n<\/tr>\n<tr style=\"border-style: solid;border-color: #878484\">\n<td style=\"width: 12.021%\">19 \/03 \/2018<\/td>\n<td style=\"width: 11.5355%\">19 \/03 \/2018<\/td>\n<td style=\"width: 31.6953%\">Palestra: Por que a educa\u00e7\u00e3o finlandesa funciona?<\/td>\n<td style=\"width: 24.0116%\">MARCELO VALERIO<\/td>\n<td style=\"width: 9.68965%\">Finalizado<\/td>\n<td style=\"width: 9.51009%\">Evento de Extens\u00e3o<\/td>\n<\/tr>\n<tr style=\"border-style: solid;border-color: #878484\">\n<td style=\"width: 12.021%\">20 \/10 \/2015<\/td>\n<td style=\"width: 11.5355%\">23 \/10 \/2015<\/td>\n<td style=\"width: 31.6953%\">I Vale da Ci\u00eancia<\/td>\n<td style=\"width: 24.0116%\">ANA CLAUDIA NOGUEIRA MULATI<\/td>\n<td style=\"width: 9.68965%\">Finalizado<\/td>\n<td style=\"width: 9.51009%\">Evento de Extens\u00e3o<\/td>\n<\/tr>\n<tr style=\"border-style: solid;border-color: #878484\">\n<td style=\"width: 12.021%\">22 \/05 \/2017<\/td>\n<td style=\"width: 11.5355%\">22 \/05 \/2017<\/td>\n<td style=\"width: 31.6953%\">Transmiss\u00e3o das informa\u00e7\u00f5es entre os componentes de um computador: conceitos f\u00edsicos e el\u00e9tricos<\/td>\n<td style=\"width: 24.0116%\">CARLOS ROBERTO BELETI JUNIOR<\/td>\n<td style=\"width: 9.68965%\">Finalizado<\/td>\n<td style=\"width: 9.51009%\">Evento de Extens\u00e3o<\/td>\n<\/tr>\n<tr style=\"border-style: solid;border-color: #878484\">\n<td style=\"width: 12.021%\">23 \/09 \/2019<\/td>\n<td style=\"width: 11.5355%\">24 \/09 \/2019<\/td>\n<td style=\"width: 31.6953%\">II SEMANA ACAD\u00caMICA DE LICENCIATURA EM CI\u00caNCIAS EXATAS (SALCE)<\/td>\n<td style=\"width: 24.0116%\">MARCELO VALERIO<\/td>\n<td style=\"width: 9.68965%\">Finalizado<\/td>\n<td style=\"width: 9.51009%\">Evento de Extens\u00e3o<\/td>\n<\/tr>\n<tr style=\"border-style: solid;border-color: #878484\">\n<td style=\"width: 12.021%\">25 \/04 \/2015<\/td>\n<td style=\"width: 11.5355%\">25 \/04 \/2015<\/td>\n<td style=\"width: 31.6953%\">FLISoL 2015 &#8211; Festival Latino-americano de Instala\u00e7\u00e3o de Software Livre<\/td>\n<td style=\"width: 24.0116%\">ROBERTINO MENDES SANTIAGO JUNIOR<\/td>\n<td style=\"width: 9.68965%\">Finalizado<\/td>\n<td style=\"width: 9.51009%\">Evento de Extens\u00e3o<\/td>\n<\/tr>\n<tr style=\"border-style: solid;border-color: #878484\">\n<td style=\"width: 12.021%\">25 \/08 \/2016<\/td>\n<td style=\"width: 11.5355%\">26 \/08 \/2016<\/td>\n<td style=\"width: 31.6953%\">III Feira de Cursos e Profiss\u00f5es da UFPR Jandaia do Sul<\/td>\n<td style=\"width: 24.0116%\">SIMAO NICOLAU STELMASTCHUK<\/td>\n<td style=\"width: 9.68965%\">Finalizado<\/td>\n<td style=\"width: 9.51009%\">Evento de Extens\u00e3o<\/td>\n<\/tr>\n<tr style=\"border-style: solid;border-color: #878484\">\n<td style=\"width: 12.021%\">26 \/04 \/2014<\/td>\n<td style=\"width: 11.5355%\">26 \/04 \/2014<\/td>\n<td style=\"width: 31.6953%\">Festival Latino-americano de Instala\u00e7\u00e3o de Software Livre (FLISoL)<\/td>\n<td style=\"width: 24.0116%\">ROBERTINO MENDES SANTIAGO JUNIOR<\/td>\n<td style=\"width: 9.68965%\">Finalizado<\/td>\n<td style=\"width: 9.51009%\">Evento de Extens\u00e3o<\/td>\n<\/tr>\n<tr style=\"border-style: solid;border-color: #878484\">\n<td style=\"width: 12.021%\">27 \/09 \/2019<\/td>\n<td style=\"width: 11.5355%\">27 \/09 \/2019<\/td>\n<td style=\"width: 31.6953%\">Cacha\u00e7a cient\u00edfica &#8211; a ci\u00eancia destilada<\/td>\n<td style=\"width: 24.0116%\">MARCELO VALERIO<\/td>\n<td style=\"width: 9.68965%\">Finalizado<\/td>\n<td style=\"width: 9.51009%\">Evento de Extens\u00e3o<\/td>\n<\/tr>\n<tr style=\"border-style: solid;border-color: #878484\">\n<td style=\"width: 12.021%\">28 \/04 \/2018<\/td>\n<td style=\"width: 11.5355%\">28 \/04 \/2018<\/td>\n<td style=\"width: 31.6953%\">FLISoL 2018 &#8211; Festival Latino-americano de Instala\u00e7\u00e3o de Software Livre<\/td>\n<td style=\"width: 24.0116%\">ROBERTINO MENDES SANTIAGO JUNIOR<\/td>\n<td style=\"width: 9.68965%\">Finalizado<\/td>\n<td style=\"width: 9.51009%\">Evento de Extens\u00e3o<\/td>\n<\/tr>\n<tr style=\"border-style: solid;border-color: #878484\">\n<td style=\"width: 12.021%\">28 \/08 \/2015<\/td>\n<td style=\"width: 11.5355%\">28 \/08 \/2015<\/td>\n<td style=\"width: 31.6953%\">II Feira de Cursos e Profiss\u00f5es da UFPR Jandaia do Sul<\/td>\n<td style=\"width: 24.0116%\">SIMAO NICOLAU STELMASTCHUK<\/td>\n<td style=\"width: 9.68965%\">Finalizado<\/td>\n<td style=\"width: 9.51009%\">Evento de Extens\u00e3o<\/td>\n<\/tr>\n<tr style=\"border-style: solid;border-color: #878484\">\n<td style=\"width: 12.021%\">29 \/02 \/2016<\/td>\n<td style=\"width: 11.5355%\">29 \/02 \/2016<\/td>\n<td style=\"width: 31.6953%\">II Encontro de Contadores de Hist\u00f3rias e Incentivadores de Leitura de Jandaia do Sul<\/td>\n<td style=\"width: 24.0116%\">MAYTE GOUVEA COLETO BEZERRA<\/td>\n<td style=\"width: 9.68965%\">Finalizado<\/td>\n<td style=\"width: 9.51009%\">Evento de Extens\u00e3o<\/td>\n<\/tr>\n<tr style=\"border-style: solid;border-color: #878484\">\n<td style=\"width: 12.021%\">31 \/05 \/2016<\/td>\n<td style=\"width: 11.5355%\">02 \/06 \/2016<\/td>\n<td style=\"width: 31.6953%\">I Semana do Meio Ambiente<\/td>\n<td style=\"width: 24.0116%\">OSVALDO GUEDES FILHO<\/td>\n<td style=\"width: 9.68965%\">Finalizado<\/td>\n<td style=\"width: 9.51009%\">Evento de Extens\u00e3o<\/td>\n<\/tr>\n<\/tbody>\n<\/table>\n","protected":false},"excerpt":{"rendered":"<p>Cursos e Eventos de Extens\u00e3o (em andamento) &nbsp; Cursos de Extens\u00e3o (Finalizados) Vig\u00eancia T\u00edtulo Coordenador (a) Situa\u00e7\u00e3o Modalidade In\u00edcio T\u00e9rmino 01\/09\/2022 30\/09\/2022 Revis\u00e3o de Conceitos [&hellip;]<\/p>\n","protected":false},"author":3662,"featured_media":0,"parent":0,"menu_order":0,"comment_status":"closed","ping_status":"closed","template":"","meta":{"_acf_changed":false,"footnotes":""},"class_list":["post-8","page","type-page","status-publish","hentry"],"acf":[],"_links":{"self":[{"href":"https:\/\/jandaiadosul.ufpr.br\/extensao\/wp-json\/wp\/v2\/pages\/8","targetHints":{"allow":["GET"]}}],"collection":[{"href":"https:\/\/jandaiadosul.ufpr.br\/extensao\/wp-json\/wp\/v2\/pages"}],"about":[{"href":"https:\/\/jandaiadosul.ufpr.br\/extensao\/wp-json\/wp\/v2\/types\/page"}],"author":[{"embeddable":true,"href":"https:\/\/jandaiadosul.ufpr.br\/extensao\/wp-json\/wp\/v2\/users\/3662"}],"replies":[{"embeddable":true,"href":"https:\/\/jandaiadosul.ufpr.br\/extensao\/wp-json\/wp\/v2\/comments?post=8"}],"version-history":[{"count":19,"href":"https:\/\/jandaiadosul.ufpr.br\/extensao\/wp-json\/wp\/v2\/pages\/8\/revisions"}],"predecessor-version":[{"id":101,"href":"https:\/\/jandaiadosul.ufpr.br\/extensao\/wp-json\/wp\/v2\/pages\/8\/revisions\/101"}],"wp:attachment":[{"href":"https:\/\/jandaiadosul.ufpr.br\/extensao\/wp-json\/wp\/v2\/media?parent=8"}],"curies":[{"name":"wp","href":"https:\/\/api.w.org\/{rel}","templated":true}]}}