{"id":953,"date":"2025-05-12T14:45:14","date_gmt":"2025-05-12T17:45:14","guid":{"rendered":"https:\/\/jandaiadosul.ufpr.br\/concursos\/?page_id=953"},"modified":"2025-05-23T09:43:24","modified_gmt":"2025-05-23T12:43:24","slug":"teste-seletivo-ensino-de-quimica-e-quimica-geral-edital-155-25","status":"publish","type":"page","link":"https:\/\/jandaiadosul.ufpr.br\/concursos\/teste-seletivo-ensino-de-quimica-e-quimica-geral-edital-155-25\/","title":{"rendered":"Teste seletivo Ensino de Qu\u00edmica e Qu\u00edmica Geral &#8211; edital 155\/25"},"content":{"rendered":"<h1 class=\"post-title entry-title\"><span style=\"vertical-align: inherit\"><span style=\"vertical-align: inherit\">Teste Seletivo Edital n\u00ba 155\/2025 \u2013 PROGEPE<\/span><\/span><\/h1>\n<p class=\"x_Texto_Justificado\"><strong><span style=\"vertical-align: inherit\"><span style=\"vertical-align: inherit\">\u00c1rea de Conhecimento: Ensino de Qu\u00edmica e Qu\u00edmica Geral<\/span><\/span><\/strong><\/p>\n<p class=\"x_Texto_Justificado\"><strong><span style=\"vertical-align: inherit\"><span style=\"vertical-align: inherit\">Mat\u00e9ria Espec\u00edfica:<\/span><\/span><\/strong><span style=\"vertical-align: inherit\"><span style=\"vertical-align: inherit\"> Ensino de Qu\u00edmica e Qu\u00edmica Geral<\/span><\/span><\/p>\n<p class=\"x_Texto_Justificado\"><strong><span style=\"vertical-align: inherit\"><span style=\"vertical-align: inherit\">Processo:<\/span><\/span><\/strong><span style=\"vertical-align: inherit\"><span style=\"vertical-align: inherit\"> 23075.024220\/20 25-17<\/span><\/span><\/p>\n<p class=\"x_Texto_Justificado\"><strong><span style=\"vertical-align: inherit\"><span style=\"vertical-align: inherit\">N\u00famero de Vagas<\/span><\/span><\/strong><span style=\"vertical-align: inherit\"><span style=\"vertical-align: inherit\"> : 01 (uma)<\/span><\/span><\/p>\n<p class=\"x_Texto_Justificado\"><strong><span style=\"vertical-align: inherit\"><span style=\"vertical-align: inherit\">Regime de Trabalho<\/span><\/span><\/strong><span style=\"vertical-align: inherit\"><span style=\"vertical-align: inherit\"> : 20 (vinte) horas semanais<\/span><\/span><\/p>\n<p class=\"x_Texto_Justificado\"><strong><span style=\"vertical-align: inherit\"><span style=\"vertical-align: inherit\">Requisito:<\/span><\/span><\/strong><span style=\"vertical-align: inherit\"><span style=\"vertical-align: inherit\"> Licenciatura em Ci\u00eancias Exatas-Qu\u00edmica, Licenciatura ou Bacharelado em Qu\u00edmica, com Mestrado em Ensino de Ci\u00eancias e Matem\u00e1tica (com disserta\u00e7\u00e3o na \u00e1rea de Ensino de Qu\u00edmica) ou Mestrado em Educa\u00e7\u00e3o (com disserta\u00e7\u00e3o na \u00e1rea de Ensino de Qu\u00edmica). obtidos na forma da lei.<\/span><\/span><\/p>\n<p class=\"x_Texto_Justificado\"><strong><span style=\"vertical-align: inherit\"><span style=\"vertical-align: inherit\">Tipos de Provas<\/span><\/span><\/strong><span style=\"vertical-align: inherit\"><span style=\"vertical-align: inherit\"> :An\u00e1lise de Curr\u00edculo e Prova Did\u00e1tica. Sendo a prova did\u00e1tica de forma presencial (Campus Avan\u00e7ado da UFPR em Jandaia do Sul).<\/span><\/span><\/p>\n<p class=\"x_Texto_Justificado\"><strong><span style=\"vertical-align: inherit\"><span style=\"vertical-align: inherit\">Local das Inscri\u00e7\u00f5es<\/span><\/span><\/strong><span style=\"vertical-align: inherit\"><span style=\"vertical-align: inherit\"> : As inscri\u00e7\u00f5es ser\u00e3o enviadas exclusivamente para o e-mail\u00a0 <\/span><\/span><strong><span style=\"vertical-align: inherit\"><span style=\"vertical-align: inherit\">uaa.jandaia@ufpr.br<\/span><\/span><\/strong><span style=\"vertical-align: inherit\"><span style=\"vertical-align: inherit\"> , que gerar\u00e1 ao candidato um protocolo de coleta de inscri\u00e7\u00e3o.<\/span><\/span><\/p>\n<p class=\"x_Texto_Justificado\"><strong><span style=\"vertical-align: inherit\"><span style=\"vertical-align: inherit\">O per\u00edodo das inscri\u00e7\u00f5es ser\u00e1:<\/span><\/span><\/strong><span style=\"vertical-align: inherit\"><span style=\"vertical-align: inherit\"> 12\/05\/2025 at\u00e9<\/span><\/span> 20\/05\/2025<\/p>\n<table style=\"border-collapse: collapse;width: 78.8557%;height: 107px\">\n<tbody>\n<tr style=\"height: 24px\">\n<td style=\"width: 36.0799%;height: 35px\" colspan=\"3\"><strong>EDITAIS, COMUNICADOS E INFORMA\u00c7\u00d5ES<\/strong><\/td>\n<\/tr>\n<tr style=\"height: 24px\">\n<td style=\"width: 36.0799%;height: 24px\">Edital de abertura<\/td>\n<td style=\"width: 25.3642%;height: 24px\"><span style=\"color: #0000ff\"><strong><a style=\"color: #0000ff\" href=\"https:\/\/jandaiadosul.ufpr.br\/concursos\/wp-content\/uploads\/sites\/38\/2025\/05\/edital155-25.pdf\">Edital 155\/2025<\/a><\/strong><\/span><\/td>\n<td style=\"width: 15.76%;height: 24px\">09\/05\/2025<\/td>\n<\/tr>\n<tr style=\"height: 24px\">\n<td style=\"width: 36.0799%;height: 24px\">Comiss\u00e3o de Homologa\u00e7\u00e3o das Inscri\u00e7\u00f5es<\/td>\n<td style=\"width: 25.3642%;height: 24px\"><span style=\"color: #0000ff\"><strong><span style=\"font-size: 12pt\"><a style=\"color: #0000ff\" href=\"https:\/\/jandaiadosul.ufpr.br\/concursos\/wp-content\/uploads\/sites\/38\/2025\/05\/sei_7775107_portaria_26.pdf\">Portaria 26\/25<\/a><\/span><\/strong><\/span><\/td>\n<td style=\"width: 15.76%;height: 24px\"><span style=\"font-size: 12pt\">14\/05\/2025<\/span><\/td>\n<\/tr>\n<tr style=\"height: 24px\">\n<td style=\"width: 36.0799%;height: 24px\">Edital de Homologa\u00e7\u00e3o das Inscri\u00e7\u00f5es<\/td>\n<td style=\"width: 25.3642%;height: 24px\"><span style=\"color: #0000ff\"><strong><span style=\"font-size: 12pt\"><a style=\"color: #0000ff\" href=\"https:\/\/jandaiadosul.ufpr.br\/concursos\/wp-content\/uploads\/sites\/38\/2025\/05\/sei_7803749_edital_155_255.pdf\">Edital 01\/2025<\/a><\/span><\/strong><\/span><\/td>\n<td style=\"width: 15.76%;height: 24px\"><span style=\"font-size: 12pt\">22\/05\/2025<\/span><\/td>\n<\/tr>\n<\/tbody>\n<\/table>\n","protected":false},"excerpt":{"rendered":"<p>Teste Seletivo Edital n\u00ba 155\/2025 \u2013 PROGEPE \u00c1rea de Conhecimento: Ensino de Qu\u00edmica e Qu\u00edmica Geral Mat\u00e9ria Espec\u00edfica: Ensino de Qu\u00edmica e Qu\u00edmica Geral Processo: [&hellip;]<\/p>\n","protected":false},"author":3658,"featured_media":0,"parent":0,"menu_order":0,"comment_status":"closed","ping_status":"closed","template":"","meta":{"_acf_changed":false,"footnotes":""},"class_list":["post-953","page","type-page","status-publish","hentry"],"acf":[],"_links":{"self":[{"href":"https:\/\/jandaiadosul.ufpr.br\/concursos\/wp-json\/wp\/v2\/pages\/953","targetHints":{"allow":["GET"]}}],"collection":[{"href":"https:\/\/jandaiadosul.ufpr.br\/concursos\/wp-json\/wp\/v2\/pages"}],"about":[{"href":"https:\/\/jandaiadosul.ufpr.br\/concursos\/wp-json\/wp\/v2\/types\/page"}],"author":[{"embeddable":true,"href":"https:\/\/jandaiadosul.ufpr.br\/concursos\/wp-json\/wp\/v2\/users\/3658"}],"replies":[{"embeddable":true,"href":"https:\/\/jandaiadosul.ufpr.br\/concursos\/wp-json\/wp\/v2\/comments?post=953"}],"version-history":[{"count":12,"href":"https:\/\/jandaiadosul.ufpr.br\/concursos\/wp-json\/wp\/v2\/pages\/953\/revisions"}],"predecessor-version":[{"id":1003,"href":"https:\/\/jandaiadosul.ufpr.br\/concursos\/wp-json\/wp\/v2\/pages\/953\/revisions\/1003"}],"wp:attachment":[{"href":"https:\/\/jandaiadosul.ufpr.br\/concursos\/wp-json\/wp\/v2\/media?parent=953"}],"curies":[{"name":"wp","href":"https:\/\/api.w.org\/{rel}","templated":true}]}}