{"id":331,"date":"2024-01-17T13:53:08","date_gmt":"2024-01-17T16:53:08","guid":{"rendered":"https:\/\/jandaiadosul.ufpr.br\/concursos\/?page_id=331"},"modified":"2024-01-17T13:53:08","modified_gmt":"2024-01-17T16:53:08","slug":"edital-no-330-23-progepe","status":"publish","type":"page","link":"https:\/\/jandaiadosul.ufpr.br\/concursos\/edital-no-330-23-progepe\/","title":{"rendered":"EDITAL N\u00ba 330\/23 \u2013 PROGEPE"},"content":{"rendered":"<h2>Concursos e Testes Seletivos \u2013 Docentes<\/h2>\n<div>\n<p class=\"x_ContentPasted0 x_elementToProof\">Est\u00e1 aberto o EDITAL N\u00ba 330\/23 \u2013 PROGEPE para o provimento de cargo de professor(a) da Carreira do Magist\u00e9rio Superior, para o Quadro Permanente desta Universidade para o Campus Avan\u00e7ado de Jandaia do Sul, contratado(a) sob o Regime Jur\u00eddico \u00danico dos Servidores P\u00fablicos Civis da Uni\u00e3o, Autarquias e das Funda\u00e7\u00f5es P\u00fablicas e Federais, em conformidade com a Lei n\u00ba 8.112, de 11 de dezembro de 1990.<\/p>\n<p>Processo 23075.0612 81\/2023\u201001<\/p>\n<p>Classe: A-Adjunto A<\/p>\n<p class=\"x_ContentPasted0 x_elementToProof\">\u00c1rea de Conhecimento: Engenharia de Alimentos.<\/p>\n<p class=\"x_ContentPasted0 x_elementToProof\">Titula\u00e7\u00e3o m\u00ednima exigida: Gradua\u00e7\u00e3o em Engenharia de Alimentos e doutorado em Engenharia de Alimentos, Ci\u00eancia de Alimentos, Tecnologia de Alimentos ou Ci\u00eancia e Tecnologia de Alimentos, obtidos na forma da lei.<\/p>\n<p class=\"x_ContentPasted0\">Regime de Trabalho: 40 (quarenta) horas semanais \u2013 DE (dedica\u00e7\u00e3o exclusiva)<\/p>\n<p class=\"x_ContentPasted0\">N\u00famero de vagas: 01<\/p>\n<p class=\"x_ContentPasted0 x_elementToProof\">Tipos de Provas: Escrita (eliminat\u00f3ria), did\u00e1tica (eliminat\u00f3ria), an\u00e1lise de curr\u00edculo (classificat\u00f3ria) e defesa do curr\u00edculo e do projeto de pesquisa (classificat\u00f3ria).<\/p>\n<p>Inscri\u00e7\u00e3o: direcaoja@ufpr.br<\/p>\n<p class=\"x_ContentPasted0 x_elementToProof\">O per\u00edodo das inscri\u00e7\u00f5es ser\u00e1:\u00a0<b>10 de outubro de 2023 a 08 de novembro de 2023. Das 00h do primeiro dia \u00e0s 23h59 do \u00faltimo dia de inscri\u00e7\u00f5es.<\/b><\/p>\n<p class=\"x_ContentPasted0\">Taxa de Inscri\u00e7\u00e3o: taxa de inscri\u00e7\u00e3o no valor de R$240,00 (duzentos e quarenta reais).<\/p>\n<p>&nbsp;<\/p>\n<table>\n<tbody>\n<tr>\n<td colspan=\"3\"><strong>EDITAIS, COMUNICADOS E INFORMA\u00c7\u00d5ES<\/strong><\/td>\n<\/tr>\n<tr>\n<td><strong>Edital de Abertura<\/strong><\/td>\n<td><strong><a href=\"http:\/\/progepe.ufpr.br\/progepe\/concursos\/docente\/concursos_publicos\/editais\/edital330-23.pdf\">Edital 330\/23<\/a><\/strong><\/td>\n<td><strong>09\/10\/2023<\/strong><\/td>\n<\/tr>\n<tr>\n<td><strong>Programa de Provas<\/strong><\/td>\n<td><strong><a href=\"https:\/\/jandaiadosul.ufpr.br\/concursos\/wp-content\/uploads\/sites\/38\/2023\/10\/sei_6065819_informacao_7.pdf\">Informa\u00e7\u00e3o 7<\/a><\/strong><\/td>\n<td><strong>11\/10\/2023<\/strong><\/td>\n<\/tr>\n<tr>\n<td><strong>\u00a0Resultado do pedido de isen\u00e7\u00e3o de taxa de inscri\u00e7\u00e3o, item 5.2<\/strong><\/td>\n<td><strong><a href=\"https:\/\/ufprbr0-my.sharepoint.com\/:b:\/g\/personal\/fernanda_novaes_ufpr_br\/EUZiKE1YaApPiUA97j3aaekB_tGsr6j-RcxpTuFLheJX4A?e=DH3NaM\">Edital 01\/2023<\/a><\/strong><\/td>\n<td><strong>23\/10\/2023<\/strong><\/td>\n<\/tr>\n<tr>\n<td><strong>Retifica\u00e7\u00e3o ao Edital 01\/2023- UFPR\/JA<\/strong><\/td>\n<td><strong><a href=\"https:\/\/jandaiadosul.ufpr.br\/concursos\/wp-content\/uploads\/sites\/38\/2023\/10\/sei_6104685_edital_02.pdf\">Edital 02\/2023<\/a><\/strong><\/td>\n<td><strong>25\/10\/2023<\/strong><\/td>\n<\/tr>\n<tr>\n<td><strong>Comiss\u00e3o de homologa\u00e7\u00e3o das inscri\u00e7\u00f5es<\/strong><\/td>\n<td><strong><a href=\"https:\/\/jandaiadosul.ufpr.br\/concursos\/wp-content\/uploads\/sites\/38\/2023\/11\/sei_6153592_portaria_51.pdf\">Portaria 51\/2023<\/a><\/strong><\/td>\n<td><strong>09\/11\/2023<\/strong><\/td>\n<\/tr>\n<tr>\n<td><strong>Edital de Homologa\u00e7\u00e3o das Inscri\u00e7\u00f5es \u2013 Editais 330\/2023 e 334\/2023 \u2013 PROGEPE<\/strong><\/td>\n<td><strong><a href=\"https:\/\/ufprbr0-my.sharepoint.com\/:b:\/g\/personal\/direcaoja_ufpr_br\/Ebt9HpzMradDgCN-4SIg_okBc34c7MPOXU8USWsnLXbVGA?e=8jvP39\">Edital 03\/23<\/a><\/strong><\/td>\n<td><strong>20\/11\/2023<\/strong><\/td>\n<\/tr>\n<tr>\n<td><strong>Retifica\u00e7\u00e3o do Edital de Homologa\u00e7\u00e3o de Inscri\u00e7\u00e3o do Concurso \u2013 Editais 330\/2023 e 334\/2023 \u2013 PROGEPE<\/strong><\/td>\n<td><strong><a href=\"https:\/\/jandaiadosul.ufpr.br\/concursos\/wp-content\/uploads\/sites\/38\/2023\/11\/sei_6212827_edital_04.pdf\">Edital 04\/23<\/a><\/strong><\/td>\n<td><strong>28\/11\/2023<\/strong><\/td>\n<\/tr>\n<tr>\n<td><strong>Edital Complementar ao Edital de Homologa\u00e7\u00e3o de Inscri\u00e7\u00e3o do Concurso \u2013 Editais 330\/2023 e 334\/2023 \u2013 PROGEPE<\/strong><\/td>\n<td><strong><a href=\"https:\/\/jandaiadosul.ufpr.br\/concursos\/wp-content\/uploads\/sites\/38\/2023\/11\/sei_6221403_edital_05.pdf\">Edital 05\/23<\/a><\/strong><\/td>\n<td><strong>28\/11\/2023<\/strong><\/td>\n<\/tr>\n<tr>\n<td><strong>Banca Examinadora<\/strong><\/td>\n<td><strong><a href=\"https:\/\/jandaiadosul.ufpr.br\/concursos\/wp-content\/uploads\/sites\/38\/2023\/11\/sei_6218414_portaria_56-1.pdf\">Portaria 56\/23<\/a><\/strong><\/td>\n<td><strong>28\/11\/2023<\/strong><\/td>\n<\/tr>\n<tr>\n<td><strong>Cronograma<\/strong><\/td>\n<td><strong><a href=\"https:\/\/jandaiadosul.ufpr.br\/concursos\/wp-content\/uploads\/sites\/38\/2023\/12\/sei_6236259_informacao_2.pdf\">Informa\u00e7\u00e3o 2<\/a><\/strong><\/td>\n<td><strong>\u00a001\/12\/2023<\/strong><\/td>\n<\/tr>\n<tr>\n<td><strong>Retifica\u00e7\u00e3o Banca Examinadora<\/strong><\/td>\n<td><strong><a href=\"https:\/\/jandaiadosul.ufpr.br\/concursos\/wp-content\/uploads\/sites\/38\/2023\/11\/sei_6228994_portaria_57.pdf\">Portaria 57\/23<\/a><\/strong><\/td>\n<td><strong>30\/11\/2023<\/strong><\/td>\n<\/tr>\n<tr>\n<td><strong>Crit\u00e9rios de Avalia\u00e7\u00e3o da Prova Escrita<\/strong><\/td>\n<td><strong><a href=\"https:\/\/jandaiadosul.ufpr.br\/concursos\/wp-content\/uploads\/sites\/38\/2023\/12\/sei_6253356_informacao_3.pdf\">Informa\u00e7\u00e3o 3<\/a><\/strong><\/td>\n<td><strong>08\/12\/2023<\/strong><\/td>\n<\/tr>\n<tr>\n<td><strong>Edital 03\/2023<\/strong>\u00a0\u2013\u00a0<strong>Candidatos Classificados para Realiza\u00e7\u00e3o da Prova Did\u00e1tica e Crit\u00e9rios de Avalia\u00e7\u00e3o para a Prova Did\u00e1tica.<\/strong><\/td>\n<td><strong><a href=\"https:\/\/jandaiadosul.ufpr.br\/concursos\/wp-content\/uploads\/sites\/38\/2023\/12\/sei_6268796_edital_03-1.pdf\">Edital 3<\/a><\/strong><\/td>\n<td><strong>11\/12\/2023<\/strong><\/td>\n<\/tr>\n<tr>\n<td><b>Cronograma do Sorteio para Realiza\u00e7\u00e3o da Prova Did\u00e1tica.<\/b><\/td>\n<td><strong><a href=\"https:\/\/jandaiadosul.ufpr.br\/concursos\/wp-content\/uploads\/sites\/38\/2023\/12\/sei_6268848_informacao_4.pdf\">Informa\u00e7\u00e3o 4<\/a><\/strong><\/td>\n<td><strong>11\/12\/2023<\/strong><\/td>\n<\/tr>\n<tr>\n<td><strong>Ata para julgamento de recursos interpostos por candidatos n\u00e3o aprovados na prova escrita<\/strong><b><br \/>\n<\/b><\/td>\n<td><strong><a href=\"https:\/\/jandaiadosul.ufpr.br\/concursos\/wp-content\/uploads\/sites\/38\/2023\/12\/sei_6270474_ata_de_reuniao.pdf\">Ata de Reuni\u00e3o<\/a><\/strong><\/td>\n<td><strong>12\/12\/2023<\/strong><\/td>\n<\/tr>\n<tr>\n<td><b>Edital 04\/2023 \u2013 Cronograma de Realiza\u00e7\u00e3o da Prova Did\u00e1tica e Crit\u00e9rios de Avalia\u00e7\u00e3o para a Prova Did\u00e1tica.<\/b><\/td>\n<td><strong><a href=\"https:\/\/jandaiadosul.ufpr.br\/concursos\/wp-content\/uploads\/sites\/38\/2023\/12\/sei_6273085_edital_04.pdf\">Edital 4<\/a><\/strong><\/td>\n<td><strong>12\/12\/2023<\/strong><\/td>\n<\/tr>\n<tr>\n<td><b>Edital 05\/2023 \u2013 Edital dos Candidatos Aprovados para a Prova de Defesa do Curr\u00edculo e da Proposta de Projeto de Pesquisa e Cronograma.<\/b><\/td>\n<td><strong><a href=\"https:\/\/jandaiadosul.ufpr.br\/concursos\/wp-content\/uploads\/sites\/38\/2023\/12\/sei_6278055_edital_05.pdf\">Edital 5<\/a><\/strong><\/td>\n<td><strong>13\/12\/2023<\/strong><\/td>\n<\/tr>\n<tr>\n<td><b>Ata de julgamento de recursos interpostos por candidatos n\u00e3o aprovados na prova did\u00e1tica<\/b><\/td>\n<td><strong><a href=\"https:\/\/jandaiadosul.ufpr.br\/concursos\/wp-content\/uploads\/sites\/38\/2023\/12\/sei_6278340_ata_de_reuniao.pdf\">Ata de Reuni\u00e3o<\/a><\/strong><\/td>\n<td><strong>14\/12\/2023<\/strong><\/td>\n<\/tr>\n<tr>\n<td><b>Informa\u00e7\u00e3o \u2013 altera\u00e7\u00e3o cronograma Prova de Defesa do Curr\u00edculo e da Proposta de Projeto<\/b><\/td>\n<td><strong><a href=\"https:\/\/jandaiadosul.ufpr.br\/concursos\/wp-content\/uploads\/sites\/38\/2023\/12\/sei_6278675_informacao_5.pdf\">Informa\u00e7\u00e3o 5<\/a><\/strong><\/td>\n<td><strong>14\/12\/2023<\/strong><\/td>\n<\/tr>\n<tr>\n<td><b>Informa\u00e7\u00e3o 6 \u2013 Sess\u00e3o P\u00fablica de Apura\u00e7\u00e3o do Resultado do Concurso<\/b><\/td>\n<td><strong><a href=\"https:\/\/jandaiadosul.ufpr.br\/concursos\/wp-content\/uploads\/sites\/38\/2023\/12\/sei_6279897_informacao_6.pdf\">Informa\u00e7\u00e3o 6<\/a><\/strong><\/td>\n<td><strong>14\/12\/2023<\/strong><\/td>\n<\/tr>\n<tr>\n<td><b>Edital 06\/2023 \u2013 Edital do Resultado Final do Concurso P\u00fablico Edital 330\/2023 PROGEPE UFPR<\/b><\/td>\n<td><strong><a href=\"https:\/\/jandaiadosul.ufpr.br\/concursos\/wp-content\/uploads\/sites\/38\/2023\/12\/sei_6281628_edital_06.pdf\">Edital 6<\/a><\/strong><\/td>\n<td><strong>14\/12\/2023<\/strong><\/td>\n<\/tr>\n<tr>\n<td><b>Edital 408\/23 \u2013 Resultado Final do Concurso P\u00fablico Edital 330\/2023 PROGEPE UFPR \u2013\u00a0<\/b><b>publicado no D.O.U. de 22<\/b><b>\/12\/2023<\/b><b><\/b><\/td>\n<td><a href=\"https:\/\/jandaiadosul.ufpr.br\/concursos\/wp-content\/uploads\/sites\/38\/2023\/12\/edital-progepe.pdf\"><strong>Edital 408<\/strong><\/a><\/td>\n<td><strong>22\/12\/2023<\/strong><\/td>\n<\/tr>\n<\/tbody>\n<\/table>\n<p>&nbsp;<\/p>\n<\/div>\n","protected":false},"excerpt":{"rendered":"<p>Concursos e Testes Seletivos \u2013 Docentes Est\u00e1 aberto o EDITAL N\u00ba 330\/23 \u2013 PROGEPE para o provimento de cargo de professor(a) da Carreira do Magist\u00e9rio [&hellip;]<\/p>\n","protected":false},"author":3633,"featured_media":0,"parent":0,"menu_order":0,"comment_status":"closed","ping_status":"closed","template":"","meta":{"_acf_changed":false,"footnotes":""},"class_list":["post-331","page","type-page","status-publish","hentry"],"acf":[],"_links":{"self":[{"href":"https:\/\/jandaiadosul.ufpr.br\/concursos\/wp-json\/wp\/v2\/pages\/331","targetHints":{"allow":["GET"]}}],"collection":[{"href":"https:\/\/jandaiadosul.ufpr.br\/concursos\/wp-json\/wp\/v2\/pages"}],"about":[{"href":"https:\/\/jandaiadosul.ufpr.br\/concursos\/wp-json\/wp\/v2\/types\/page"}],"author":[{"embeddable":true,"href":"https:\/\/jandaiadosul.ufpr.br\/concursos\/wp-json\/wp\/v2\/users\/3633"}],"replies":[{"embeddable":true,"href":"https:\/\/jandaiadosul.ufpr.br\/concursos\/wp-json\/wp\/v2\/comments?post=331"}],"version-history":[{"count":1,"href":"https:\/\/jandaiadosul.ufpr.br\/concursos\/wp-json\/wp\/v2\/pages\/331\/revisions"}],"predecessor-version":[{"id":332,"href":"https:\/\/jandaiadosul.ufpr.br\/concursos\/wp-json\/wp\/v2\/pages\/331\/revisions\/332"}],"wp:attachment":[{"href":"https:\/\/jandaiadosul.ufpr.br\/concursos\/wp-json\/wp\/v2\/media?parent=331"}],"curies":[{"name":"wp","href":"https:\/\/api.w.org\/{rel}","templated":true}]}}