{"id":1061,"date":"2025-06-03T10:28:05","date_gmt":"2025-06-03T13:28:05","guid":{"rendered":"https:\/\/jandaiadosul.ufpr.br\/concursos\/?page_id=1061"},"modified":"2025-06-26T17:37:19","modified_gmt":"2025-06-26T20:37:19","slug":"1061-2","status":"publish","type":"page","link":"https:\/\/jandaiadosul.ufpr.br\/concursos\/1061-2\/","title":{"rendered":""},"content":{"rendered":"<h2>Edital 086\/25 \u2013 Ci\u00eancias Agr\u00e1rias\/Agronomia\/Fitotecnia\/Entomologia Agr\u00edcola<\/h2>\n<div>\n<p>Est\u00e1 aberto o EDITAL N\u00ba 086\/25 \u2013 PROGEPE para o provimento de cargo de professor(a) da Carreira do Magist\u00e9rio Superior, para o Quadro Permanente desta Universidade para o Campus Avan\u00e7ado de Jandaia do Sul, contratado(a) sob o Regime Jur\u00eddico \u00danico dos Servidores P\u00fablicos Civis da Uni\u00e3o, Autarquias e das Funda\u00e7\u00f5es P\u00fablicas e Federais, em conformidade com a Lei n\u00ba 8.112, de 11 de dezembro de 1990.<\/p>\n<div>\n<p>Processo: 23075.062238\/2024\u201036<\/p>\n<p>Classe: A-Adjunto A<\/p>\n<p class=\"x_ContentPasted0 x_elementToProof\">\u00c1rea de Conhecimento: Ci\u00eancias Agr\u00e1rias\/Agronomia\/Fitotecnia\/Entomologia Agr\u00edcola (vaga 2)<\/p>\n<p class=\"x_ContentPasted0 x_elementToProof\">Titula\u00e7\u00e3o m\u00ednima exigida:<\/p>\n<p>Vaga 02: Gradua\u00e7\u00e3o em Agronomia ou Engenharia Agron\u00f4mica, com t\u00edtulo de Doutor em Agronomia\/Entomologia ou Fitotecnia ou Produ\u00e7\u00e3o Vegetal, e tese na \u00e1rea de Entomologia Agr\u00edcola, obtidos na forma da lei.<\/p>\n<p class=\"x_ContentPasted0\">Regime de Trabalho: 40 (quarenta) horas semanais \u2013 DE (dedica\u00e7\u00e3o exclusiva)<\/p>\n<p class=\"x_ContentPasted0\">N\u00famero de vagas: 01<\/p>\n<p class=\"x_ContentPasted0 x_elementToProof\">Tipos de Provas: Escrita (eliminat\u00f3ria), did\u00e1tica (eliminat\u00f3ria), an\u00e1lise de curr\u00edculo (classificat\u00f3ria) e defesa do curr\u00edculo e do projeto de pesquisa (classificat\u00f3ria).<\/p>\n<p>Inscri\u00e7\u00e3o: uaa.jandaia@ufpr.br<\/p>\n<p class=\"x_ContentPasted0 x_elementToProof\">O per\u00edodo das inscri\u00e7\u00f5es ser\u00e1:\u00a0<b>01 de abril de 2025 a 30 de abril de 2025. Das 00h do primeiro dia \u00e0s 23h59 do \u00faltimo dia de inscri\u00e7\u00f5es.<\/b><\/p>\n<p class=\"x_ContentPasted0\">Taxa de Inscri\u00e7\u00e3o: taxa de inscri\u00e7\u00e3o no valor de R$240,00 (duzentos e quarenta reais).<\/p>\n<p>&nbsp;<\/p>\n<table style=\"width: 78.5487%;height: 336px\">\n<tbody>\n<tr style=\"height: 24px\">\n<td style=\"height: 24px;width: 101.341%\" colspan=\"3\"><strong>EDITAIS, COMUNICADOS E INFORMA\u00c7\u00d5ES<\/strong><\/td>\n<\/tr>\n<tr style=\"height: 24px\">\n<td style=\"height: 24px;width: 70.5302%\"><strong>Edital de Abertura<\/strong><\/td>\n<td style=\"height: 24px;width: 17.016%\"><a href=\"https:\/\/jandaiadosul.ufpr.br\/concursos\/wp-content\/uploads\/sites\/38\/2025\/03\/edital086-25.pdf\">Edital 086\/2025<\/a><\/td>\n<td style=\"height: 24px;width: 13.7953%\">13\/03\/2025<\/td>\n<\/tr>\n<tr style=\"height: 24px\">\n<td style=\"height: 24px;width: 70.5302%\"><strong>Programa de Pontos<br \/>\n<\/strong><\/td>\n<td style=\"height: 24px;width: 17.016%\"><a href=\"https:\/\/jandaiadosul.ufpr.br\/concursos\/wp-content\/uploads\/sites\/38\/2025\/03\/edital-01-25-programa-de-pontos-agronomia.pdf\">Edital 01-25<\/a><\/td>\n<td style=\"height: 24px;width: 13.7953%\">31\/03\/2025<\/td>\n<\/tr>\n<tr style=\"height: 48px\">\n<td style=\"height: 48px;width: 70.5302%\"><strong>Isen\u00e7\u00e3o da Taxa de Inscri\u00e7\u00e3o \u2013 Registro Nacional de Doador Volunt\u00e1rio de Medula \u00d3ssea (REDOME)<\/strong><\/td>\n<td style=\"height: 48px;width: 17.016%\"><a href=\"https:\/\/jandaiadosul.ufpr.br\/concursos\/wp-content\/uploads\/sites\/38\/2025\/04\/sei_7690950_edital_02-isencao-concurso-agronomia.pdf\">Edital 02-25<\/a><\/td>\n<td style=\"height: 48px;width: 13.7953%\">15\/04\/2025<\/td>\n<\/tr>\n<tr style=\"height: 24px\">\n<td style=\"height: 24px;width: 70.5302%\"><strong>Comiss\u00e3o de Homologa\u00e7\u00e3o das Inscri\u00e7\u00f5es \u2013 Entomologia Agr\u00edcola<\/strong><\/td>\n<td style=\"height: 24px;width: 17.016%\"><a href=\"https:\/\/jandaiadosul.ufpr.br\/concursos\/wp-content\/uploads\/sites\/38\/2025\/05\/sei_7760179_portaria_25.pdf\">Portaria 25\/25<\/a><\/td>\n<td style=\"height: 24px;width: 13.7953%\">08\/05\/2025<\/td>\n<\/tr>\n<tr style=\"height: 24px\">\n<td style=\"height: 24px;width: 70.5302%\"><strong>Homologa\u00e7\u00e3o das Inscri\u00e7\u00f5es<\/strong><\/td>\n<td style=\"height: 24px;width: 17.016%\"><a href=\"https:\/\/jandaiadosul.ufpr.br\/concursos\/wp-content\/uploads\/sites\/38\/2025\/05\/sei_7760027_edital_03-2.pdf\">Edital 03\/2025<\/a><\/td>\n<td style=\"height: 24px;width: 13.7953%\">09\/05\/2025<\/td>\n<\/tr>\n<tr style=\"height: 24px\">\n<td style=\"height: 24px;width: 70.5302%\"><strong>An\u00e1lise do Pedido de Recurso<\/strong><\/td>\n<td style=\"height: 24px;width: 17.016%\"><a href=\"https:\/\/jandaiadosul.ufpr.br\/concursos\/wp-content\/uploads\/sites\/38\/2025\/05\/sei_7769839_ata_de_reuniao-1.pdf\">Ata de Reuni\u00e3o<\/a><\/td>\n<td style=\"height: 24px;width: 13.7953%\">13\/05\/2025<\/td>\n<\/tr>\n<tr style=\"height: 24px\">\n<td style=\"height: 24px;width: 70.5302%\"><strong>Portaria 34 \u2013 Banca Examinadora Entomologia Agr\u00edcola<\/strong><\/td>\n<td style=\"height: 24px;width: 17.016%\"><a href=\"https:\/\/jandaiadosul.ufpr.br\/concursos\/wp-content\/uploads\/sites\/38\/2025\/06\/sei_7832329_portaria_34.pdf\">Portaria 34\/25<\/a><\/td>\n<td style=\"height: 24px;width: 13.7953%\">03\/06\/2025<\/td>\n<\/tr>\n<tr style=\"height: 24px\">\n<td style=\"height: 24px;width: 70.5302%\"><strong>Cronograma Preliminar\u00a0<\/strong><\/td>\n<td style=\"height: 24px;width: 17.016%\"><span style=\"color: #0000ff\"><a style=\"color: #0000ff\" href=\"https:\/\/jandaiadosul.ufpr.br\/concursos\/wp-content\/uploads\/sites\/38\/2025\/06\/cronograma-preliminar.pdf\">Cronograma de Provas<\/a><\/span><\/td>\n<td style=\"height: 24px;width: 13.7953%\">03\/06\/2025<\/td>\n<\/tr>\n<tr style=\"height: 48px\">\n<td style=\"height: 48px;width: 70.5302%\"><strong>RESULTADO AP\u00d3S AN\u00c1LISE DE SOLICITA\u00c7\u00c3O DE CONDI\u00c7\u00d5ES ESPECIAIS PARA<br \/>\nREALIZA\u00c7\u00c3O DAS PROVAS<\/strong><\/td>\n<td style=\"height: 48px;width: 17.016%\"><a href=\"https:\/\/jandaiadosul.ufpr.br\/concursos\/wp-content\/uploads\/sites\/38\/2025\/06\/resultado-condicoes-especiais-concurso-entomologia.pdf\">INFORMA\u00c7\u00c3O N\u00ba 8\/2025\/UFPR\/R\/JA<\/a><\/td>\n<td style=\"height: 48px;width: 13.7953%\">09\/06\/2025<\/td>\n<\/tr>\n<tr style=\"height: 24px\">\n<td style=\"height: 24px;width: 70.5302%\"><strong>Local de Aplica\u00e7\u00e3o das Provas<\/strong><\/td>\n<td style=\"height: 24px;width: 17.016%\"><a href=\"https:\/\/jandaiadosul.ufpr.br\/concursos\/wp-content\/uploads\/sites\/38\/2025\/06\/local-de-prova-1.pdf\">Local<\/a><\/td>\n<td style=\"height: 24px;width: 13.7953%\">09\/06\/2025<\/td>\n<\/tr>\n<tr style=\"height: 24px\">\n<td style=\"width: 70.5302%;height: 24px\"><strong>Crit\u00e9rios de Julgamento da Prova Escrita<\/strong><\/td>\n<td style=\"width: 17.016%;height: 24px\"><a href=\"https:\/\/jandaiadosul.ufpr.br\/concursos\/wp-content\/uploads\/sites\/38\/2025\/06\/criterio-de-julgamento-da-prova-escrita-1.pdf\">Crit\u00e9rios Escrita<\/a><\/td>\n<td style=\"width: 13.7953%;height: 24px\">09\/06\/2025<\/td>\n<\/tr>\n<tr>\n<td style=\"width: 70.5302%\"><strong>Crit\u00e9rios de Julgamento da Prova Did\u00e1tica<\/strong><\/td>\n<td style=\"width: 17.016%\"><a href=\"https:\/\/jandaiadosul.ufpr.br\/concursos\/wp-content\/uploads\/sites\/38\/2025\/06\/criterio-de-julgamento-da-prova-didatica.pdf\">Crit\u00e9rios Did\u00e1tica<\/a><\/td>\n<td style=\"width: 13.7953%\">09\/06\/2025<\/td>\n<\/tr>\n<tr>\n<td style=\"width: 70.5302%\"><strong>Altera\u00e7\u00e3o do local da sess\u00e3o p\u00fablica de leitura da prova escrita<\/strong><\/td>\n<td style=\"width: 17.016%\"><a href=\"https:\/\/jandaiadosul.ufpr.br\/concursos\/wp-content\/uploads\/sites\/38\/2025\/06\/alteracao-local-leitura-prova-escrita.pdf\">Edital<\/a><\/td>\n<td style=\"width: 13.7953%\">23\/06\/2025<\/td>\n<\/tr>\n<tr>\n<td style=\"width: 70.5302%\"><strong>Classificados para a prova did\u00e1tica<\/strong><\/td>\n<td style=\"width: 17.016%\"><a href=\"https:\/\/jandaiadosul.ufpr.br\/concursos\/wp-content\/uploads\/sites\/38\/2025\/06\/classificados-para-didatica-1.pdf\">Edital<\/a><\/td>\n<td style=\"width: 13.7953%\">23\/06\/2025 \u00e0s 18:46 h<\/td>\n<\/tr>\n<tr>\n<td style=\"width: 70.5302%\"><strong>Cronograma de sorteio da did\u00e1tica e entrega das c\u00f3pias do curr\u00edculo e projeto de pesquisa<\/strong><\/td>\n<td style=\"width: 17.016%\"><a href=\"https:\/\/jandaiadosul.ufpr.br\/concursos\/wp-content\/uploads\/sites\/38\/2025\/06\/cronograma-sorteio-didatica.pdf\">Cronograma<\/a><\/td>\n<td style=\"width: 13.7953%\">23\/06\/2025<\/td>\n<\/tr>\n<tr>\n<td style=\"width: 70.5302%\"><strong>Classificados para a prova de argui\u00e7\u00e3o do curr\u00edculo e projeto de pesquisa<\/strong><\/td>\n<td style=\"width: 17.016%\"><a href=\"https:\/\/jandaiadosul.ufpr.br\/concursos\/wp-content\/uploads\/sites\/38\/2025\/06\/edital-classificados-para-a-prova-de-arguicao.pdf\">Edital<\/a><\/td>\n<td style=\"width: 13.7953%\">25\/06\/2025 \u00e0s 18:23h<\/td>\n<\/tr>\n<tr>\n<td style=\"width: 70.5302%\"><strong>Cronograma da prova de argui\u00e7\u00e3o do curr\u00edculo e projeto de pesquisa<\/strong><\/td>\n<td style=\"width: 17.016%\"><a href=\"https:\/\/jandaiadosul.ufpr.br\/concursos\/wp-content\/uploads\/sites\/38\/2025\/06\/cronograma-prova-de-arguicao.pdf\">Cronograma<\/a><\/td>\n<td style=\"width: 13.7953%\">25\/06\/2025<\/td>\n<\/tr>\n<tr>\n<td style=\"width: 70.5302%\"><strong>Cronograma da sess\u00e3o p\u00fablica de divulga\u00e7\u00e3o<\/strong><\/td>\n<td style=\"width: 17.016%\"><a href=\"https:\/\/jandaiadosul.ufpr.br\/concursos\/wp-content\/uploads\/sites\/38\/2025\/06\/edital-sessao-publica-de-divulgacao-dos-resultados.pdf\">Cronograma<\/a><\/td>\n<td style=\"width: 13.7953%\">26\/06\/2025<\/td>\n<\/tr>\n<tr>\n<td style=\"width: 70.5302%\"><strong>Resultado final<\/strong><\/td>\n<td style=\"width: 17.016%\"><a href=\"https:\/\/jandaiadosul.ufpr.br\/concursos\/wp-content\/uploads\/sites\/38\/2025\/06\/edital-classificacao-final.pdf\">Edital<\/a><\/td>\n<td style=\"width: 13.7953%\">26\/06\/2026 \u00e0s 17:37 h<\/td>\n<\/tr>\n<\/tbody>\n<\/table>\n<\/div>\n<\/div>\n","protected":false},"excerpt":{"rendered":"<p>Edital 086\/25 \u2013 Ci\u00eancias Agr\u00e1rias\/Agronomia\/Fitotecnia\/Entomologia Agr\u00edcola Est\u00e1 aberto o EDITAL N\u00ba 086\/25 \u2013 PROGEPE para o provimento de cargo de professor(a) da Carreira do Magist\u00e9rio [&hellip;]<\/p>\n","protected":false},"author":3633,"featured_media":0,"parent":0,"menu_order":0,"comment_status":"closed","ping_status":"closed","template":"","meta":{"_acf_changed":false,"footnotes":""},"class_list":["post-1061","page","type-page","status-publish","hentry"],"acf":[],"_links":{"self":[{"href":"https:\/\/jandaiadosul.ufpr.br\/concursos\/wp-json\/wp\/v2\/pages\/1061","targetHints":{"allow":["GET"]}}],"collection":[{"href":"https:\/\/jandaiadosul.ufpr.br\/concursos\/wp-json\/wp\/v2\/pages"}],"about":[{"href":"https:\/\/jandaiadosul.ufpr.br\/concursos\/wp-json\/wp\/v2\/types\/page"}],"author":[{"embeddable":true,"href":"https:\/\/jandaiadosul.ufpr.br\/concursos\/wp-json\/wp\/v2\/users\/3633"}],"replies":[{"embeddable":true,"href":"https:\/\/jandaiadosul.ufpr.br\/concursos\/wp-json\/wp\/v2\/comments?post=1061"}],"version-history":[{"count":23,"href":"https:\/\/jandaiadosul.ufpr.br\/concursos\/wp-json\/wp\/v2\/pages\/1061\/revisions"}],"predecessor-version":[{"id":1235,"href":"https:\/\/jandaiadosul.ufpr.br\/concursos\/wp-json\/wp\/v2\/pages\/1061\/revisions\/1235"}],"wp:attachment":[{"href":"https:\/\/jandaiadosul.ufpr.br\/concursos\/wp-json\/wp\/v2\/media?parent=1061"}],"curies":[{"name":"wp","href":"https:\/\/api.w.org\/{rel}","templated":true}]}}