{"id":1056,"date":"2025-06-03T10:22:41","date_gmt":"2025-06-03T13:22:41","guid":{"rendered":"https:\/\/jandaiadosul.ufpr.br\/concursos\/?page_id=1056"},"modified":"2025-06-16T13:32:19","modified_gmt":"2025-06-16T16:32:19","slug":"1056-2","status":"publish","type":"page","link":"https:\/\/jandaiadosul.ufpr.br\/concursos\/1056-2\/","title":{"rendered":""},"content":{"rendered":"<div>\n<h2>Edital 086\/25 \u2013 Ci\u00eancias Agr\u00e1rias\/Agronomia\/Fitotecnia\/Melhoramento Gen\u00e9tico<\/h2>\n<div>\n<p>Est\u00e1 aberto o EDITAL N\u00ba 086\/25 \u2013 PROGEPE para o provimento de cargo de professor(a) da Carreira do Magist\u00e9rio Superior, para o Quadro Permanente desta Universidade para o Campus Avan\u00e7ado de Jandaia do Sul, contratado(a) sob o Regime Jur\u00eddico \u00danico dos Servidores P\u00fablicos Civis da Uni\u00e3o, Autarquias e das Funda\u00e7\u00f5es P\u00fablicas e Federais, em conformidade com a Lei n\u00ba 8.112, de 11 de dezembro de 1990.<\/p>\n<div>\n<p>Processo: 23075.062238\/2024\u201036<\/p>\n<p>Classe: A-Adjunto A<\/p>\n<p class=\"x_ContentPasted0 x_elementToProof\">\u00c1rea de Conhecimento: Ci\u00eancias Agr\u00e1rias\/Agronomia\/Fitotecnia\/Melhoramento Gen\u00e9tico<\/p>\n<p class=\"x_ContentPasted0 x_elementToProof\">Titula\u00e7\u00e3o m\u00ednima exigida:<\/p>\n<p class=\"x_ContentPasted0 x_elementToProof\">Vaga 01: Gradua\u00e7\u00e3o em Agronomia ou Engenharia Agron\u00f4mica, com t\u00edtulo de Doutor em Agronomia\/Melhoramento Gen\u00e9tico ou Fitotecnia ou Produ\u00e7\u00e3o Vegetal, e tese na \u00e1rea de Melhoramento Gen\u00e9tico, obtidos na forma da lei.<\/p>\n<p class=\"x_ContentPasted0\">Regime de Trabalho: 40 (quarenta) horas semanais \u2013 DE (dedica\u00e7\u00e3o exclusiva)<\/p>\n<p class=\"x_ContentPasted0\">N\u00famero de vagas: 01<\/p>\n<p class=\"x_ContentPasted0 x_elementToProof\">Tipos de Provas: Escrita (eliminat\u00f3ria), did\u00e1tica (eliminat\u00f3ria), an\u00e1lise de curr\u00edculo (classificat\u00f3ria) e defesa do curr\u00edculo e do projeto de pesquisa (classificat\u00f3ria).<\/p>\n<p>Inscri\u00e7\u00e3o: uaa.jandaia@ufpr.br<\/p>\n<p class=\"x_ContentPasted0 x_elementToProof\">O per\u00edodo das inscri\u00e7\u00f5es ser\u00e1:\u00a0<b>01 de abril de 2025 a 30 de abril de 2025. Das 00h do primeiro dia \u00e0s 23h59 do \u00faltimo dia de inscri\u00e7\u00f5es.<\/b><\/p>\n<p class=\"x_ContentPasted0\">Taxa de Inscri\u00e7\u00e3o: taxa de inscri\u00e7\u00e3o no valor de R$240,00 (duzentos e quarenta reais).<\/p>\n<p>&nbsp;<\/p>\n<table style=\"width: 76.6587%;height: 336px\">\n<tbody>\n<tr style=\"height: 24px\">\n<td style=\"height: 24px;width: 98.4155%\" colspan=\"3\"><strong>EDITAIS, COMUNICADOS E INFORMA\u00c7\u00d5ES<\/strong><\/td>\n<\/tr>\n<tr style=\"height: 24px\">\n<td style=\"height: 24px;width: 63.2042%\"><strong>Edital de Abertura<\/strong><\/td>\n<td style=\"height: 24px;width: 19.0141%\"><a href=\"https:\/\/jandaiadosul.ufpr.br\/concursos\/wp-content\/uploads\/sites\/38\/2025\/03\/edital086-25.pdf\">Edital 086\/2025<\/a><\/td>\n<td style=\"height: 24px;width: 16.1972%\">13\/03\/2025<\/td>\n<\/tr>\n<tr style=\"height: 24px\">\n<td style=\"height: 24px;width: 63.2042%\"><strong>Programa de Pontos<br \/>\n<\/strong><\/td>\n<td style=\"height: 24px;width: 19.0141%\"><a href=\"https:\/\/jandaiadosul.ufpr.br\/concursos\/wp-content\/uploads\/sites\/38\/2025\/03\/edital-01-25-programa-de-pontos-agronomia.pdf\">Edital 01-25<\/a><\/td>\n<td style=\"height: 24px;width: 16.1972%\">31\/03\/2025<\/td>\n<\/tr>\n<tr style=\"height: 48px\">\n<td style=\"height: 48px;width: 63.2042%\"><strong>Isen\u00e7\u00e3o da Taxa de Inscri\u00e7\u00e3o \u2013 Registro Nacional de Doador Volunt\u00e1rio de Medula \u00d3ssea (REDOME)<\/strong><\/td>\n<td style=\"height: 48px;width: 19.0141%\"><a href=\"https:\/\/jandaiadosul.ufpr.br\/concursos\/wp-content\/uploads\/sites\/38\/2025\/04\/sei_7690950_edital_02-isencao-concurso-agronomia.pdf\">Edital 02-25<\/a><\/td>\n<td style=\"height: 48px;width: 16.1972%\">15\/04\/2025<\/td>\n<\/tr>\n<tr style=\"height: 24px\">\n<td style=\"height: 24px;width: 63.2042%\"><strong>Comiss\u00e3o de Homologa\u00e7\u00e3o das Inscri\u00e7\u00f5es \u2013 Melhoramento Gen\u00e9tico<\/strong><\/td>\n<td style=\"height: 24px;width: 19.0141%\"><a href=\"https:\/\/jandaiadosul.ufpr.br\/concursos\/wp-content\/uploads\/sites\/38\/2025\/05\/sei_7760165_portaria_24.pdf\">Portaria 24\/25<\/a><\/td>\n<td style=\"height: 24px;width: 16.1972%\">08\/05\/2025<\/td>\n<\/tr>\n<tr style=\"height: 24px\">\n<td style=\"height: 24px;width: 63.2042%\"><strong>Homologa\u00e7\u00e3o das Inscri\u00e7\u00f5es<\/strong><\/td>\n<td style=\"height: 24px;width: 19.0141%\"><a href=\"https:\/\/jandaiadosul.ufpr.br\/concursos\/wp-content\/uploads\/sites\/38\/2025\/05\/sei_7760027_edital_03-2.pdf\">Edital 03\/2025<\/a><\/td>\n<td style=\"height: 24px;width: 16.1972%\">09\/05\/2025<\/td>\n<\/tr>\n<tr style=\"height: 24px\">\n<td style=\"height: 24px;width: 63.2042%\"><strong>An\u00e1lise do Pedido de Recurso<\/strong><\/td>\n<td style=\"height: 24px;width: 19.0141%\"><a href=\"https:\/\/jandaiadosul.ufpr.br\/concursos\/wp-content\/uploads\/sites\/38\/2025\/05\/sei_7769839_ata_de_reuniao-1.pdf\">Ata de Reuni\u00e3o<\/a><\/td>\n<td style=\"height: 24px;width: 16.1972%\">13\/05\/2025<\/td>\n<\/tr>\n<tr style=\"height: 24px\">\n<td style=\"height: 24px;width: 63.2042%\"><strong>Portaria 30 \u2013 Banca Examinadora Melhoramento Gen\u00e9tico<\/strong><\/td>\n<td style=\"height: 24px;width: 19.0141%\"><a href=\"https:\/\/jandaiadosul.ufpr.br\/concursos\/wp-content\/uploads\/sites\/38\/2025\/05\/sei_7808597_portaria_30-concurso-agronomia-melhoramento-banca-examidora.pdf\">Portaria 30\/2025<\/a><\/td>\n<td style=\"height: 24px;width: 16.1972%\">26\/05\/2025<\/td>\n<\/tr>\n<tr style=\"height: 24px\">\n<td style=\"height: 24px;width: 63.2042%\"><strong>Cronograma Preliminar Melhoramento Gen\u00e9tico<\/strong><\/td>\n<td style=\"height: 24px;width: 19.0141%\"><a href=\"https:\/\/jandaiadosul.ufpr.br\/concursos\/wp-content\/uploads\/sites\/38\/2025\/05\/cronograma-preliminar-sei-concurso-de-agronomia-vaga-01.pdf\">Cronograma<\/a><\/td>\n<td style=\"height: 24px;width: 16.1972%\">26\/05\/2025<\/td>\n<\/tr>\n<tr style=\"height: 48px\">\n<td style=\"height: 48px;width: 63.2042%\"><strong>Local de Aplica\u00e7\u00e3o das Provas<\/strong><\/td>\n<td style=\"height: 48px;width: 19.0141%\"><a href=\"https:\/\/jandaiadosul.ufpr.br\/concursos\/wp-content\/uploads\/sites\/38\/2025\/06\/local-de-prova.pdf\">Local de Aplica\u00e7\u00e3o<\/a><\/td>\n<td style=\"height: 48px;width: 16.1972%\">02\/06\/2025<\/td>\n<\/tr>\n<tr style=\"height: 24px\">\n<td style=\"height: 24px;width: 63.2042%\"><strong>Crit\u00e9rios de Julgamento da Prova Escrita<\/strong><\/td>\n<td style=\"height: 24px;width: 19.0141%\"><a href=\"https:\/\/jandaiadosul.ufpr.br\/concursos\/wp-content\/uploads\/sites\/38\/2025\/06\/criterio-de-julgamento-da-prova-escrita.pdf\">Crit\u00e9rios<\/a><\/td>\n<td style=\"height: 24px;width: 16.1972%\">02\/06\/2025<\/td>\n<\/tr>\n<tr style=\"height: 24px\">\n<td style=\"height: 24px;width: 63.2042%\"><strong>Altera\u00e7\u00e3o no cronograma da leitura da Prova Escrita<br \/>\n<\/strong><\/td>\n<td style=\"height: 24px;width: 19.0141%\"><a href=\"https:\/\/jandaiadosul.ufpr.br\/concursos\/wp-content\/uploads\/sites\/38\/2025\/06\/sei_7848586_despacho_150-concurso-melhoramento-genetico.pdf\">Despacho<\/a><\/td>\n<td style=\"height: 24px;width: 16.1972%\">09\/06\/2025<\/td>\n<\/tr>\n<tr>\n<td style=\"width: 63.2042%\"><strong>Crit\u00e9rios de Julgamento da Prova Did\u00e1tica (Resolu\u00e7\u00e3o 66-A\/16 CEPE)<\/strong><\/td>\n<td style=\"width: 19.0141%\"><a href=\"https:\/\/jandaiadosul.ufpr.br\/concursos\/wp-content\/uploads\/sites\/38\/2025\/06\/sei_7849655_informacao_9-criterios-de-julgamento.pdf\">Informa\u00e7\u00e3o<\/a><\/td>\n<td style=\"width: 16.1972%\">09\/06\/2025<\/td>\n<\/tr>\n<tr>\n<td style=\"width: 63.2042%\"><strong>Classificados para a Prova Did\u00e1tica<\/strong><\/td>\n<td style=\"width: 19.0141%\"><a href=\"https:\/\/jandaiadosul.ufpr.br\/concursos\/wp-content\/uploads\/sites\/38\/2025\/06\/classificados-para-didatica.pdf\">Classificados<\/a><\/td>\n<td style=\"width: 16.1972%\">09\/06\/2025<\/td>\n<\/tr>\n<tr>\n<td style=\"width: 63.2042%\"><strong>Cronograma sorteio Prova Did\u00e1tica<\/strong><\/td>\n<td style=\"width: 19.0141%\"><a href=\"https:\/\/jandaiadosul.ufpr.br\/concursos\/wp-content\/uploads\/sites\/38\/2025\/06\/cronograma-sorteio-prova-didatica.pdf\">Edital\u00a0<\/a><\/td>\n<td style=\"width: 16.1972%\">09\/06\/2025<\/td>\n<\/tr>\n<tr>\n<td style=\"width: 63.2042%\"><strong>Classificados argui\u00e7\u00e3o Curr\u00edculo e Projeto de Pesquisa<\/strong><\/td>\n<td style=\"width: 19.0141%\"><a href=\"https:\/\/jandaiadosul.ufpr.br\/concursos\/wp-content\/uploads\/sites\/38\/2025\/06\/edital-aprovados-na-didatica.pdf\">Classificados<\/a><\/td>\n<td style=\"width: 16.1972%\">11\/06\/2025<\/td>\n<\/tr>\n<tr>\n<td style=\"width: 63.2042%\"><strong>Cronograma etapa de argui\u00e7\u00e3o do Curr\u00edculo e Projeto de Pesquisa<\/strong><\/td>\n<td style=\"width: 19.0141%\"><a href=\"https:\/\/jandaiadosul.ufpr.br\/concursos\/wp-content\/uploads\/sites\/38\/2025\/06\/cronograma-arguicao.pdf\">Edital<\/a><\/td>\n<td style=\"width: 16.1972%\">11\/06\/2025<\/td>\n<\/tr>\n<tr>\n<td style=\"width: 63.2042%\"><strong>Edital Sess\u00e3o P\u00fablica de Divulga\u00e7\u00e3o do resultado final<\/strong><\/td>\n<td style=\"width: 19.0141%\"><a href=\"https:\/\/jandaiadosul.ufpr.br\/concursos\/wp-content\/uploads\/sites\/38\/2025\/06\/edital-sessao-publica.pdf\">Edital<\/a><\/td>\n<td style=\"width: 16.1972%\">11\/06\/2025<\/td>\n<\/tr>\n<tr>\n<td style=\"width: 63.2042%\"><strong>Edital Resultado Final<\/strong><\/td>\n<td style=\"width: 19.0141%\"><a href=\"https:\/\/jandaiadosul.ufpr.br\/concursos\/wp-content\/uploads\/sites\/38\/2025\/06\/classificacao-final.pdf\">Edital<\/a><\/td>\n<td style=\"width: 16.1972%\">12\/06\/2025<\/td>\n<\/tr>\n<tr>\n<td style=\"width: 63.2042%\"><strong>Ata sess\u00e3o p\u00fablica divulga\u00e7\u00e3o do resultado<\/strong><\/td>\n<td style=\"width: 19.0141%\"><a href=\"https:\/\/jandaiadosul.ufpr.br\/concursos\/wp-content\/uploads\/sites\/38\/2025\/06\/ata-sessao-divulgacao-do-resultado.pdf\">Ata<\/a><\/td>\n<td style=\"width: 16.1972%\">16\/06\/2025<\/td>\n<\/tr>\n<\/tbody>\n<\/table>\n<\/div>\n<\/div>\n<\/div>\n","protected":false},"excerpt":{"rendered":"<p>Edital 086\/25 \u2013 Ci\u00eancias Agr\u00e1rias\/Agronomia\/Fitotecnia\/Melhoramento Gen\u00e9tico Est\u00e1 aberto o EDITAL N\u00ba 086\/25 \u2013 PROGEPE para o provimento de cargo de professor(a) da Carreira do Magist\u00e9rio [&hellip;]<\/p>\n","protected":false},"author":3633,"featured_media":0,"parent":0,"menu_order":0,"comment_status":"closed","ping_status":"closed","template":"","meta":{"_acf_changed":false,"footnotes":""},"class_list":["post-1056","page","type-page","status-publish","hentry"],"acf":[],"_links":{"self":[{"href":"https:\/\/jandaiadosul.ufpr.br\/concursos\/wp-json\/wp\/v2\/pages\/1056","targetHints":{"allow":["GET"]}}],"collection":[{"href":"https:\/\/jandaiadosul.ufpr.br\/concursos\/wp-json\/wp\/v2\/pages"}],"about":[{"href":"https:\/\/jandaiadosul.ufpr.br\/concursos\/wp-json\/wp\/v2\/types\/page"}],"author":[{"embeddable":true,"href":"https:\/\/jandaiadosul.ufpr.br\/concursos\/wp-json\/wp\/v2\/users\/3633"}],"replies":[{"embeddable":true,"href":"https:\/\/jandaiadosul.ufpr.br\/concursos\/wp-json\/wp\/v2\/comments?post=1056"}],"version-history":[{"count":17,"href":"https:\/\/jandaiadosul.ufpr.br\/concursos\/wp-json\/wp\/v2\/pages\/1056\/revisions"}],"predecessor-version":[{"id":1185,"href":"https:\/\/jandaiadosul.ufpr.br\/concursos\/wp-json\/wp\/v2\/pages\/1056\/revisions\/1185"}],"wp:attachment":[{"href":"https:\/\/jandaiadosul.ufpr.br\/concursos\/wp-json\/wp\/v2\/media?parent=1056"}],"curies":[{"name":"wp","href":"https:\/\/api.w.org\/{rel}","templated":true}]}}