{"id":781,"date":"2023-06-13T08:21:47","date_gmt":"2023-06-13T11:21:47","guid":{"rendered":"https:\/\/jandaiadosul.ufpr.br\/sas\/?page_id=781"},"modified":"2023-06-20T11:01:34","modified_gmt":"2023-06-20T14:01:34","slug":"o-que-afinal-e-cancer","status":"publish","type":"page","link":"https:\/\/jandaiadosul.ufpr.br\/alpem\/o-que-afinal-e-cancer\/","title":{"rendered":"O que, afinal, \u00e9 c\u00e2ncer?"},"content":{"rendered":"<p><a href=\"https:\/\/www.youtube.com\/watch?v=aqBp4VrGGYw\" target=\"_blank\" rel=\"noopener\"><em><b><span style=\"font-size: 14pt\"><strong><span style=\"color: #0000ff\"><span style=\"text-decoration: underline;color: #0000ff\"><img decoding=\"async\" class=\"alignnone wp-image-17283\" src=\"https:\/\/jandaiadosul.ufpr.br\/wp-content\/uploads\/2022\/06\/Sinal-da-Acessibilidade-de-Libras-1.png\" alt=\"\" width=\"89\" height=\"86\" \/><\/span><\/span><\/strong><\/span><\/b><\/em><\/a><\/p>\n<p>&nbsp;<\/p>\n<p><span style=\"font-size: 14pt\"><b>O que \u00e9 c\u00e9lula?<\/b><\/span><\/p>\n<p><img decoding=\"async\" class=\"wp-image-13427 aligncenter\" src=\"https:\/\/jandaiadosul.ufpr.br\/wp-content\/uploads\/2021\/02\/celula-1-freepik-scaled.jpg\" alt=\"\" width=\"275\" height=\"140\" \/><\/p>\n<p>\u00c9 a unidade funcional do corpo humano; s\u00e3o estruturas microsc\u00f3picas que possuem diferentes formas e fun\u00e7\u00f5es, a depender de qual tecido, \u00f3rg\u00e3o ou sistema fazem parte. Um conjunto de c\u00e9lulas forma um tecido, um conjunto de tecidos forma um \u00f3rg\u00e3o, um conjunto de \u00f3rg\u00e3os forma um sistema (respirat\u00f3rio, digest\u00f3rio, circulat\u00f3rio, etc). Os sistemas unidos formam o nosso corpo.<\/p>\n<p>&nbsp;<\/p>\n<p>&nbsp;<\/p>\n<p><span style=\"font-size: 14pt\"><b>O que \u00e9 DNA?<\/b><\/span><\/p>\n<p><img decoding=\"async\" class=\" wp-image-13436 alignright\" src=\"https:\/\/jandaiadosul.ufpr.br\/wp-content\/uploads\/2021\/02\/DNA-2-pixabay-1-150x150.jpg\" alt=\"\" width=\"170\" height=\"170\" \/><\/p>\n<p>DNA \u00e9 a sigla para \u00e1cido desoxirribonucleico. Ele se encontra no n\u00facleo das c\u00e9lulas e armazena toda nossa informa\u00e7\u00e3o gen\u00e9tica, aquela que herdamos de nossos pais e que passaremos para nossos descendentes. O DNA tem uma fun\u00e7\u00e3o muito nobre em nosso organismo, que \u00e9 a de garantir o funcionamento adequado e ordenado de todas as c\u00e9lulas. Um defeito ou erro em sua mol\u00e9cula pode trazer problemas ou mesmo doen\u00e7as ao nosso corpo. Exemplos de doen\u00e7as causadas por anormalidades no DNA: s\u00edndrome de\u00a0<i>Down<\/i>, anemia falciforme, hemofilia, daltonismo (doen\u00e7a do indiv\u00edduo dalt\u00f4nico), dentre in\u00fameras outras.<\/p>\n<p>Um DNA saud\u00e1vel garante a forma\u00e7\u00e3o de c\u00e9lulas, tecidos e \u00f3rg\u00e3os saud\u00e1veis; um DNA com defeito, mesmo que pequeno, pode causar grandes transtornos.<\/p>\n<p>&nbsp;<\/p>\n<p>&nbsp;<\/p>\n<p><span style=\"font-size: 14pt\"><b>O que \u00e9 c\u00e2ncer?<\/b><\/span><\/p>\n<p>Como voc\u00ea bem sabe, a palavra c\u00e2ncer n\u00e3o se refere a uma patologia s\u00f3, e sim a um conjunto de doen\u00e7as que pode afetar qualquer parte do corpo. E o que exatamente \u00e9 o c\u00e2ncer?<\/p>\n<p>\u00c9 a doen\u00e7a que ocorre quando c\u00e9lulas defeituosas se proliferam t\u00e3o desordenadamente que chegam a formar uma \u201cmontanha\u201d, um \u201ccaro\u00e7o\u201d, uma \u201cmassa\u201d, oficialmente conhecida como tumor. As c\u00e9lulas tumorais se multiplicam muito mais r\u00e1pido do que as c\u00e9lulas normais e d\u00e3o origem a in\u00fameras outras c\u00e9lulas tamb\u00e9m defeituosas.<\/p>\n<p><img loading=\"lazy\" decoding=\"async\" class=\"wp-image-13430 aligncenter\" src=\"https:\/\/jandaiadosul.ufpr.br\/wp-content\/uploads\/2021\/02\/tumor-1.png\" alt=\"\" width=\"330\" height=\"206\" \/><\/p>\n<p>Em muitos casos, essa \u201cmassa\u201d de c\u00e9lulas cresce tanto que invade outros \u00f3rg\u00e3os, ao que chamamos de met\u00e1stase.<\/p>\n<p>E o que o DNA \u201ctem a ver\u201d com o c\u00e2ncer? Voc\u00ea provavelmente j\u00e1 adivinhou: certos defeitos (muta\u00e7\u00f5es) no DNA podem resultar em c\u00e2ncer.<\/p>\n<p>&nbsp;<\/p>\n<p>&nbsp;<\/p>\n<p><span style=\"font-size: 14pt\"><b>Por que ocorrem muta\u00e7\u00f5es no DNA?<\/b><\/span><\/p>\n<p>Irradia\u00e7\u00e3o solar, certas subst\u00e2ncias qu\u00edmicas, certos v\u00edrus \u2013 HPV, v\u00edrus da hepatite B, v\u00edrus da hepatite C \u2013 podem danificar o DNA; s\u00e3o os chamados carcin\u00f3genos. Esses agentes, quando em contato prolongado com o organismo, podem modificar os genes, mud\u00e1-los de lugar dentro do DNA ou mesmo delet\u00e1-los.<\/p>\n<p>O tabaco, por exemplo, cont\u00e9m in\u00fameras subst\u00e2ncias carcinog\u00eanicas, podendo causar c\u00e2ncer de pulm\u00e3o, boca, garganta, colo de \u00fatero, bexiga, rim, p\u00e2ncreas, f\u00edgado, es\u00f4fago, est\u00f4mago, intestino, dentre outros. Entenda-se por tabaco n\u00e3o apenas o cigarro comum, mas o de palha, o charuto, gomas de nicotina e\u00a0<i>narguil\u00e9<\/i>. 85% dos casos de c\u00e2ncer de pulm\u00e3o est\u00e3o associados ao tabaco.<\/p>\n<p>&nbsp;<\/p>\n<p>&nbsp;<\/p>\n<p><span style=\"font-size: 14pt\"><b>H\u00e1 casos de c\u00e2ncer em que o indiv\u00edduo aparentemente n\u00e3o entrou em contato com nenhum agente carcinog\u00eanico, de onde veio a muta\u00e7\u00e3o no DNA ent\u00e3o?<\/b><\/span><\/p>\n<p>Nossas c\u00e9lulas est\u00e3o sempre se renovando; elas \u201cmorrem\u201d e s\u00e3o substitu\u00eddas por outras por meio de um processo chamado divis\u00e3o celular. Isso ocorre frequentemente em nosso organismo. J\u00e1 ouviu falar que nossa pele, por exemplo, se renova sempre? Ou que a hem\u00e1cia (c\u00e9lula do sangue) dura apenas 120 dias e depois \u201cmorre\u201d? Pois \u00e9, acontece que podem ocorrer erros na divis\u00e3o celular, altera\u00e7\u00f5es que podem gerar c\u00e9lulas defeituosas causadoras de c\u00e2ncer. Quanto mais idosos ficamos, por mais divis\u00f5es celulares passamos, ou seja, h\u00e1 um aumento na probabilidade de desenvolvermos c\u00e2ncer. Isso explica o fato de que, embora possa ocorrer em qualquer idade, essa doen\u00e7a \u00e9 mais comum em idosos.<\/p>\n<p>&nbsp;<\/p>\n<p><img loading=\"lazy\" decoding=\"async\" class=\"wp-image-13435 aligncenter\" src=\"https:\/\/jandaiadosul.ufpr.br\/wp-content\/uploads\/2021\/02\/tumor-2-1.jpg\" alt=\"\" width=\"453\" height=\"403\" \/><\/p>\n<p>&nbsp;<\/p>\n<p>&nbsp;<\/p>\n<p>&nbsp;<\/p>\n<p><span style=\"font-size: 14pt\"><b>Epidemiologia<\/b><\/span><\/p>\n<p><img loading=\"lazy\" decoding=\"async\" class=\"wp-image-13426 alignright\" src=\"https:\/\/jandaiadosul.ufpr.br\/wp-content\/uploads\/2021\/02\/cancer-1-pixabay.jpg\" alt=\"\" width=\"204\" height=\"134\" \/>Em 2018, ocorreram 18 milh\u00f5es de casos novos e 9,6 milh\u00f5es de \u00f3bitos por c\u00e2ncer, no mundo.<\/p>\n<p>No Brasil, o c\u00e2ncer mais frequente, tanto em homens quanto em mulheres, \u00e9 o de pele n\u00e3o melanoma. Retirando o c\u00e2ncer de pele da contagem, o c\u00e2ncer mais comum em mulheres \u00e9 o de mama e o mais comum em homens \u00e9 o de pr\u00f3stata. Veja os n\u00fameros nas tabelas a seguir, retiradas do site do INCA (Instituto Nacional do C\u00e2ncer):<\/p>\n<p>&nbsp;<\/p>\n<p><img loading=\"lazy\" decoding=\"async\" class=\"alignnone wp-image-13422 \" src=\"https:\/\/jandaiadosul.ufpr.br\/wp-content\/uploads\/2021\/02\/Ca-BR-mulheres.png\" alt=\"\" width=\"641\" height=\"372\" \/><\/p>\n<p>&nbsp;<\/p>\n<p><img loading=\"lazy\" decoding=\"async\" class=\"alignnone wp-image-13421 \" src=\"https:\/\/jandaiadosul.ufpr.br\/wp-content\/uploads\/2021\/02\/Ca-BR-homens.png\" alt=\"\" width=\"637\" height=\"372\" \/><\/p>\n<p>&nbsp;<\/p>\n<p>Em rela\u00e7\u00e3o \u00e0 mortalidade por c\u00e2ncer no Brasil, o de pulm\u00e3o \u00e9 o que mais vitima homens e o de mama, o que mais vitima mulheres.<\/p>\n<p>&nbsp;<\/p>\n<p>&nbsp;<\/p>\n<p><span style=\"font-size: 14pt\"><b>Fatores de risco<\/b><\/span><\/p>\n<p>Como explicado anteriormente, quanto maior a exposi\u00e7\u00e3o aos agentes carcinog\u00eanicos, maior a chance de desenvolver c\u00e2ncer. De maneira geral, os fatores de risco para a doen\u00e7a s\u00e3o:<\/p>\n<p>\u2666 Idade avan\u00e7ada;<\/p>\n<p>\u2666 Hist\u00f3rico de familiar com c\u00e2ncer;<\/p>\n<p>\u2666 Fatores gen\u00e9ticos \u2013 herdados de pai e m\u00e3e \u2013 que facilitam as muta\u00e7\u00f5es;<\/p>\n<p>\u2666 Tabagismo;<\/p>\n<p>\u2666 Alcoolismo;<\/p>\n<p>\u2666 Sobrepeso e obesidade;<\/p>\n<p>\u2666 Sedentarismo;<\/p>\n<p>\u2666 M\u00e1 alimenta\u00e7\u00e3o (dieta pobre em vegetais e frutas);<\/p>\n<p>\u2666 Exposi\u00e7\u00e3o ocupacional a materiais como asbesto, ur\u00e2nio, s\u00edlica, n\u00edquel, benzeno, produtos de carv\u00e3o, dentre outros.<\/p>\n<p>&nbsp;<\/p>\n<p>Em rela\u00e7\u00e3o ao\u00a0<b>tabaco<\/b>, n\u00e3o apenas o fumante est\u00e1 em risco de desenvolver c\u00e2ncer, mas as pessoas que convivem com ele e inalam passivamente a fuma\u00e7a tamb\u00e9m.<\/p>\n<p>O\u00a0<b>\u00e1lcool<\/b>\u00a0aumenta as chances de desenvolvimento de c\u00e2ncer de mama, c\u00e2ncer colorretal , c\u00e2ncer de f\u00edgado e outros. Al\u00e9m disso, o \u00e1lcool tem o \u201cpoder\u201d de potencializar o efeito carcinog\u00eanico do tabaco: o c\u00e2ncer de boca, por exemplo, \u00e9 30 vezes mais frequente em indiv\u00edduos que fumam e bebem.<\/p>\n<p>O sobrepeso e a\u00a0<b>obesidade<\/b>\u00a0est\u00e3o associados com c\u00e2ncer de intestino, mama, corpo de \u00fatero, ves\u00edcula biliar e rim.<\/p>\n<p>&nbsp;<\/p>\n<p>&nbsp;<\/p>\n<p><span style=\"font-size: 14pt\"><b>D\u00e1 para prevenir o c\u00e2ncer?<\/b><\/span><\/p>\n<p><img loading=\"lazy\" decoding=\"async\" class=\" wp-image-13443 alignleft\" src=\"https:\/\/jandaiadosul.ufpr.br\/wp-content\/uploads\/2021\/02\/cigarro-1-freepik-150x150.jpg\" alt=\"\" width=\"137\" height=\"137\" \/>Vistos os fatores de risco para desenvolvimento de c\u00e2ncer, \u00e9 mais f\u00e1cil entender porque cessar o tabagismo e o alcoolismo, praticar exerc\u00edcio f\u00edsico regularmente, manter o peso ideal, alimentar-se corretamente, utilizar protetor solar, vacinar-se contra v\u00edrus oncog\u00eanicos (HPV, v\u00edrus da hepatite B) s\u00e3o formas de tentar evitar a doen\u00e7a.<\/p>\n<p><img loading=\"lazy\" decoding=\"async\" class=\"wp-image-13444 alignright\" src=\"https:\/\/jandaiadosul.ufpr.br\/wp-content\/uploads\/2021\/02\/alcoolismo-2-150x84.jpg\" alt=\"\" width=\"159\" height=\"88\" \/><\/p>\n<p>&nbsp;<\/p>\n<p>Para v\u00e1rios tipos de c\u00e2ncer (mama, colo de \u00fatero,\u00a0intestino grosso) existe o rastreamento, cujo intuito \u00e9 detectar a doen\u00e7a em est\u00e1gio inicial e cur\u00e1vel.<\/p>\n<p>&nbsp;<\/p>\n<p>Leia mais sobre tipos espec\u00edficos de c\u00e2ncer nos respectivos textos em nossa aba de educa\u00e7\u00e3o em sa\u00fade.<\/p>\n<p>&nbsp;<\/p>\n<p><span style=\"font-size: 10pt\">(<span style=\"text-decoration: underline\"><span style=\"color: #0000ff;text-decoration: underline\"><a style=\"color: #0000ff;text-decoration: underline\" href=\"https:\/\/jandaiadosul.ufpr.br\/sas\/por-que-se-fala-tanto-em-cancer-de-mama\/\" target=\"_blank\" rel=\"noopener\"><em>Por que se f<\/em><em>ala tanto em c\u00e2ncer de mama?<\/em><\/a><\/span><\/span><em>;<\/em><em>\u00a0<\/em>\u00a0<em><span style=\"text-decoration: underline\"><span style=\"color: #0000ff;text-decoration: underline\"><a style=\"color: #0000ff;text-decoration: underline\" href=\"https:\/\/jandaiadosul.ufpr.br\/cancer-colorretal\/\" target=\"_blank\" rel=\"noopener\">O segundo c\u00e2ncer mais comum em homens e em mulheres<\/a><\/span><\/span>; \u00a0<\/em><span style=\"text-decoration: underline\"><span style=\"color: #0000ff;text-decoration: underline\"><a style=\"color: #0000ff;text-decoration: underline\" href=\"https:\/\/jandaiadosul.ufpr.br\/sas\/o-que-um-medico-grego-um-virus-e-um-cancer-tem-em-comum\/\" target=\"_blank\" rel=\"noopener\"><em>O que um m\u00e9dico grego, um v\u00edrus e um c\u00e2ncer t\u00eam em comum?<\/em><\/a><\/span><\/span>)<\/span><\/p>\n<p>&nbsp;<\/p>\n<p>&nbsp;<\/p>\n<p><span style=\"font-size: 10pt\"><b>Autoria:\u00a0<\/b>Tayn\u00e1<\/span><\/p>\n<p><span style=\"font-size: 10pt\"><b>Novembro\/2020<\/b><\/span><\/p>\n<p><span style=\"font-size: 10pt\"><b>Refer\u00eancias<\/b>:<\/span><\/p>\n<p><span style=\"font-size: 10pt\">Organiza\u00e7\u00e3o Mundial da Sa\u00fade (OMS)<\/span><\/p>\n<p><span style=\"font-size: 10pt\">Instituto Nacional do C\u00e2ncer (INCA)<\/span><\/p>\n<p><span style=\"font-size: 10pt\">Livro de Cl\u00ednica M\u00e9dica da Universidade de S\u00e3o Paulo<\/span><\/p>\n<p><span style=\"font-size: 10pt\"><b>Imagens dispon\u00edveis em:<\/b><\/span><\/p>\n<p><span style=\"font-size: 8pt\"><strong>&lt;<\/strong>https:\/\/br.freepik.com\/vetores-gratis\/celula-animal-em-um-olhar-mais-atento_8131460.htm#page=1&amp;query=c\u00e9lula&amp;position=0<strong>&gt;<\/strong><\/span><\/p>\n<p><span style=\"font-size: 8pt\"><strong>&lt;<\/strong>https:\/\/pixabay.com\/pt\/illustrations\/dna-biologia-medicina-gene-163466\/<strong>&gt;<\/strong><\/span><\/p>\n<p><span style=\"font-size: 8pt\"><strong>&lt;<\/strong>https:\/\/wow-biology.blogspot.com\/2014\/09\/31-control-of-cell-division-stem-cell.html<strong>&gt;<\/strong><\/span><\/p>\n<p><span style=\"font-size: 8pt\"><strong>&lt;<\/strong>https:\/\/www.biologianet.com\/doencas\/neoplasia.htm<strong>&gt;<\/strong><\/span><\/p>\n<p><span style=\"font-size: 8pt\"><strong>&lt;<\/strong>https:\/\/pixabay.com\/pt\/photos\/c%C3%A2ncer-jornal-palavra-389921\/<strong>&gt;<\/strong><\/span><\/p>\n<p><span style=\"font-size: 8pt\"><strong>&lt;<\/strong>https:\/\/br.freepik.com\/fotos-gratis\/close-up-de-um-pessoa-mao-creasing-cigarros-e-caixa_3831081.htm<strong>&gt;<\/strong><\/span><\/p>\n<p><span style=\"font-size: 8pt\"><strong>&lt;<\/strong>https:\/\/equilibrioemvida.com\/2019\/04\/e-isso-que-acontece-quando-voce-fica-28-dias-sem-beber-alcool\/<strong>&gt;<\/strong><\/span><\/p>\n","protected":false},"excerpt":{"rendered":"<p>&nbsp; O que \u00e9 c\u00e9lula? \u00c9 a unidade funcional do corpo humano; s\u00e3o estruturas microsc\u00f3picas que possuem diferentes formas e fun\u00e7\u00f5es, a depender de qual [&hellip;]<\/p>\n","protected":false},"author":3631,"featured_media":0,"parent":0,"menu_order":0,"comment_status":"closed","ping_status":"closed","template":"","meta":{"_acf_changed":false,"footnotes":""},"class_list":["post-781","page","type-page","status-publish","hentry"],"acf":[],"_links":{"self":[{"href":"https:\/\/jandaiadosul.ufpr.br\/alpem\/wp-json\/wp\/v2\/pages\/781","targetHints":{"allow":["GET"]}}],"collection":[{"href":"https:\/\/jandaiadosul.ufpr.br\/alpem\/wp-json\/wp\/v2\/pages"}],"about":[{"href":"https:\/\/jandaiadosul.ufpr.br\/alpem\/wp-json\/wp\/v2\/types\/page"}],"author":[{"embeddable":true,"href":"https:\/\/jandaiadosul.ufpr.br\/alpem\/wp-json\/wp\/v2\/users\/3631"}],"replies":[{"embeddable":true,"href":"https:\/\/jandaiadosul.ufpr.br\/alpem\/wp-json\/wp\/v2\/comments?post=781"}],"version-history":[{"count":8,"href":"https:\/\/jandaiadosul.ufpr.br\/alpem\/wp-json\/wp\/v2\/pages\/781\/revisions"}],"predecessor-version":[{"id":1036,"href":"https:\/\/jandaiadosul.ufpr.br\/alpem\/wp-json\/wp\/v2\/pages\/781\/revisions\/1036"}],"wp:attachment":[{"href":"https:\/\/jandaiadosul.ufpr.br\/alpem\/wp-json\/wp\/v2\/media?parent=781"}],"curies":[{"name":"wp","href":"https:\/\/api.w.org\/{rel}","templated":true}]}}