{"id":671,"date":"2023-05-23T14:59:05","date_gmt":"2023-05-23T17:59:05","guid":{"rendered":"https:\/\/jandaiadosul.ufpr.br\/sas\/?page_id=671"},"modified":"2023-06-13T16:30:06","modified_gmt":"2023-06-13T19:30:06","slug":"hepatite-c","status":"publish","type":"page","link":"https:\/\/jandaiadosul.ufpr.br\/alpem\/hepatite-c\/","title":{"rendered":"Hepatite C &#8211; Cuidado com manicure e tatuagens!"},"content":{"rendered":"<p>&nbsp;<\/p>\n<p>Seguindo com a nossa s\u00e9rie de hepatites, a C \u00e9 causada pelo chamado v\u00edrus da hepatite C. \u00c9 uma doen\u00e7a infecciosa do f\u00edgado que age de maneira \u201csilenciosa\u201d, causando dano no \u00f3rg\u00e3o de forma cr\u00f4nica, podendo evoluir at\u00e9 para cirrose e c\u00e2ncer.<\/p>\n<p>Mundialmente, estima-se 71 milh\u00f5es de indiv\u00edduos infectados por esse v\u00edrus. Em torno de 400 mil v\u00e3o a \u00f3bito anualmente devido a complica\u00e7\u00f5es da doen\u00e7a, especialmente cirrose e c\u00e2ncer de f\u00edgado.<\/p>\n<p>No Brasil, aproximadamente 675 mil pessoas apresentam o v\u00edrus circulando no sangue.<\/p>\n<p>&nbsp;<\/p>\n<p>Veja tamb\u00e9m:\u00a0<a href=\"https:\/\/jandaiadosul.ufpr.br\/sas\/hepatites-virais\/\" target=\"_blank\" rel=\"noopener noreferrer\"><em><span style=\"text-decoration: underline;color: #0000ff\">Hepatites Virais<\/span><\/em><\/a>,\u00a0<a href=\"https:\/\/jandaiadosul.ufpr.br\/sas\/hepatite-a\/\" target=\"_blank\" rel=\"noopener noreferrer\"><em><span style=\"text-decoration: underline;color: #0000ff\">Hepatite A<\/span><\/em><\/a>,\u00a0<span style=\"text-decoration: underline;color: #0000ff\"><a style=\"color: #0000ff;text-decoration: underline\" href=\"https:\/\/jandaiadosul.ufpr.br\/sas\/hepatite-b\/\" target=\"_blank\" rel=\"noopener noreferrer\"><em>Hepatite B<\/em><\/a>,<\/span>\u00a0<span style=\"text-decoration: underline;color: #0000ff\"><a style=\"color: #0000ff\" href=\"https:\/\/jandaiadosul.ufpr.br\/sas\/ja-ouviu-falar-em-cirrose-hepatica\/\" target=\"_blank\" rel=\"noopener noreferrer\"><em>Cirrose Hep\u00e1tica<\/em><\/a><\/span><\/p>\n<p>&nbsp;<\/p>\n<p><span style=\"font-size: 14pt\"><strong>Como \u00e9 a transmiss\u00e3o do v\u00edrus da hepatite C?<\/strong><\/span><\/p>\n<p>Principalmente por meio de sangue contaminado, ou seja,\u00a0<strong>CUIDADO<\/strong>\u00a0com:<\/p>\n<p><img decoding=\"async\" class=\"wp-image-12553 aligncenter\" src=\"https:\/\/jandaiadosul.ufpr.br\/wp-content\/uploads\/2020\/06\/hep%20C.png\" alt=\"\" width=\"260\" height=\"150\" \/><\/p>\n<p>\u2013 Equipamentos para manicure\/pedicure n\u00e3o adequadamente esterilizados;<\/p>\n<p>\u2013 Equipamentos de tatuagem e\u00a0<em>piercing<\/em>\u00a0reutilizados;<\/p>\n<p>\u2013\u00a0Compartilhamento de objetos de uso pessoal (escova de dente, barbeador, depilador);<\/p>\n<p>\u2013 Compartilhamento de agulhas e seringas (usu\u00e1rios de drogas injet\u00e1veis);<\/p>\n<p><img decoding=\"async\" class=\"wp-image-13172 alignright\" src=\"https:\/\/jandaiadosul.ufpr.br\/wp-content\/uploads\/2020\/12\/tatuagem-1.jpg\" alt=\"\" width=\"224\" height=\"125\" \/><\/p>\n<p>&nbsp;<\/p>\n<p>OBS: \u00e9 importante lembrar que o instrumento\/material utilizado n\u00e3o precisa conter grandes quantidades de sangue contaminado para que a transmiss\u00e3o ocorra; quantidades microsc\u00f3picas, isto \u00e9, n\u00e3o vis\u00edveis a olho nu, s\u00e3o suficientes para isso.<\/p>\n<p>&nbsp;<\/p>\n<p>Al\u00e9m disso, se voc\u00ea passou por cirurgia ou recebeu transfus\u00e3o de sangue ou transplante de \u00f3rg\u00e3o(s) antes de 1993, \u00e9 bom que fa\u00e7a o teste para saber se tem hepatite C cr\u00f4nica. O exame \u00e9 gratuito nas Unidades B\u00e1sicas de Sa\u00fade \u2013 UBS de todo o Brasil. Isso \u00e9 importante porque n\u00e3o havia teste para detec\u00e7\u00e3o do v\u00edrus da hepatite C antes dessa data.<\/p>\n<p>H\u00e1 casos de transmiss\u00e3o desse v\u00edrus por via sexual, mas s\u00e3o raros; ocorre mais facilmente em pessoas com m\u00faltiplos parceiros sexuais, pessoas que n\u00e3o utilizam preservativo nas rela\u00e7\u00f5es e pessoas infectadas pelo HIV.<\/p>\n<p>Tamb\u00e9m h\u00e1 possibilidade de transmiss\u00e3o para o filho durante a gesta\u00e7\u00e3o, por\u00e9m ocorre menos comumente do que no caso do v\u00edrus da hepatite B.<\/p>\n<p>&nbsp;<\/p>\n<p><span style=\"font-size: 14pt\"><strong>Como \u00e9 a evolu\u00e7\u00e3o da hepatite C no corpo humano?<\/strong><\/span><\/p>\n<p>A hepatite C aguda n\u00e3o costuma apresentar sintomas e, mesmo na forma cr\u00f4nica, s\u00f3 os apresenta quando o f\u00edgado j\u00e1 se encontra bastante \u201cmachucado\u201d ou quando j\u00e1 se desenvolveu c\u00e2ncer. Isso significa que o indiv\u00edduo adquire a infec\u00e7\u00e3o e s\u00f3 descobre anos depois quando o dano j\u00e1 \u00e9 bastante consider\u00e1vel ou ent\u00e3o descobre por \u201cacidente\u201d, durante exames de rotina ou para doa\u00e7\u00e3o de sangue.<\/p>\n<p>Justamente por ser \u201csilenciosa\u201d e quase sempre evoluir para a forma cr\u00f4nica da doen\u00e7a que a hepatite C \u00e9 a principal causa de transplante hep\u00e1tico no mundo.<\/p>\n<p>&nbsp;<\/p>\n<p><span style=\"font-size: 14pt\"><strong>Diagn\u00f3stico<\/strong><\/span><\/p>\n<p>\u00c9 feito por meio de exames de sangue. Se houver suspeita de cirrose ou c\u00e2ncer hep\u00e1tico, outros exames ser\u00e3o necess\u00e1rios para aprofundamento da investiga\u00e7\u00e3o.<\/p>\n<p>&nbsp;<\/p>\n<p><span style=\"font-size: 14pt\"><strong>Tratamento<\/strong><\/span><\/p>\n<p>Existe tratamento para hepatite C e \u00e9 gratuito pelo SUS (Sistema \u00danico de Sa\u00fade). \u00c9 de extrema import\u00e2ncia o tratamento dos infectados agudos e cr\u00f4nicos para evitar a evolu\u00e7\u00e3o da doen\u00e7a para as complica\u00e7\u00f5es j\u00e1 mencionadas de cirrose e c\u00e2ncer.<\/p>\n<p>&nbsp;<\/p>\n<p><span style=\"font-size: 14pt\"><strong>Vacina\u00e7\u00e3o<\/strong><\/span><\/p>\n<p>Ainda n\u00e3o h\u00e1 vacina para hepatite C.<\/p>\n<p>&nbsp;<\/p>\n<p><span style=\"font-size: 10pt\"><strong>Autoria<\/strong>: Tayn\u00e1<\/span><\/p>\n<p><span style=\"font-size: 10pt\"><strong>Setembro\/2020<\/strong><\/span><\/p>\n<p><span style=\"font-size: 10pt\"><strong>Refer\u00eancias<\/strong>:<\/span><\/p>\n<p><span style=\"font-size: 10pt\">Minist\u00e9rio da Sa\u00fade<\/span><\/p>\n<p><span style=\"font-size: 10pt\">Organiza\u00e7\u00e3o Mundial da Sa\u00fade<\/span><\/p>\n<p><span style=\"font-size: 10pt\"><strong>Imagens dispon\u00edveis em:<\/strong><\/span><\/p>\n<p><span style=\"font-size: 8pt\"><strong>&lt;<\/strong>https:\/\/sa.sol-m.com\/noticias\/hepatite-c-uma-doenca-silenciosa-e-perigosa\/<strong>&gt;<\/strong><\/span><\/p>\n<p><span style=\"font-size: 8pt\"><strong>&lt;<\/strong>https:\/\/besttattooguide.com\/tattoo-bleeding\/<strong>&gt;<\/strong><\/span><\/p>\n","protected":false},"excerpt":{"rendered":"<p>&nbsp; Seguindo com a nossa s\u00e9rie de hepatites, a C \u00e9 causada pelo chamado v\u00edrus da hepatite C. \u00c9 uma doen\u00e7a infecciosa do f\u00edgado que [&hellip;]<\/p>\n","protected":false},"author":3631,"featured_media":0,"parent":0,"menu_order":0,"comment_status":"closed","ping_status":"closed","template":"","meta":{"_acf_changed":false,"footnotes":""},"class_list":["post-671","page","type-page","status-publish","hentry"],"acf":[],"_links":{"self":[{"href":"https:\/\/jandaiadosul.ufpr.br\/alpem\/wp-json\/wp\/v2\/pages\/671","targetHints":{"allow":["GET"]}}],"collection":[{"href":"https:\/\/jandaiadosul.ufpr.br\/alpem\/wp-json\/wp\/v2\/pages"}],"about":[{"href":"https:\/\/jandaiadosul.ufpr.br\/alpem\/wp-json\/wp\/v2\/types\/page"}],"author":[{"embeddable":true,"href":"https:\/\/jandaiadosul.ufpr.br\/alpem\/wp-json\/wp\/v2\/users\/3631"}],"replies":[{"embeddable":true,"href":"https:\/\/jandaiadosul.ufpr.br\/alpem\/wp-json\/wp\/v2\/comments?post=671"}],"version-history":[{"count":5,"href":"https:\/\/jandaiadosul.ufpr.br\/alpem\/wp-json\/wp\/v2\/pages\/671\/revisions"}],"predecessor-version":[{"id":948,"href":"https:\/\/jandaiadosul.ufpr.br\/alpem\/wp-json\/wp\/v2\/pages\/671\/revisions\/948"}],"wp:attachment":[{"href":"https:\/\/jandaiadosul.ufpr.br\/alpem\/wp-json\/wp\/v2\/media?parent=671"}],"curies":[{"name":"wp","href":"https:\/\/api.w.org\/{rel}","templated":true}]}}