{"id":655,"date":"2023-05-23T14:39:59","date_gmt":"2023-05-23T17:39:59","guid":{"rendered":"https:\/\/jandaiadosul.ufpr.br\/sas\/?page_id=655"},"modified":"2023-06-13T14:58:43","modified_gmt":"2023-06-13T17:58:43","slug":"hepatite-a","status":"publish","type":"page","link":"https:\/\/jandaiadosul.ufpr.br\/alpem\/hepatite-a\/","title":{"rendered":"Hepatite A"},"content":{"rendered":"<p><a href=\"https:\/\/www.youtube.com\/watch?v=pC9R4W1nU9Q&amp;t=1s\" target=\"_blank\" rel=\"noopener\"><img decoding=\"async\" class=\"alignnone wp-image-1922\" src=\"https:\/\/jandaiadosul.ufpr.br\/wp-content\/uploads\/2014\/08\/interprete-02-150x150.jpg\" alt=\"\" width=\"141\" height=\"141\" \/><\/a><\/p>\n<p>&nbsp;<\/p>\n<p>A hepatite A \u00e9 uma infec\u00e7\u00e3o do f\u00edgado causada pelo v\u00edrus da hepatite A, que \u00e9 transmitido por meio de \u00e1gua ou alimentos contaminados. Isso significa que, em regi\u00f5es onde o saneamento b\u00e1sico \u2013 ou mesmo a higiene pessoal \u2013 s\u00e3o mais prec\u00e1rios, h\u00e1 mais contamina\u00e7\u00e3o por esse v\u00edrus.<img fetchpriority=\"high\" decoding=\"async\" class=\"wp-image-12399 aligncenter\" src=\"https:\/\/jandaiadosul.ufpr.br\/wp-content\/uploads\/2020\/06\/alimentos%20contaminados%201.jpg\" alt=\"\" width=\"281\" height=\"179\" \/><\/p>\n<p>S\u00f3 existe um sorotipo de v\u00edrus da hepatite A, o que significa que, se o indiv\u00edduo j\u00e1 teve a infec\u00e7\u00e3o (ou j\u00e1 foi vacinado), ele est\u00e1 imune para o resto da vida.<\/p>\n<p>&nbsp;<\/p>\n<p><span style=\"font-size: 14pt\"><strong>Sintomas<\/strong><\/span><\/p>\n<p>Em <strong>crian\u00e7as<\/strong> menores de 6 anos, a hepatite A raramente causa sintomas.<\/p>\n<p><img decoding=\"async\" class=\"wp-image-12399 alignleft\" src=\"https:\/\/jandaiadosul.ufpr.br\/wp-content\/uploads\/2020\/06\/icter%C3%ADcia%201.jpg\" alt=\"\" width=\"171\" height=\"119\" \/>J\u00e1 nos <strong>adultos<\/strong> os primeiros sintomas s\u00e3o: febre, perda de apetite, n\u00e1useas, v\u00f4mitos, diarreia e dor muscular. Ap\u00f3s alguns dias, novos sintomas surgem: icter\u00edcia (colora\u00e7\u00e3o amarelada na pele e na parte branca dos olhos), altera\u00e7\u00e3o na colora\u00e7\u00e3o das fezes (ficam brancas), altera\u00e7\u00e3o na colora\u00e7\u00e3o da urina (fica marrom ou preta).<\/p>\n<p>A hepatite A costuma ser uma doen\u00e7a branda (especialmente em crian\u00e7as), mas pode ser um pouco mais grave em idosos acima dos 65 anos de idade.<\/p>\n<p>&nbsp;<\/p>\n<p><span style=\"font-size: 14pt\"><strong>Diagn\u00f3stico<\/strong><\/span><\/p>\n<p>Al\u00e9m do exame cl\u00ednico realizado pelo m\u00e9dico, o diagn\u00f3stico da hepatite A \u00e9 feito com a ajuda de exames de sangue.<\/p>\n<p>&nbsp;<\/p>\n<p><strong><span style=\"font-size: 14pt\">Como prevenir a hepatite A?<\/span> <\/strong><\/p>\n<p>* Lavar as m\u00e3os com frequ\u00eancia, especialmente ap\u00f3s uso do sanit\u00e1rio, ap\u00f3s troca de fraldas, antes do preparo de alimentos\u2026;<\/p>\n<p><img loading=\"lazy\" decoding=\"async\" class=\"wp-image-13166 alignright\" src=\"https:\/\/jandaiadosul.ufpr.br\/wp-content\/uploads\/2020\/12\/lavar-maos-2-freepik-scaled.jpg\" alt=\"\" width=\"187\" height=\"124\" \/><\/p>\n<p>* Lavar com \u00e1gua tratada, clorada ou fervida, os alimentos crus;<img loading=\"lazy\" decoding=\"async\" class=\"wp-image-12399 alignleft\" src=\"https:\/\/jandaiadosul.ufpr.br\/wp-content\/uploads\/2020\/06\/alimentos%20lavar%201.jpg\" alt=\"\" width=\"187\" height=\"134\" \/><\/p>\n<p>* Cozinhar bem os alimentos antes do consumo (aten\u00e7\u00e3o especial para peixes, mariscos e frutos do mar);<\/p>\n<p>* Lavar adequadamente utens\u00edlios usados na alimenta\u00e7\u00e3o como pratos, copos, talheres e mamadeiras;<\/p>\n<p>* Vacina: \u00e9 a principal medida de preven\u00e7\u00e3o contra a hepatite A.<\/p>\n<p>&nbsp;<\/p>\n<p><span style=\"font-size: 14pt\"><strong>Tratamento<\/strong><\/span><\/p>\n<p>Como j\u00e1 dito, a hepatite A, felizmente, n\u00e3o costuma ser uma doen\u00e7a muito agressiva. Os medicamentos usados em seu tratamento s\u00e3o os que tratam os sintomas do paciente (dor, febre, enj\u00f4o\u2026). O pr\u00f3prio organismo combate o v\u00edrus e, uma vez infectado, o indiv\u00edduo est\u00e1 imune para o resto da vida.<\/p>\n<p>&nbsp;<\/p>\n<p><span style=\"font-size: 14pt\"><strong>Vacina<\/strong><\/span><\/p>\n<p><img loading=\"lazy\" decoding=\"async\" class=\"wp-image-12399 alignleft\" src=\"https:\/\/jandaiadosul.ufpr.br\/wp-content\/uploads\/2020\/06\/vacina%20hep%20A.jpg\" alt=\"\" width=\"84\" height=\"192\" \/>A vacina da hepatite A est\u00e1 presente no calend\u00e1rio nacional de vacina\u00e7\u00e3o, ou seja, est\u00e1 dispon\u00edvel gratuitamente no SUS (Sistema \u00danico de Sa\u00fade). A crian\u00e7a recebe uma dose da vacina aos 15 meses de idade, ficando assim protegida contra esse v\u00edrus pelo resto da vida.<\/p>\n<p>Obs: adultos em situa\u00e7\u00f5es especiais, como os que apresentam doen\u00e7a cr\u00f4nica no f\u00edgado ou os que apresentam doen\u00e7a ou tomam medica\u00e7\u00e3o que provocam imunodepress\u00e3o, devem receber a vacina tamb\u00e9m. Pe\u00e7a orienta\u00e7\u00e3o ao seu m\u00e9dico se for este o seu caso.<\/p>\n<p>&nbsp;<\/p>\n<p>&nbsp;<\/p>\n<p><span style=\"font-size: 10pt\">(Leituras recomendadas:\u00a0 <span style=\"text-decoration: underline;color: #0000ff\"><a style=\"color: #0000ff\" href=\"https:\/\/jandaiadosul.ufpr.br\/sas\/hepatites-virais\/\" target=\"_blank\" rel=\"noopener noreferrer\"><em>Hepatites Virais<\/em><\/a><\/span>,\u00a0 <a href=\"https:\/\/jandaiadosul.ufpr.br\/sas\/hepatite-b\/\" target=\"_blank\" rel=\"noopener noreferrer\"><em><span style=\"text-decoration: underline;color: #0000ff\">Hepatite B<\/span><\/em><\/a><em>\u00a0<\/em> e\u00a0 <span style=\"text-decoration: underline;color: #0000ff\"><a style=\"color: #0000ff\" href=\"https:\/\/jandaiadosul.ufpr.br\/sas\/hepatite-c\/\" target=\"_blank\" rel=\"noopener\"><em>Hepatite C<\/em><\/a><\/span>)<\/span><\/p>\n<p>&nbsp;<\/p>\n<p><span style=\"font-size: 10pt\"><strong>Autoria:<\/strong> Tayn\u00e1<\/span><\/p>\n<p><span style=\"font-size: 10pt\"><strong>Julho\/2020<\/strong><\/span><\/p>\n<p><span style=\"font-size: 10pt\"><strong>Refer\u00eancia<\/strong>:\u00a0<\/span><\/p>\n<p><span style=\"font-size: 10pt\">Minist\u00e9rio da Sa\u00fade<\/span><\/p>\n<p><span style=\"font-size: 10pt\"><strong>Imagens dispon\u00edveis em:<\/strong><\/span><\/p>\n<p class=\"western\"><span style=\"font-size: 8pt\"><strong>&lt;<\/strong>http:\/\/sambigex.com\/service\/seguridad-alimentaria\/<strong>&gt;<\/strong><\/span><\/p>\n<p><span style=\"font-size: 8pt\"><strong>&lt;<\/strong>https:\/\/dicassobresaude.com\/o-que-e-ictericia-e-como-trata-la-em-adultos-e-criancas\/<strong>&gt;<\/strong><\/span><\/p>\n<p class=\"western\"><span style=\"font-size: 8pt\"><strong>&lt;<\/strong>https:\/\/www.cristofoli.com\/biosseguranca\/14-dicas-de-seguranca-para-as-suas-ferias\/captura-de-tela-2014-01-09-as-1-05-12-pm\/<strong>&gt;<\/strong><\/span><\/p>\n<p><span style=\"font-size: 8pt\"><strong>&lt;<\/strong>https:\/\/br.freepik.com\/fotos-gratis\/homem-lavando-as-maos-com-cuidado-no-banheiro-close-up-prevencao-da-infeccao-e-propagacao-do-virus-da-gripe_7785520.htm#page=1&amp;query=wash%20hands&amp;position=12<strong>&gt;<\/strong><\/span><\/p>\n<p><span style=\"font-size: 8pt\"><strong>&lt;<\/strong>http:\/\/www.brmaisnews.com.br\/governo-zera-imposto-de-vacina-contra-hepatite-a<strong>&gt;<\/strong><\/span><\/p>\n","protected":false},"excerpt":{"rendered":"<p>&nbsp; A hepatite A \u00e9 uma infec\u00e7\u00e3o do f\u00edgado causada pelo v\u00edrus da hepatite A, que \u00e9 transmitido por meio de \u00e1gua ou alimentos contaminados. [&hellip;]<\/p>\n","protected":false},"author":3631,"featured_media":0,"parent":0,"menu_order":0,"comment_status":"closed","ping_status":"closed","template":"","meta":{"_acf_changed":false,"footnotes":""},"class_list":["post-655","page","type-page","status-publish","hentry"],"acf":[],"_links":{"self":[{"href":"https:\/\/jandaiadosul.ufpr.br\/alpem\/wp-json\/wp\/v2\/pages\/655","targetHints":{"allow":["GET"]}}],"collection":[{"href":"https:\/\/jandaiadosul.ufpr.br\/alpem\/wp-json\/wp\/v2\/pages"}],"about":[{"href":"https:\/\/jandaiadosul.ufpr.br\/alpem\/wp-json\/wp\/v2\/types\/page"}],"author":[{"embeddable":true,"href":"https:\/\/jandaiadosul.ufpr.br\/alpem\/wp-json\/wp\/v2\/users\/3631"}],"replies":[{"embeddable":true,"href":"https:\/\/jandaiadosul.ufpr.br\/alpem\/wp-json\/wp\/v2\/comments?post=655"}],"version-history":[{"count":8,"href":"https:\/\/jandaiadosul.ufpr.br\/alpem\/wp-json\/wp\/v2\/pages\/655\/revisions"}],"predecessor-version":[{"id":942,"href":"https:\/\/jandaiadosul.ufpr.br\/alpem\/wp-json\/wp\/v2\/pages\/655\/revisions\/942"}],"wp:attachment":[{"href":"https:\/\/jandaiadosul.ufpr.br\/alpem\/wp-json\/wp\/v2\/media?parent=655"}],"curies":[{"name":"wp","href":"https:\/\/api.w.org\/{rel}","templated":true}]}}