{"id":570,"date":"2023-02-14T09:27:21","date_gmt":"2023-02-14T12:27:21","guid":{"rendered":"https:\/\/jandaiadosul.ufpr.br\/sas\/?page_id=570"},"modified":"2023-06-13T14:45:41","modified_gmt":"2023-06-13T17:45:41","slug":"pressao-alta","status":"publish","type":"page","link":"https:\/\/jandaiadosul.ufpr.br\/alpem\/pressao-alta\/","title":{"rendered":"Press\u00e3o Alta"},"content":{"rendered":"<p>&nbsp;<\/p>\n<p><img fetchpriority=\"high\" decoding=\"async\" class=\"aligncenter wp-image-572 \" src=\"http:\/\/jandaiadosul.ufpr.br\/sas\/wp-content\/uploads\/sites\/12\/2023\/02\/hipertensao-1-freepik.jpg\" alt=\"\" width=\"257\" height=\"257\" srcset=\"https:\/\/jandaiadosul.ufpr.br\/alpem\/wp-content\/uploads\/sites\/12\/2023\/02\/hipertensao-1-freepik.jpg 2000w, https:\/\/jandaiadosul.ufpr.br\/alpem\/wp-content\/uploads\/sites\/12\/2023\/02\/hipertensao-1-freepik-300x300.jpg 300w, https:\/\/jandaiadosul.ufpr.br\/alpem\/wp-content\/uploads\/sites\/12\/2023\/02\/hipertensao-1-freepik-1024x1024.jpg 1024w, https:\/\/jandaiadosul.ufpr.br\/alpem\/wp-content\/uploads\/sites\/12\/2023\/02\/hipertensao-1-freepik-150x150.jpg 150w, https:\/\/jandaiadosul.ufpr.br\/alpem\/wp-content\/uploads\/sites\/12\/2023\/02\/hipertensao-1-freepik-768x768.jpg 768w, https:\/\/jandaiadosul.ufpr.br\/alpem\/wp-content\/uploads\/sites\/12\/2023\/02\/hipertensao-1-freepik-1536x1536.jpg 1536w, https:\/\/jandaiadosul.ufpr.br\/alpem\/wp-content\/uploads\/sites\/12\/2023\/02\/hipertensao-1-freepik-98x98.jpg 98w, https:\/\/jandaiadosul.ufpr.br\/alpem\/wp-content\/uploads\/sites\/12\/2023\/02\/hipertensao-1-freepik-57x57.jpg 57w\" sizes=\"(max-width: 257px) 100vw, 257px\" \/><\/p>\n<p>&nbsp;<\/p>\n<p>\u201cPress\u00e3o alta\u201d \u00e9 o nome popular de uma doen\u00e7a chamada\u00a0hipertens\u00e3o arterial sist\u00eamica (HAS)<b>.<\/b><\/p>\n<p>Por que \u00e9 importante falar sobre isso?\u00a0\u00a0Porque a HAS tem rela\u00e7\u00e3o direta com as\u00a0doen\u00e7as cardiovasculares, que s\u00e3o a\u00a0principal causa de morte no mundo!!<\/p>\n<p>Para voc\u00ea entender melhor, os principais representantes das doen\u00e7as cardiovasculares s\u00e3o o infarto do cora\u00e7\u00e3o e o \u201cderrame cerebral\u201d (AVE \u2013 acidente vascular encef\u00e1lico); quem tem press\u00e3o alta apresenta maior chance de apresentar tais doen\u00e7as e quanto maior a press\u00e3o, maiores os riscos \u00e0 sa\u00fade.<\/p>\n<p>Segundo dados do Minist\u00e9rio da Sa\u00fade, cerca de 25% dos brasileiros apresentam HAS sendo que, na popula\u00e7\u00e3o acima dos 65 anos, quase 60% apresentam a doen\u00e7a.<\/p>\n<p>A HAS \u00e9 considerada um\u00a0\u201cinimigo silencioso\u201d, pois causa danos de forma assintom\u00e1tica (sem sintomas). Isso quer dizer que muitos pacientes n\u00e3o sabem que t\u00eam press\u00e3o alta, descobrindo apenas quando um AVE ou um infarto ocorre\u2026<\/p>\n<p>&nbsp;<\/p>\n<p><span style=\"font-size: 14pt\"><b>A circula\u00e7\u00e3o sangu\u00ednea<\/b><\/span><\/p>\n<p>O caminho que o sangue percorre \u00e9 o seguinte:\u00a0<strong>cora\u00e7\u00e3o<\/strong>\u00a0<strong>\u2192<\/strong>\u00a0<strong>art\u00e9rias<\/strong>\u00a0<strong>\u2192<\/strong>\u00a0<strong>arter\u00edolas<\/strong>\u00a0<strong>\u2192\u00a0<\/strong><strong>capilares<\/strong>\u00a0<strong>\u2192<\/strong>\u00a0<strong>v\u00eanulas<\/strong>\u00a0<strong>\u2192<\/strong>\u00a0<strong>veias<\/strong>\u00a0<strong>\u2192<\/strong>\u00a0<strong>cora\u00e7\u00e3o<\/strong><\/p>\n<p>&nbsp;<\/p>\n<p><img decoding=\"async\" class=\"wp-image-574 aligncenter\" src=\"http:\/\/jandaiadosul.ufpr.br\/sas\/wp-content\/uploads\/sites\/12\/2023\/02\/hipertensao-2.jpg\" alt=\"\" width=\"152\" height=\"209\" srcset=\"https:\/\/jandaiadosul.ufpr.br\/alpem\/wp-content\/uploads\/sites\/12\/2023\/02\/hipertensao-2.jpg 190w, https:\/\/jandaiadosul.ufpr.br\/alpem\/wp-content\/uploads\/sites\/12\/2023\/02\/hipertensao-2-71x98.jpg 71w, https:\/\/jandaiadosul.ufpr.br\/alpem\/wp-content\/uploads\/sites\/12\/2023\/02\/hipertensao-2-41x57.jpg 41w\" sizes=\"(max-width: 152px) 100vw, 152px\" \/><\/p>\n<p>&nbsp;<\/p>\n<p>As art\u00e9rias t\u00eam paredes fortes para \u201caguentar\u201d a alta press\u00e3o do sangue bombeado pelo cora\u00e7\u00e3o. Elas se ramificam e d\u00e3o origem \u00e0s arter\u00edolas, que s\u00e3o basicamente art\u00e9rias menores.<\/p>\n<p>Os capilares s\u00e3o vasos pequenos e delicados que fazem a troca de l\u00edquidos (nutrientes, eletr\u00f3litos, oxig\u00eanio, produtos do metabolismo) entre o sangue e os diversos tecidos do corpo.<\/p>\n<p>As v\u00eanulas s\u00e3o pequenas veias que coletam o sangue vindo dos capilares e o envia \u00e0s veias. Por fim, as veias s\u00e3o os vasos que levam o sangue de volta ao cora\u00e7\u00e3o para rein\u00edcio do ciclo.<\/p>\n<p>&nbsp;<\/p>\n<p><span style=\"font-size: 14pt\"><b>A press\u00e3o sangu\u00ednea (PA)<\/b><\/span><\/p>\n<p>A PA nada mais \u00e9 do que a for\u00e7a que o sangue exerce contra a parede dos vasos sangu\u00edneos. Costuma-se medi-la em mil\u00edmetros de merc\u00fario (mmHg).<\/p>\n<p>A press\u00e3o \u00e9 composta por dois valores, o primeiro \u00e9 chamado de\u00a0press\u00e3o sist\u00f3lica\u00a0e corresponde \u00e0 press\u00e3o nos vasos quando o cora\u00e7\u00e3o contrai; o segundo \u00e9 o da\u00a0press\u00e3o diast\u00f3lica, quando o cora\u00e7\u00e3o encontra-se relaxado.<\/p>\n<p>A press\u00e3o varia o tempo todo, a depender do que estamos fazendo. Por exemplo, ela costuma baixar quando estamos dormindo e costuma subir quando fazemos esfor\u00e7o ou atividade f\u00edsica, quando estamos preocupados, ansiosos ou estressados, quando ingerimos muito sal, dentre outros exemplos. Essas eleva\u00e7\u00f5es transit\u00f3rias de press\u00e3o s\u00e3o normais e acontecem com todos n\u00f3s. Agora, no caso do indiv\u00edduo hipertenso, a press\u00e3o encontra-se elevada 100% do tempo e isso \u00e9 extremamente prejudicial \u00e0 sa\u00fade.<\/p>\n<p>O diagn\u00f3stico de HAS se d\u00e1 quando a press\u00e3o medida no consult\u00f3rio m\u00e9dico \u00e9\u00a0igual ou maior a 140x90mmHg.<\/p>\n<p>&nbsp;<\/p>\n<p><span style=\"font-size: 14pt\"><b>Qual<\/b><b>\u00a0a causa da hipertens\u00e3o arterial?<\/b><\/span><\/p>\n<p>A HAS n\u00e3o \u00e9 explicada por apenas uma causa, pelo contr\u00e1rio, \u00e9 a uni\u00e3o de fatores gen\u00e9ticos e ambientais que determina o aparecimento da doen\u00e7a. Veja abaixo os\u00a0<strong>fatores de risco<\/strong>\u00a0(fatores que facilitam o aparecimento de uma determinada doen\u00e7a) para a HAS:<\/p>\n<p><strong>\u2666<\/strong>\u00a0Fatores gen\u00e9ticos: se h\u00e1 casos de HAS na fam\u00edlia, a chance de desenvolver a doen\u00e7a \u00e9 maior<\/p>\n<p><strong>\u2666\u00a0<\/strong>Sedentarismo: pessoas que n\u00e3o praticam atividade f\u00edsica apresentam risco 30% maior de desenvolver HAS<\/p>\n<p><strong>\u2666\u00a0<\/strong>Consumo excessivo de sal: quanto maior o consumo de sal de uma popula\u00e7\u00e3o, mais casos de HAS s\u00e3o visualizados.<\/p>\n<p><span style=\"font-size: 12pt\">O brasileiro consome muito sal!! O recomendado pela Sociedade Brasileira de Hipertens\u00e3o \u00e9 que o consumo n\u00e3o ultrapasse 5g de sal\/dia; o brasileiro consome 12,6g\/dia, mais do que o dobro!!<\/span><\/p>\n<p><img decoding=\"async\" class=\"wp-image-576 aligncenter\" src=\"http:\/\/jandaiadosul.ufpr.br\/sas\/wp-content\/uploads\/sites\/12\/2023\/02\/sal-1-pixabay-300x200.jpg\" alt=\"\" width=\"212\" height=\"141\" srcset=\"https:\/\/jandaiadosul.ufpr.br\/alpem\/wp-content\/uploads\/sites\/12\/2023\/02\/sal-1-pixabay-300x200.jpg 300w, https:\/\/jandaiadosul.ufpr.br\/alpem\/wp-content\/uploads\/sites\/12\/2023\/02\/sal-1-pixabay-1024x683.jpg 1024w, https:\/\/jandaiadosul.ufpr.br\/alpem\/wp-content\/uploads\/sites\/12\/2023\/02\/sal-1-pixabay-768x512.jpg 768w, https:\/\/jandaiadosul.ufpr.br\/alpem\/wp-content\/uploads\/sites\/12\/2023\/02\/sal-1-pixabay-1536x1024.jpg 1536w, https:\/\/jandaiadosul.ufpr.br\/alpem\/wp-content\/uploads\/sites\/12\/2023\/02\/sal-1-pixabay-147x98.jpg 147w, https:\/\/jandaiadosul.ufpr.br\/alpem\/wp-content\/uploads\/sites\/12\/2023\/02\/sal-1-pixabay-75x50.jpg 75w, https:\/\/jandaiadosul.ufpr.br\/alpem\/wp-content\/uploads\/sites\/12\/2023\/02\/sal-1-pixabay.jpg 1920w\" sizes=\"(max-width: 212px) 100vw, 212px\" \/><\/p>\n<p>&nbsp;<\/p>\n<p><strong>\u2666 <\/strong>Sobrepeso\/obesidade: a press\u00e3o sobe de forma quase linear com o aumento de peso<\/p>\n<p><strong>\u2666\u00a0<\/strong>Idade: a HAS \u00e9 mais prevalente em idosos devido a um processo natural de \u201cenrijecimento\u201d dos vasos sangu\u00edneos<\/p>\n<p><strong>\u2666\u00a0<\/strong>Ingest\u00e3o excessiva de \u00e1lcool<\/p>\n<p><strong>\u2666\u00a0<\/strong>Tabagismo\u00a0(cigarro, charuto, narguil\u00e9)<\/p>\n<p>&nbsp;<\/p>\n<p><span style=\"font-size: 14pt\"><b>Por que a HAS causa danos ao organismo?<\/b><\/span><\/p>\n<p><img loading=\"lazy\" decoding=\"async\" class=\"wp-image-578 aligncenter\" src=\"http:\/\/jandaiadosul.ufpr.br\/sas\/wp-content\/uploads\/sites\/12\/2023\/02\/hipertensao-1.jpg\" alt=\"\" width=\"276\" height=\"156\" srcset=\"https:\/\/jandaiadosul.ufpr.br\/alpem\/wp-content\/uploads\/sites\/12\/2023\/02\/hipertensao-1.jpg 1000w, https:\/\/jandaiadosul.ufpr.br\/alpem\/wp-content\/uploads\/sites\/12\/2023\/02\/hipertensao-1-300x169.jpg 300w, https:\/\/jandaiadosul.ufpr.br\/alpem\/wp-content\/uploads\/sites\/12\/2023\/02\/hipertensao-1-768x432.jpg 768w, https:\/\/jandaiadosul.ufpr.br\/alpem\/wp-content\/uploads\/sites\/12\/2023\/02\/hipertensao-1-175x98.jpg 175w, https:\/\/jandaiadosul.ufpr.br\/alpem\/wp-content\/uploads\/sites\/12\/2023\/02\/hipertensao-1-75x42.jpg 75w\" sizes=\"(max-width: 276px) 100vw, 276px\" \/><\/p>\n<p>&nbsp;<\/p>\n<p>Nossos vasos sangu\u00edneos conseguem \u201clidar\u201d com aumentos transit\u00f3rios de press\u00e3o sem que isso nos cause algum preju\u00edzo, por\u00e9m, quando esse aumento \u00e9 cr\u00f4nico, surgem as les\u00f5es. Com o constante e forte \u201cimpacto\u201d do sangue na parede dos vasos, surgem pequenas fissuras\u00a0e diversas altera\u00e7\u00f5es locais que acabam por tornar o vaso \u201cdoente\u201d.<\/p>\n<p>Um vaso doente associado a fatores como diabetes, obesidade e colesterol elevado, acabam por causar doen\u00e7as graves no c\u00e9rebro, cora\u00e7\u00e3o e rins, todas potencialmente fatais.<\/p>\n<p>A HAS est\u00e1 implicada em doen\u00e7as como: infarto do cora\u00e7\u00e3o, insufici\u00eancia card\u00edaca, arritmias card\u00edacas, altera\u00e7\u00f5es estruturais no cora\u00e7\u00e3o e em suas v\u00e1lvulas, AVE, insufici\u00eancia renal, doen\u00e7a nas art\u00e9rias, dem\u00eancia, cegueira e at\u00e9 mesmo disfun\u00e7\u00e3o er\u00e9til (\u201cimpot\u00eancia sexual\u201d). Percebe-se, dessa forma, que a press\u00e3o cronicamente elevada prejudica o organismo como um todo.<\/p>\n<p>&nbsp;<\/p>\n<p><span style=\"font-size: 14pt\"><b>Qual o tratamento da HAS?<\/b><\/span><\/p>\n<p>Certas\u00a0mudan\u00e7as no estilo de vida\u00a0funcionam como tratamento n\u00e3o medicamentoso da HAS. Alimentar-se melhor, praticar atividade f\u00edsica, emagrecer (e manter-se no peso ideal), reduzir a quantidade de s\u00f3dio ingerida, aumentar a quantidade de pot\u00e1ssio ingerida s\u00e3o pr\u00e1ticas que reduzem a press\u00e3o arterial.<\/p>\n<p>&nbsp;<\/p>\n<p>Quais s\u00e3o os alimentos ricos em s\u00f3dio e que, portanto, devem ser evitados?<\/p>\n<p>\u2022\u00a0presuntos, mortadelas, salsichas, lingui\u00e7as, salames<\/p>\n<p>\u2022\u00a0enlatados (milho, ervilha, extrato de tomate)<\/p>\n<p>\u2022\u00a0queijos amarelos (parmes\u00e3o, provolone, prato)<\/p>\n<p>\u2022\u00a0temperos prontos, incluindo shoyu, ketchup, mostarda e maionese<\/p>\n<p>\u2022\u00a0chips, salgadinhos, bolachas<\/p>\n<p>&nbsp;<\/p>\n<p>Quais s\u00e3o os alimentos\u00a0ricos em\u00a0pot\u00e1ssio\u00a0e que, portanto, devem ser\u00a0consumidos\u00a0com maior frequ\u00eancia:<\/p>\n<p>\u25aa\u00a0abacate, mela\u0303o, laranja, ameixa, tomate<\/p>\n<p>\u25aa\u00a0folhas verdes, espinafre<\/p>\n<p>\u25aa\u00a0damasco, uva-passa<\/p>\n<p>\u25aa\u00a0leite desnatado, iogurte desnatado<\/p>\n<p>\u25aa\u00a0peixes (linguado e atum)<\/p>\n<p>\u25aa\u00a0feija\u0303o, ervilha<\/p>\n<p>&nbsp;<\/p>\n<p>Ainda em rela\u00e7\u00e3o \u00e0 dieta, diminuir o consumo de gorduras, doces, bebidas com a\u00e7u\u0301car e carnes vermelhas tamb\u00e9m auxilia na redu\u00e7\u00e3o da PA.<\/p>\n<p>&nbsp;<\/p>\n<p><img loading=\"lazy\" decoding=\"async\" class=\"aligncenter wp-image-580 \" src=\"http:\/\/jandaiadosul.ufpr.br\/sas\/wp-content\/uploads\/sites\/12\/2023\/02\/hipertensao-1.png\" alt=\"\" width=\"581\" height=\"271\" srcset=\"https:\/\/jandaiadosul.ufpr.br\/alpem\/wp-content\/uploads\/sites\/12\/2023\/02\/hipertensao-1.png 750w, https:\/\/jandaiadosul.ufpr.br\/alpem\/wp-content\/uploads\/sites\/12\/2023\/02\/hipertensao-1-300x140.png 300w, https:\/\/jandaiadosul.ufpr.br\/alpem\/wp-content\/uploads\/sites\/12\/2023\/02\/hipertensao-1-175x82.png 175w, https:\/\/jandaiadosul.ufpr.br\/alpem\/wp-content\/uploads\/sites\/12\/2023\/02\/hipertensao-1-75x35.png 75w\" sizes=\"(max-width: 581px) 100vw, 581px\" \/><\/p>\n<p>&nbsp;<\/p>\n<p>A perda de peso auxilia na redu\u00e7\u00e3o da press\u00e3o mesmo quando o peso ideal n\u00e3o \u00e9 alcan\u00e7ado.<\/p>\n<p>Para reduzir o comportamento sedent\u00e1rio, recomenda-se que o indiv\u00edduo se levante por 5 minutos a cada 30 minutos que passa sentado.<\/p>\n<p>Al\u00e9m disso, recomenda-se a pr\u00e1tica m\u00ednima de 150 minutos semanais de\u00a0atividades f\u00edsicas\u00a0aer\u00f3bicas como nata\u00e7\u00e3o, corrida e caminhada. Exemplo: correr 30 minutos de segunda a sexta-feira.<\/p>\n<p>Para um \u201cincremento\u201d na redu\u00e7\u00e3o da press\u00e3o, pode-se ainda fazer muscula\u00e7\u00e3o 2-3 vezes por semana.<\/p>\n<p>&nbsp;<\/p>\n<p>Em rela\u00e7\u00e3o ao\u00a0tratamento medicamentoso, existem v\u00e1rias classes de rem\u00e9dios anti-hipertensivos. Por\u00e9m, para que eles funcionem adequadamente, o paciente deve tomar \u201ccertinho\u201d os comprimidos, caso contr\u00e1rio, o tratamento n\u00e3o ser\u00e1 efetivo e os riscos de complica\u00e7\u00f5es e de morte tornar-se-\u00e3o muito elevados.<\/p>\n<p>&nbsp;<\/p>\n<p><span style=\"font-size: 12pt\">Leitura recomendada: <span style=\"text-decoration: underline\"><span style=\"color: #0000ff;text-decoration: underline\"><a style=\"color: #0000ff;text-decoration: underline\" href=\"https:\/\/jandaiadosul.ufpr.br\/sas\/diabetes-mellitus\/\" target=\"_blank\" rel=\"noopener\">diabetes<\/a><\/span><\/span> e <\/span><span style=\"text-decoration: underline\"><span style=\"color: #0000ff\"><a style=\"color: #0000ff;text-decoration: underline\" href=\"https:\/\/jandaiadosul.ufpr.br\/sas\/uma-epidemia-de-obesidade\/\" target=\"_blank\" rel=\"noopener\"><span style=\"font-size: 10pt\"><span style=\"font-size: 12pt\">obesidade<\/span><\/span><\/a><\/span><\/span><\/p>\n<p>&nbsp;<\/p>\n<p><span style=\"font-size: 8pt\"><b>Autoria<\/b>: Tayn\u00e1<\/span><\/p>\n<p><span style=\"font-size: 8pt\"><b>Julho\/2021<\/b><\/span><\/p>\n<p><span style=\"font-size: 8pt\"><b>Refer\u00eancias<\/b>:<\/span><\/p>\n<p><span style=\"font-size: 8pt\">Diretrizes Brasileiras de Hipertens\u00e3o Arterial \u2013 2020<\/span><\/p>\n<p><span style=\"font-size: 8pt\">Minist\u00e9rio da Sa\u00fade, dispon\u00edvel em: &lt;<a href=\"https:\/\/antigo.saude.gov.br\/noticias\/agencia-saude\/45446-no-brasil-388-pessoas-morrem-por-dia-por-hipertensao\"><span style=\"text-decoration: underline\"><span style=\"color: #0000ff;text-decoration: underline\">https:\/\/antigo.saude.gov.br\/noticias\/agencia-saude\/45446-no-brasil-388-pessoas-morrem-por-dia-por-hipertensao<\/span><\/span><\/a>&gt;<\/span><\/p>\n<p><span style=\"font-size: 8pt\"><b>Imagens dispon\u00edveis em:<\/b><\/span><\/p>\n<p><span style=\"font-size: 8pt\">&lt;<span style=\"color: #0000ff\"><a style=\"color: #0000ff\" href=\"https:\/\/br.freepik.com\/vetores-gratis\/ilustracao-desenhada-a-mao-para-o-dia-mundial-da-hipertensao_13234250.htm#page=1&amp;query=hipertensao&amp;position=19\" target=\"_blank\" rel=\"noopener\"><span style=\"color: #0000ff;text-decoration: underline\">https:\/\/br.freepik.com\/vetores-gratis\/ilustracao-desenhada-a-mao-para-o-dia-mundial-da-hipertensao_13234250.htm#page=1&amp;query=hipertensao&amp;position=19<\/span><\/a><\/span>&gt;<\/span><\/p>\n<p><span style=\"font-size: 8pt\">&lt;<span style=\"text-decoration: underline\"><span style=\"color: #0000ff;text-decoration: underline\"><a style=\"color: #0000ff;text-decoration: underline\" href=\"https:\/\/midia.atp.usp.br\/impressos\/redefor\/EnsinoBiologia\/Fisio_2011_2012\/Fisiologia_v2_semana06.pdf\" target=\"_blank\" rel=\"noopener\">https:\/\/midia.atp.usp.br\/impressos\/redefor\/EnsinoBiologia\/Fisio_2011_2012\/Fisiologia_v2_semana06.pdf<\/a><\/span><\/span><span style=\"color: #0000ff\"><span style=\"color: #000000\">&gt;<\/span><\/span><\/span><\/p>\n<p><span style=\"font-size: 8pt\">&lt;<span style=\"text-decoration: underline\"><span style=\"color: #0000ff\"><a style=\"color: #0000ff;text-decoration: underline\" href=\"https:\/\/drauziovarella.uol.com.br\/videos\/animacoes\/como-funciona-a-hipertensao-animacao-04\/\" target=\"_blank\" rel=\"noopener\">https:\/\/drauziovarella.uol.com.br\/videos\/animacoes\/como-funciona-a-hipertensao-animacao-04\/<\/a><\/span><\/span>&gt;<\/span><\/p>\n<p><span style=\"font-size: 8pt\">&lt;<a href=\"https:\/\/pixabay.com\/pt\/photos\/sal-saleiro-o-sal-de-mesa-3285024\/\" target=\"_blank\" rel=\"noopener\"><span style=\"color: #0000ff\"><span style=\"text-decoration: underline\">https:\/\/pixabay.com\/pt\/photos\/sal-saleiro-o-sal-de-mesa-3285024\/<\/span><\/span><\/a>&gt;<\/span><\/p>\n<p><span style=\"font-size: 8pt\">&lt;<span style=\"text-decoration: underline;color: #0000ff\">https:\/\/blog.circulosaude.com.br\/2020\/01\/28\/prevencao-dicas-de-coracao-para-voce\/<\/span>&gt;<\/span><\/p>\n","protected":false},"excerpt":{"rendered":"<p>&nbsp; &nbsp; \u201cPress\u00e3o alta\u201d \u00e9 o nome popular de uma doen\u00e7a chamada\u00a0hipertens\u00e3o arterial sist\u00eamica (HAS). Por que \u00e9 importante falar sobre isso?\u00a0\u00a0Porque a HAS tem [&hellip;]<\/p>\n","protected":false},"author":3631,"featured_media":0,"parent":0,"menu_order":0,"comment_status":"closed","ping_status":"closed","template":"","meta":{"_acf_changed":false,"footnotes":""},"class_list":["post-570","page","type-page","status-publish","hentry"],"acf":[],"_links":{"self":[{"href":"https:\/\/jandaiadosul.ufpr.br\/alpem\/wp-json\/wp\/v2\/pages\/570","targetHints":{"allow":["GET"]}}],"collection":[{"href":"https:\/\/jandaiadosul.ufpr.br\/alpem\/wp-json\/wp\/v2\/pages"}],"about":[{"href":"https:\/\/jandaiadosul.ufpr.br\/alpem\/wp-json\/wp\/v2\/types\/page"}],"author":[{"embeddable":true,"href":"https:\/\/jandaiadosul.ufpr.br\/alpem\/wp-json\/wp\/v2\/users\/3631"}],"replies":[{"embeddable":true,"href":"https:\/\/jandaiadosul.ufpr.br\/alpem\/wp-json\/wp\/v2\/comments?post=570"}],"version-history":[{"count":26,"href":"https:\/\/jandaiadosul.ufpr.br\/alpem\/wp-json\/wp\/v2\/pages\/570\/revisions"}],"predecessor-version":[{"id":925,"href":"https:\/\/jandaiadosul.ufpr.br\/alpem\/wp-json\/wp\/v2\/pages\/570\/revisions\/925"}],"wp:attachment":[{"href":"https:\/\/jandaiadosul.ufpr.br\/alpem\/wp-json\/wp\/v2\/media?parent=570"}],"curies":[{"name":"wp","href":"https:\/\/api.w.org\/{rel}","templated":true}]}}