{"id":485,"date":"2023-05-23T15:40:21","date_gmt":"2023-05-23T18:40:21","guid":{"rendered":"https:\/\/jandaiadosul.ufpr.br\/sas\/?page_id=485"},"modified":"2023-05-23T15:40:21","modified_gmt":"2023-05-23T18:40:21","slug":"sifilis","status":"publish","type":"page","link":"https:\/\/jandaiadosul.ufpr.br\/alpem\/sifilis\/","title":{"rendered":"S\u00edfilis"},"content":{"rendered":"<p>&nbsp;<\/p>\n<p>A s\u00edfilis (\u00e0s vezes chamada de lues) \u00e9 uma infec\u00e7\u00e3o causada pela bact\u00e9ria\u00a0<i><b>Treponema pallidum<\/b><\/i>. A transmiss\u00e3o se d\u00e1 por via sexual e por via vertical, que \u00e9 quando a gr\u00e1vida transmite ao beb\u00ea durante a gesta\u00e7\u00e3o ou no momento do parto.<\/p>\n<p>&nbsp;<\/p>\n<p><img decoding=\"async\" class=\" wp-image-494 aligncenter\" src=\"http:\/\/jandaiadosul.ufpr.br\/sas\/wp-content\/uploads\/sites\/12\/2023\/02\/sifilis-1-300x167.jpg\" alt=\"\" width=\"237\" height=\"132\" srcset=\"https:\/\/jandaiadosul.ufpr.br\/alpem\/wp-content\/uploads\/sites\/12\/2023\/02\/sifilis-1-300x167.jpg 300w, https:\/\/jandaiadosul.ufpr.br\/alpem\/wp-content\/uploads\/sites\/12\/2023\/02\/sifilis-1-175x98.jpg 175w, https:\/\/jandaiadosul.ufpr.br\/alpem\/wp-content\/uploads\/sites\/12\/2023\/02\/sifilis-1-75x42.jpg 75w, https:\/\/jandaiadosul.ufpr.br\/alpem\/wp-content\/uploads\/sites\/12\/2023\/02\/sifilis-1.jpg 569w\" sizes=\"(max-width: 237px) 100vw, 237px\" \/><\/p>\n<p style=\"text-align: center\"><span style=\"font-size: 9pt\"><em>Treponema pallidum<\/em><\/span><\/p>\n<p>&nbsp;<\/p>\n<p>A s\u00edfilis tem cura, mas se n\u00e3o for adequadamente tratada, pode acometer diversas regi\u00f5es do corpo, incluindo o sistema nervoso e o cardiovascular.<\/p>\n<p>&nbsp;<\/p>\n<p><span style=\"font-size: 10pt\">[leia mais sobre\u00a0s\u00edfilis na gesta\u00e7\u00e3o e s\u00edfilis cong\u00eanita\u00a0<span style=\"text-decoration: underline\"><span style=\"color: #0000ff\"><a style=\"color: #0000ff\" href=\"https:\/\/jandaiadosul.ufpr.br\/sifilis-congenita\/\" target=\"_blank\" rel=\"noopener\"><strong>aqui<\/strong><\/a><\/span><\/span>]<\/span><\/p>\n<p>&nbsp;<\/p>\n<p><span style=\"font-size: 14pt\"><b>Um pouco de Hist\u00f3ria\u2026<\/b><\/span><\/p>\n<p>A s\u00edfilis \u00e9 uma doen\u00e7a bastante antiga na hist\u00f3ria da humanidade. Nas grandes navega\u00e7\u00f5es dos s\u00e9culos XV e XVI, a doen\u00e7a se espalhou pela Europa, atingindo desde a popula\u00e7\u00e3o mais pobre at\u00e9 reis e outras figuras de poder da \u00e9poca. Foi por bastante tempo considerada castigo divino e o estigma afetava fam\u00edlias inteiras, pois era tida como doen\u00e7a heredit\u00e1ria. Apenas em 1905 \u00e9 que se concluiu que o agente causador era uma bact\u00e9ria e somente na d\u00e9cada de 1940 a cura foi encontrada, com a descoberta da penicilina.<\/p>\n<p>&nbsp;<\/p>\n<p><img fetchpriority=\"high\" decoding=\"async\" class=\" wp-image-496 aligncenter\" src=\"http:\/\/jandaiadosul.ufpr.br\/sas\/wp-content\/uploads\/sites\/12\/2023\/02\/penicilina-1-300x226.jpg\" alt=\"\" width=\"289\" height=\"218\" srcset=\"https:\/\/jandaiadosul.ufpr.br\/alpem\/wp-content\/uploads\/sites\/12\/2023\/02\/penicilina-1-300x226.jpg 300w, https:\/\/jandaiadosul.ufpr.br\/alpem\/wp-content\/uploads\/sites\/12\/2023\/02\/penicilina-1-130x98.jpg 130w, https:\/\/jandaiadosul.ufpr.br\/alpem\/wp-content\/uploads\/sites\/12\/2023\/02\/penicilina-1-75x57.jpg 75w, https:\/\/jandaiadosul.ufpr.br\/alpem\/wp-content\/uploads\/sites\/12\/2023\/02\/penicilina-1.jpg 512w\" sizes=\"(max-width: 289px) 100vw, 289px\" \/><\/p>\n<p style=\"text-align: center\"><span style=\"font-size: 8pt\"><em>Alexander Fleming, que recebeu o Pr\u00eamio Nobel pela descoberta da penicilina<\/em><\/span><\/p>\n<p>&nbsp;<\/p>\n<p><span style=\"font-size: 14pt\"><b>Classifica\u00e7\u00e3o da s\u00edfilis<\/b><\/span><\/p>\n<p>A s\u00edfilis \u00e9 dividida em est\u00e1gios porque a doen\u00e7a adquire caracter\u00edsticas distintas conforme o tempo de infec\u00e7\u00e3o.<\/p>\n<p>&nbsp;<\/p>\n<p><span style=\"font-size: 12pt\"><b>&gt; S\u00edfilis prim\u00e1ria<\/b><\/span><\/p>\n<p>Fase inicial da infec\u00e7\u00e3o, caracterizada pela presen\u00e7a do chamado cancro duro (ver detalhes em quadro cl\u00ednico).<\/p>\n<p>&nbsp;<\/p>\n<p><span style=\"font-size: 12pt\"><b>&gt; S\u00edfilis secund\u00e1ria<\/b><\/span><\/p>\n<p>Ocorre semanas a meses ap\u00f3s a cicatriza\u00e7\u00e3o do cancro. O principal \u00f3rg\u00e3o acometido nesta fase \u00e9 a pele.<\/p>\n<p>&nbsp;<\/p>\n<p><span style=\"font-size: 12pt\"><b>&gt; S\u00edfilis terci\u00e1ria<\/b><\/span><\/p>\n<p>Ocorre em 15% a 25% dos casos n\u00e3o tratados. As manifesta\u00e7\u00f5es aparecem entre 1 a 40 anos ap\u00f3s o in\u00edcio da infec\u00e7\u00e3o e podem acometer pele, olhos, articula\u00e7\u00f5es (\u201cjuntas\u201d), ossos, sistemas cardiovascular e neurol\u00f3gico.<\/p>\n<p>&nbsp;<\/p>\n<p><span style=\"font-size: 12pt\"><b>&gt; S\u00edfilis latente<\/b><\/span><\/p>\n<p>Per\u00edodo em que n\u00e3o se observa nenhum sinal ou sintoma da doen\u00e7a. Esse est\u00e1gio \u00e9 chamado de recente quando h\u00e1 menos de 1 ano de infec\u00e7\u00e3o e de tardio quando passa de 1 ano. Apesar de n\u00e3o haver quadro cl\u00ednico aparente nesse est\u00e1gio, a doen\u00e7a pode ser diagnosticada por meio de exames de sangue.<\/p>\n<p>&nbsp;<\/p>\n<p><span style=\"font-size: 14pt\"><b>Quadro cl\u00ednico<\/b><\/span><\/p>\n<p>A maioria dos indiv\u00edduos n\u00e3o apresenta sintomas e, portanto, podem transmitir a doen\u00e7a sem saber.<\/p>\n<p>O quadro cl\u00ednico da\u00a0<b>s\u00edfilis prim\u00e1ria<\/b>\u00a0caracteriza-se pela presen\u00e7a de les\u00e3o ulcerosa (cancro duro) e de \u201c\u00ednguas\u201d.<\/p>\n<p>Dias ap\u00f3s a rela\u00e7\u00e3o sexual que transmitiu a bact\u00e9ria, o indiv\u00edduo apresenta uma \u00falcera na regi\u00e3o de entrada do treponema, seja essa genital, anal ou oral. Essa \u00falcera \u00e9 chamada de\u00a0<b>cancro duro<\/b>\u00a0e caracteriza-se por ser uma les\u00e3o \u00fanica, avermelhada ou r\u00f3sea, brilhante, com bordas elevadas e endurecidas, que n\u00e3o co\u00e7a, n\u00e3o arde e n\u00e3o d\u00f3i. Pode estar em local bem vis\u00edvel ou em locais menos \u00f3bvios, como dobras de pele ou dentro do canal vaginal.<\/p>\n<p><img decoding=\"async\" class=\" wp-image-498 aligncenter\" src=\"http:\/\/jandaiadosul.ufpr.br\/sas\/wp-content\/uploads\/sites\/12\/2023\/02\/cancro-duro-1-300x180.jpg\" alt=\"\" width=\"205\" height=\"123\" srcset=\"https:\/\/jandaiadosul.ufpr.br\/alpem\/wp-content\/uploads\/sites\/12\/2023\/02\/cancro-duro-1-300x180.jpg 300w, https:\/\/jandaiadosul.ufpr.br\/alpem\/wp-content\/uploads\/sites\/12\/2023\/02\/cancro-duro-1-164x98.jpg 164w, https:\/\/jandaiadosul.ufpr.br\/alpem\/wp-content\/uploads\/sites\/12\/2023\/02\/cancro-duro-1-75x45.jpg 75w, https:\/\/jandaiadosul.ufpr.br\/alpem\/wp-content\/uploads\/sites\/12\/2023\/02\/cancro-duro-1.jpg 665w\" sizes=\"(max-width: 205px) 100vw, 205px\" \/><\/p>\n<p style=\"text-align: center\"><span style=\"font-size: 9pt\"><em>Cancro Duro\u00a0<\/em><\/span><\/p>\n<p>O cancro duro desaparece em algumas semanas, mesmo sem tratamento, mas isso n\u00e3o resolve o problema, j\u00e1 que a bact\u00e9ria continua no corpo do indiv\u00edduo e seguir\u00e1 com o curso da doen\u00e7a caso n\u00e3o seja tratada.<\/p>\n<p>J\u00e1 na\u00a0<b>s\u00edfilis secund\u00e1ria<\/b>, os sintomas s\u00e3o majoritariamente cut\u00e2neos. Semanas ap\u00f3s a cicatriza\u00e7\u00e3o do cancro duro, aparecem manchas em lugares espec\u00edficos do corpo ou difusamente. Costumam ser vermelho acastanhadas e podem descamar com o tempo. Al\u00e9m das manchas, podem surgir febre baixa, mal estar e dor de cabe\u00e7a.<\/p>\n<p>&nbsp;<\/p>\n<p><img loading=\"lazy\" decoding=\"async\" class=\"size-medium wp-image-500 aligncenter\" src=\"http:\/\/jandaiadosul.ufpr.br\/sas\/wp-content\/uploads\/sites\/12\/2023\/02\/sifilis-2aria-2-300x219.jpg\" alt=\"\" width=\"300\" height=\"219\" srcset=\"https:\/\/jandaiadosul.ufpr.br\/alpem\/wp-content\/uploads\/sites\/12\/2023\/02\/sifilis-2aria-2-300x219.jpg 300w, https:\/\/jandaiadosul.ufpr.br\/alpem\/wp-content\/uploads\/sites\/12\/2023\/02\/sifilis-2aria-2-135x98.jpg 135w, https:\/\/jandaiadosul.ufpr.br\/alpem\/wp-content\/uploads\/sites\/12\/2023\/02\/sifilis-2aria-2-75x55.jpg 75w, https:\/\/jandaiadosul.ufpr.br\/alpem\/wp-content\/uploads\/sites\/12\/2023\/02\/sifilis-2aria-2.jpg 549w\" sizes=\"(max-width: 300px) 100vw, 300px\" \/><\/p>\n<p>&nbsp;<\/p>\n<p>Por fim, anos ap\u00f3s a infec\u00e7\u00e3o inicial, podem surgir as manifesta\u00e7\u00f5es da\u00a0<b>s\u00edfilis terci\u00e1ria<\/b>, que s\u00e3o variadas: les\u00f5es cut\u00e2neas destrutivas, artrites, problemas nos ossos, na aorta, nos vasos coron\u00e1rios (do cora\u00e7\u00e3o), meningite, cegueira, manifesta\u00e7\u00f5es psiqui\u00e1tricas, dem\u00eancia, paralisia e at\u00e9 morte.<\/p>\n<p><img loading=\"lazy\" decoding=\"async\" class=\" wp-image-501 aligncenter\" src=\"http:\/\/jandaiadosul.ufpr.br\/sas\/wp-content\/uploads\/sites\/12\/2023\/02\/sifilis-3aria-1-300x218.jpg\" alt=\"\" width=\"237\" height=\"172\" srcset=\"https:\/\/jandaiadosul.ufpr.br\/alpem\/wp-content\/uploads\/sites\/12\/2023\/02\/sifilis-3aria-1-300x218.jpg 300w, https:\/\/jandaiadosul.ufpr.br\/alpem\/wp-content\/uploads\/sites\/12\/2023\/02\/sifilis-3aria-1-135x98.jpg 135w, https:\/\/jandaiadosul.ufpr.br\/alpem\/wp-content\/uploads\/sites\/12\/2023\/02\/sifilis-3aria-1-75x54.jpg 75w, https:\/\/jandaiadosul.ufpr.br\/alpem\/wp-content\/uploads\/sites\/12\/2023\/02\/sifilis-3aria-1.jpg 391w\" sizes=\"(max-width: 237px) 100vw, 237px\" \/><\/p>\n<p style=\"text-align: center\"><span style=\"font-size: 9pt\"><em>Exemplo de les\u00e3o destrutiva na regi\u00e3o do nariz<\/em><\/span><\/p>\n<p>&nbsp;<\/p>\n<p><span style=\"font-size: 14pt\"><b>Transmiss\u00e3o<\/b><\/span><\/p>\n<p>A transmiss\u00e3o \u00e9 mais f\u00e1cil nos est\u00e1gios de s\u00edfilis prim\u00e1ria e secund\u00e1ria. Isso porque as les\u00f5es caracter\u00edsticas desses est\u00e1gios s\u00e3o ricas em treponemas e estes s\u00e3o capazes de penetrar as mucosas e a pele n\u00e3o \u00edntegra. Como j\u00e1 dito, a transmiss\u00e3o se d\u00e1 por\u00a0<b>via sexual<\/b>\u00a0e o local de entrada do treponema pode ser vaginal, anal, peniano, oral e at\u00e9 mesmo cut\u00e2neo (caso a pele n\u00e3o esteja \u00edntegra).<\/p>\n<p>Importante dizer que \u00falceras genitais (seja da s\u00edfilis ou de outras ISTs) facilitam a penetra\u00e7\u00e3o do v\u00edrus HIV.<\/p>\n<p>&nbsp;<\/p>\n<p><span style=\"font-size: 10pt\">[leia texto sobre HIV <a href=\"https:\/\/jandaiadosul.ufpr.br\/sas\/aids-retire-suas-duvidas\/\" target=\"_blank\" rel=\"noopener\"><strong><span style=\"text-decoration: underline\"><span style=\"color: #0000ff;text-decoration: underline\">aqui<\/span><\/span>]<\/strong><\/a><\/span><\/p>\n<p>&nbsp;<\/p>\n<p><span style=\"font-size: 14pt\"><b>Diagn\u00f3stico<\/b><\/span><\/p>\n<p>Na suspeita cl\u00ednica de s\u00edfilis, o seu m\u00e9dico solicitar\u00e1 exames de sangue para confirmar o diagn\u00f3stico. Atualmente existe, inclusive no SUS, o teste r\u00e1pido para s\u00edfilis, que mostra o resultado em minutos e permite o in\u00edcio imediato do tratamento.<\/p>\n<p>&nbsp;<\/p>\n<p><span style=\"font-size: 14pt\"><b>Tratamento<\/b><\/span><\/p>\n<p>O tratamento da s\u00edfilis \u00e9 normalmente feito com penicilina e a dose varia conforme o est\u00e1gio da doen\u00e7a. \u00c9 extremamente importante que o(a) parceiro(a) sexual do(a) paciente seja contatado(a) para que receba tamb\u00e9m o tratamento e encerre a cadeia de transmiss\u00e3o da doen\u00e7a.<\/p>\n<p>Lembre-se de que a s\u00edfilis n\u00e3o tratada pode evoluir para o est\u00e1gio terci\u00e1rio e causar danos em diversos sistemas do organismo, inclusive levando \u00e0 morte. Portanto, se voc\u00ea apresenta ou apresentou alguma les\u00e3o genital e n\u00e3o procurou assist\u00eancia m\u00e9dica, fa\u00e7a-o imediatamente. Assim voc\u00ea cuida de sua vida sexual e da de seus parceiros tamb\u00e9m.<\/p>\n<p>&nbsp;<\/p>\n<p><span style=\"font-size: 8pt\"><b>Autoria:\u00a0<\/b>Tayn\u00e1<\/span><\/p>\n<p><span style=\"font-size: 8pt\"><b>Dezembro\/2021<\/b><\/span><\/p>\n<p><span style=\"font-size: 8pt\"><b>Refer\u00eancias:<\/b><\/span><\/p>\n<p><span style=\"font-size: 8pt\">Protocolo Cl\u00ednico\u00a0e\u00a0Diretrizes Terap\u00eauticas\u00a0para\u00a0Aten\u00e7\u00e3o Integral \u00e0s Pessoas com Infec\u00e7\u00f5es Sexualmente Transmiss\u00edveis (IST), Minist\u00e9rio da Sa\u00fade, 2020.<\/span><\/p>\n<p><span style=\"font-size: 8pt\">Livro Cole\u00e7\u00e3o de Cl\u00ednica M\u00e9dica da Universidade de S\u00e3o Paulo, 2<sup>a<\/sup>\u00a0edi\u00e7\u00e3o<\/span><\/p>\n<p><span style=\"font-size: 8pt\">BBC News Brasil, dispon\u00edvel em:\u00a0<b>&lt;<em><a href=\"https:\/\/www.bbc.com\/portuguese\/geral-44844848\"><span style=\"color: #0000ff\"><span style=\"text-decoration: underline\">https:\/\/www.bbc.com\/portuguese\/geral-44844848<\/span><\/span><\/a><\/em>&gt;<\/b><\/span><\/p>\n<p><span style=\"font-size: 8pt\"><b>Imagens dispon\u00edveis em:<\/b><\/span><\/p>\n<p><strong><span style=\"font-size: 8pt\">&lt;<span style=\"text-decoration: underline;color: #0000ff\"><em>http:\/\/www.biomedicinaemacao.com.br\/2017\/06\/a-epidemia-de-sifilis-no-brasil.html<\/em><\/span>&gt;<\/span><\/strong><\/p>\n<p><strong><span style=\"font-size: 8pt\">&lt;<span style=\"text-decoration: underline;color: #0000ff\"><em>https:\/\/www.infoescola.com\/biografias\/alexander-fleming\/<\/em><\/span>&gt;<\/span><\/strong><\/p>\n<p><strong><span style=\"font-size: 8pt\">&lt;<span style=\"text-decoration: underline\"><em><span style=\"color: #0000ff;text-decoration: underline\">https:\/\/www.drakeillafreitas.com.br\/sifilis-sintomas-saiba-mais-sobre-a-doenca<\/span><\/em><\/span>&gt;<\/span><\/strong><\/p>\n<p><strong><span style=\"font-size: 8pt\">&lt;<span style=\"text-decoration: underline\"><em><span style=\"color: #0000ff;text-decoration: underline\">https:\/\/www.mdsaude.com\/doencas-infecciosas\/dst\/sifilis<\/span><\/em><\/span>&gt;<\/span><\/strong><\/p>\n<p><strong><span style=\"font-size: 8pt\">&lt;<span style=\"color: #0000ff\"><em><span style=\"text-decoration: underline\">http:\/\/eyerounds.org\/atlas\/pages\/Syphilis-and-trachoma.html<\/span><\/em><\/span>&gt;<\/span><\/strong><\/p>\n","protected":false},"excerpt":{"rendered":"<p>&nbsp; A s\u00edfilis (\u00e0s vezes chamada de lues) \u00e9 uma infec\u00e7\u00e3o causada pela bact\u00e9ria\u00a0Treponema pallidum. A transmiss\u00e3o se d\u00e1 por via sexual e por via [&hellip;]<\/p>\n","protected":false},"author":3631,"featured_media":0,"parent":0,"menu_order":0,"comment_status":"closed","ping_status":"closed","template":"","meta":{"_acf_changed":false,"footnotes":""},"class_list":["post-485","page","type-page","status-publish","hentry"],"acf":[],"_links":{"self":[{"href":"https:\/\/jandaiadosul.ufpr.br\/alpem\/wp-json\/wp\/v2\/pages\/485","targetHints":{"allow":["GET"]}}],"collection":[{"href":"https:\/\/jandaiadosul.ufpr.br\/alpem\/wp-json\/wp\/v2\/pages"}],"about":[{"href":"https:\/\/jandaiadosul.ufpr.br\/alpem\/wp-json\/wp\/v2\/types\/page"}],"author":[{"embeddable":true,"href":"https:\/\/jandaiadosul.ufpr.br\/alpem\/wp-json\/wp\/v2\/users\/3631"}],"replies":[{"embeddable":true,"href":"https:\/\/jandaiadosul.ufpr.br\/alpem\/wp-json\/wp\/v2\/comments?post=485"}],"version-history":[{"count":27,"href":"https:\/\/jandaiadosul.ufpr.br\/alpem\/wp-json\/wp\/v2\/pages\/485\/revisions"}],"predecessor-version":[{"id":1438,"href":"https:\/\/jandaiadosul.ufpr.br\/alpem\/wp-json\/wp\/v2\/pages\/485\/revisions\/1438"}],"wp:attachment":[{"href":"https:\/\/jandaiadosul.ufpr.br\/alpem\/wp-json\/wp\/v2\/media?parent=485"}],"curies":[{"name":"wp","href":"https:\/\/api.w.org\/{rel}","templated":true}]}}