{"id":414,"date":"2023-02-07T10:52:35","date_gmt":"2023-02-07T13:52:35","guid":{"rendered":"https:\/\/jandaiadosul.ufpr.br\/sas\/?page_id=414"},"modified":"2023-06-13T16:44:29","modified_gmt":"2023-06-13T19:44:29","slug":"substancias-psicoativas","status":"publish","type":"page","link":"https:\/\/jandaiadosul.ufpr.br\/alpem\/substancias-psicoativas\/","title":{"rendered":"Subst\u00e2ncias Psicoativas"},"content":{"rendered":"<p>&nbsp;<\/p>\n<p><img fetchpriority=\"high\" decoding=\"async\" class=\"aligncenter wp-image-417 \" src=\"http:\/\/jandaiadosul.ufpr.br\/sas\/wp-content\/uploads\/sites\/12\/2023\/02\/cerebro-2-pixabay.jpg\" alt=\"\" width=\"262\" height=\"202\" srcset=\"https:\/\/jandaiadosul.ufpr.br\/alpem\/wp-content\/uploads\/sites\/12\/2023\/02\/cerebro-2-pixabay.jpg 1824w, https:\/\/jandaiadosul.ufpr.br\/alpem\/wp-content\/uploads\/sites\/12\/2023\/02\/cerebro-2-pixabay-300x232.jpg 300w, https:\/\/jandaiadosul.ufpr.br\/alpem\/wp-content\/uploads\/sites\/12\/2023\/02\/cerebro-2-pixabay-1024x790.jpg 1024w, https:\/\/jandaiadosul.ufpr.br\/alpem\/wp-content\/uploads\/sites\/12\/2023\/02\/cerebro-2-pixabay-768x593.jpg 768w, https:\/\/jandaiadosul.ufpr.br\/alpem\/wp-content\/uploads\/sites\/12\/2023\/02\/cerebro-2-pixabay-1536x1186.jpg 1536w, https:\/\/jandaiadosul.ufpr.br\/alpem\/wp-content\/uploads\/sites\/12\/2023\/02\/cerebro-2-pixabay-127x98.jpg 127w, https:\/\/jandaiadosul.ufpr.br\/alpem\/wp-content\/uploads\/sites\/12\/2023\/02\/cerebro-2-pixabay-75x57.jpg 75w\" sizes=\"(max-width: 262px) 100vw, 262px\" \/><\/p>\n<p>&nbsp;<\/p>\n<p><span style=\"font-size: 14pt\"><strong>O que s\u00e3o subst\u00e2ncias psicoativas?<\/strong><\/span><\/p>\n<p>S\u00e3o subst\u00e2ncias que agem no c\u00e9rebro, alterando as sensa\u00e7\u00f5es, o estado emocional, o n\u00edvel de consci\u00eancia. Podem ser l\u00edcitas (\u00e1lcool) ou il\u00edcitas (coca\u00edna,\u00a0<em>crack<\/em>, maconha).<\/p>\n<p>De acordo com sua a\u00e7\u00e3o no sistema nervoso, essas drogas podem ser classificadas em\u00a0<strong>depressoras<\/strong>\u00a0(\u00e1lcool),\u00a0<strong>estimulantes<\/strong>\u00a0(coca\u00edna,\u00a0<em>crack<\/em>, anfetamina) e\u00a0<strong>perturbadoras<\/strong>\u00a0(maconha, LSD).<\/p>\n<p>&nbsp;<\/p>\n<p>&nbsp;<\/p>\n<p><span style=\"font-size: 14pt\"><strong>Por que o c\u00e9rebro vicia nessas subst\u00e2ncias?<\/strong><\/span><\/p>\n<p>Existem varia\u00e7\u00f5es no modo como cada droga age no sistema nervoso, por\u00e9m, de modo geral, elas ativam \u00e1reas do c\u00e9rebro que nos fazem sentir prazer e fazem isso de maneira muito mais intensa daquela que seria conseguida de maneira natural (sem o uso da droga). Dessa forma, o indiv\u00edduo passa a ter mais e mais vontade de consumir a subst\u00e2ncia, perdendo o controle sobre seu uso e tornando-se dependente.<\/p>\n<p>Al\u00e9m disso, o uso cont\u00ednuo da subst\u00e2ncia promove altera\u00e7\u00f5es no modo como o c\u00e9rebro reproduz sentimentos e sensa\u00e7\u00f5es ruins como ansiedade, irritabilidade e agressividade. Isso significa que, quando o indiv\u00edduo n\u00e3o est\u00e1 usando a droga, ele se sente muito mal (psicol\u00f3gica e fisicamente), o que o faz buscar novamente a droga \u2013 para aliviar esse mal estar \u2013 e assim ele se prende a um c\u00edrculo vicioso.<\/p>\n<p>&nbsp;<\/p>\n<p>&nbsp;<\/p>\n<p><span style=\"font-size: 14pt\"><strong>Quem s\u00e3o as pessoas que se tornam dependentes de subst\u00e2ncias psicoativas?<\/strong><\/span><\/p>\n<p>Algumas pessoas s\u00e3o mais propensas a desenvolverem depend\u00eancia de subst\u00e2ncias psicoativas. Abaixo alguns fatores que facilitam a instala\u00e7\u00e3o da depend\u00eancia:<\/p>\n<p>&nbsp;<\/p>\n<p><strong>* Hereditariedade<\/strong><\/p>\n<p>\u00c9 sabido que alguns indiv\u00edduos sentem maior prazer ao fazer uso de determinada subst\u00e2ncia enquanto outros, n\u00e3o s\u00f3 sentem menos, como podem at\u00e9 sentir desconforto. Essas diferen\u00e7as de efeito da subst\u00e2ncia no organismo podem ser herdadas geneticamente, o que explicaria o fato de que filhos de pai ou m\u00e3e dependentes t\u00eam mais chance de se tornarem dependentes.<\/p>\n<p>&nbsp;<\/p>\n<p><strong><img decoding=\"async\" class=\" wp-image-418 alignright\" src=\"http:\/\/jandaiadosul.ufpr.br\/sas\/wp-content\/uploads\/sites\/12\/2023\/02\/cerebro-3-pixabay-300x300.png\" alt=\"\" width=\"122\" height=\"122\" srcset=\"https:\/\/jandaiadosul.ufpr.br\/alpem\/wp-content\/uploads\/sites\/12\/2023\/02\/cerebro-3-pixabay-300x300.png 300w, https:\/\/jandaiadosul.ufpr.br\/alpem\/wp-content\/uploads\/sites\/12\/2023\/02\/cerebro-3-pixabay-1024x1024.png 1024w, https:\/\/jandaiadosul.ufpr.br\/alpem\/wp-content\/uploads\/sites\/12\/2023\/02\/cerebro-3-pixabay-150x150.png 150w, https:\/\/jandaiadosul.ufpr.br\/alpem\/wp-content\/uploads\/sites\/12\/2023\/02\/cerebro-3-pixabay-768x768.png 768w, https:\/\/jandaiadosul.ufpr.br\/alpem\/wp-content\/uploads\/sites\/12\/2023\/02\/cerebro-3-pixabay-98x98.png 98w, https:\/\/jandaiadosul.ufpr.br\/alpem\/wp-content\/uploads\/sites\/12\/2023\/02\/cerebro-3-pixabay-57x57.png 57w, https:\/\/jandaiadosul.ufpr.br\/alpem\/wp-content\/uploads\/sites\/12\/2023\/02\/cerebro-3-pixabay.png 1280w\" sizes=\"(max-width: 122px) 100vw, 122px\" \/>* Transtornos psiqui\u00e1tricos<\/strong><\/p>\n<p>Pessoas que sofrem com problemas de\u00a0ansiedade, depress\u00e3o, d\u00e9ficit de aten\u00e7\u00e3o e\u00a0\u00a0hiperatividade, dentre outros transtornos psiqui\u00e1tricos, t\u00eam mais chance de desenvolver depend\u00eancia.<\/p>\n<p>&nbsp;<\/p>\n<p><strong>* \u201cPress\u00e3o\u201d social<\/strong><\/p>\n<p>Fator muito relevante entre os adolescentes que, para serem aceitos em determinados grupos de conv\u00edvio social, acabam por iniciar o uso de subst\u00e2ncias psicoativas.<\/p>\n<p>&nbsp;<\/p>\n<p><img decoding=\"async\" class=\"wp-image-420 alignleft\" src=\"http:\/\/jandaiadosul.ufpr.br\/sas\/wp-content\/uploads\/sites\/12\/2023\/02\/familia-1-freepik-scaled.jpg\" alt=\"\" width=\"209\" height=\"137\" srcset=\"https:\/\/jandaiadosul.ufpr.br\/alpem\/wp-content\/uploads\/sites\/12\/2023\/02\/familia-1-freepik-scaled.jpg 2560w, https:\/\/jandaiadosul.ufpr.br\/alpem\/wp-content\/uploads\/sites\/12\/2023\/02\/familia-1-freepik-300x196.jpg 300w, https:\/\/jandaiadosul.ufpr.br\/alpem\/wp-content\/uploads\/sites\/12\/2023\/02\/familia-1-freepik-1024x669.jpg 1024w, https:\/\/jandaiadosul.ufpr.br\/alpem\/wp-content\/uploads\/sites\/12\/2023\/02\/familia-1-freepik-768x502.jpg 768w, https:\/\/jandaiadosul.ufpr.br\/alpem\/wp-content\/uploads\/sites\/12\/2023\/02\/familia-1-freepik-1536x1003.jpg 1536w, https:\/\/jandaiadosul.ufpr.br\/alpem\/wp-content\/uploads\/sites\/12\/2023\/02\/familia-1-freepik-2048x1338.jpg 2048w, https:\/\/jandaiadosul.ufpr.br\/alpem\/wp-content\/uploads\/sites\/12\/2023\/02\/familia-1-freepik-150x98.jpg 150w, https:\/\/jandaiadosul.ufpr.br\/alpem\/wp-content\/uploads\/sites\/12\/2023\/02\/familia-1-freepik-75x49.jpg 75w\" sizes=\"(max-width: 209px) 100vw, 209px\" \/><\/p>\n<p><strong>* Situa\u00e7\u00e3o familiar<\/strong><\/p>\n<p>Tanto fam\u00edlias disfuncionais, com muitos conflitos, viol\u00eancia e parca intera\u00e7\u00e3o entre os membros, quanto fam\u00edlias mais tolerantes e permissivas em rela\u00e7\u00e3o ao uso de subst\u00e2ncias tendem a facilitar a ingress\u00e3o de seus filhos no mundo da depend\u00eancia.<\/p>\n<p>&nbsp;<\/p>\n<p>&nbsp;<\/p>\n<p><strong>* Falta de informa\u00e7\u00e3o<\/strong><\/p>\n<p>Indiv\u00edduos mal informados sobre subst\u00e2ncias psicoativas (seus efeitos no organismo, suas consequ\u00eancias na vida pessoal e no conv\u00edvio social) tendem a usar mais drogas do que os bem informados.<\/p>\n<p>&nbsp;<\/p>\n<p>&nbsp;<\/p>\n<p><span style=\"font-size: 14pt\"><strong>Como saber se sou dependente de alguma subst\u00e2ncia psicoativa?<\/strong><\/span><\/p>\n<p>Muitos indiv\u00edduos dependentes n\u00e3o se d\u00e3o conta de sua depend\u00eancia. Pensam que o consumo \u00e9 \u201ccasual\u201d e que \u201cassim que quiserem\u201d, cessar\u00e3o o uso. Aqui s\u00e3o listados alguns ind\u00edcios de que o uso de subst\u00e2ncias (tabaco, \u00e1lcool ou drogas il\u00edcitas) pode n\u00e3o estar t\u00e3o \u201csob controle\u201d como se pensa:<\/p>\n<p><strong>\u21d2<\/strong>\u00a0Voc\u00ea diz, por exemplo, que \u201cbeber\u00e1 apenas uma latinha\u201d, mas acaba perdendo o controle da quantidade ingerida;<\/p>\n<p><strong>\u21d2<\/strong>\u00a0Voc\u00ea j\u00e1 tentou cessar o uso da subst\u00e2ncia v\u00e1rias vezes e n\u00e3o obteve sucesso;<\/p>\n<p><strong>\u21d2<\/strong>\u00a0Voc\u00ea apresenta desejo intenso, \u00e0s vezes incontrol\u00e1vel, de uso da subst\u00e2ncia;<\/p>\n<p><strong>\u21d2<\/strong>\u00a0Voc\u00ea permanece fazendo uso da subst\u00e2ncia mesmo que esse h\u00e1bito j\u00e1 tenha lhe causado problemas nas esferas pessoais, sociais, ocupacionais (exs: t\u00e9rmino de relacionamentos, demiss\u00e3o de empregos, brigas com familiares ou desconhecidos, envolvimento em acidentes de tr\u00e2nsito\u2026);<\/p>\n<p><strong>\u21d2<\/strong>\u00a0Voc\u00ea permanece fazendo uso da subst\u00e2ncia mesmo ap\u00f3s esse h\u00e1bito ter gerado consequ\u00eancias negativas a seu organismo (ex: pancreatite ou cirrose hep\u00e1tica de origem alco\u00f3lica \u2013\u00a0ver textos:\u00a0<span style=\"text-decoration: underline\"><span style=\"color: #0000ff;text-decoration: underline\"><a style=\"color: #0000ff;text-decoration: underline\" href=\"https:\/\/jandaiadosul.ufpr.br\/sas\/pancreatite-cronica\/\" target=\"_blank\" rel=\"noopener\"><em>Pancreatite Cr\u00f4nica<\/em><\/a><\/span><\/span>\u00a0e\u00a0<a href=\"https:\/\/jandaiadosul.ufpr.br\/sas\/ja-ouviu-falar-em-cirrose-hepatica\/\" target=\"_blank\" rel=\"noopener\"><em><span style=\"text-decoration: underline\"><span style=\"color: #0000ff;text-decoration: underline\">J\u00e1 ouviu falar em cirrose hep\u00e1tica?<\/span><\/span><\/em><\/a>)<\/p>\n<p><strong>\u21d2\u00a0<\/strong>Algum familiar, amigo ou profissional de sa\u00fade ja\u0301 sugeriu que voc\u00ea cessasse o uso da subst\u00e2ncia;<\/p>\n<p><strong>\u21d2<\/strong>\u00a0Voc\u00ea j\u00e1 \u00e9 tolerante \u00e0 subst\u00e2ncia, ou seja, precisa de doses cada vez maiores para atingir o mesmo efeito que antes era obtido com doses menores;<\/p>\n<p><strong>\u21d2<\/strong>\u00a0Voc\u00ea apresenta abstin\u00eancia, ou seja, altera\u00e7\u00f5es f\u00edsicas (suor excessivo, cora\u00e7\u00e3o acelerado, tremedeira, dentre outros) ao tentar cessar ou mesmo reduzir o uso da subst\u00e2ncia.<\/p>\n<p>&nbsp;<\/p>\n<p>&nbsp;<\/p>\n<p><span style=\"font-size: 14pt\"><strong>Melhor prevenir do que remediar?<\/strong><\/span><\/p>\n<p>Certamente! O tratamento da depend\u00eancia de drogas, l\u00edcitas ou il\u00edcitas, \u00e9 dificultoso, exige trabalho multidisciplinar por parte dos profissionais de sa\u00fade, exige for\u00e7a de vontade e dedica\u00e7\u00e3o do paciente, exige apoio e paci\u00eancia dos familiares. \u00c9 um processo cont\u00ednuo, pois as reca\u00eddas s\u00e3o frequentes. O indiv\u00edduo pode apresentar desejo intenso pela droga mesmo ap\u00f3s anos de abstin\u00eancia!<\/p>\n<p>Tendo \u201cem m\u00e3os\u201d o conhecimento desse contexto do uso de drogas, bem como de seu dif\u00edcil tratamento, conclui-se que prevenir \u00e9 muito melhor do que remediar. O c\u00e9rebro n\u00e3o se vicia em algo que ele nunca experimentou, dessa forma, a melhor maneira de combater uma poss\u00edvel depend\u00eancia de drogas \u00e9 jamais experimentar essa droga.<\/p>\n<p>&nbsp;<\/p>\n<p>&nbsp;<\/p>\n<p><span style=\"font-size: 10pt\"><strong>Autoria<\/strong>: Tayn\u00e1<\/span><\/p>\n<p><span style=\"font-size: 10pt\"><strong>Junho\/2020<\/strong><\/span><\/p>\n<p><span style=\"font-size: 10pt\"><strong>Refer\u00eancias<\/strong>:<\/span><\/p>\n<p><span style=\"font-size: 8pt\">Livro de Cl\u00ednica M\u00e9dica da Universidade de S\u00e3o Paulo, 2a edi\u00e7\u00e3o<\/span><\/p>\n<p><span style=\"font-size: 8pt\">NIDA \u2013<em>\u00a0National Institute of Drug Abuse<\/em><\/span><\/p>\n<p><span style=\"font-size: 10pt\"><strong>Imagens dispon\u00edveis em:<\/strong><\/span><\/p>\n<p><span style=\"font-size: 8pt\"><em>&lt;<span style=\"text-decoration: underline\">https:\/\/pixabay.com\/pt\/illustrations\/professor-c%C3%A9rebro-2714183\/<\/span>&gt;<\/em><\/span><\/p>\n<p><span style=\"font-size: 8pt\"><em>&lt;<span style=\"text-decoration: underline\">https:\/\/pixabay.com\/pt\/illustrations\/ansiedade-sa%C3%BAde-mental-1535743\/<\/span>&gt;<\/em><\/span><\/p>\n<p><span style=\"font-size: 8pt\"><em>&lt;<span style=\"text-decoration: underline\">https:\/\/br.freepik.com\/vetores-gratis\/conjunto-de-pessoas-com-raiva-tendo-conflito-com-esposa-marido-e-filho_6703791.htm#page=1&amp;query=family%20fight&amp;position=4<\/span>&gt;<\/em><\/span><\/p>\n","protected":false},"excerpt":{"rendered":"<p>&nbsp; &nbsp; O que s\u00e3o subst\u00e2ncias psicoativas? S\u00e3o subst\u00e2ncias que agem no c\u00e9rebro, alterando as sensa\u00e7\u00f5es, o estado emocional, o n\u00edvel de consci\u00eancia. Podem ser [&hellip;]<\/p>\n","protected":false},"author":3631,"featured_media":0,"parent":0,"menu_order":0,"comment_status":"closed","ping_status":"closed","template":"","meta":{"_acf_changed":false,"footnotes":""},"class_list":["post-414","page","type-page","status-publish","hentry"],"acf":[],"_links":{"self":[{"href":"https:\/\/jandaiadosul.ufpr.br\/alpem\/wp-json\/wp\/v2\/pages\/414","targetHints":{"allow":["GET"]}}],"collection":[{"href":"https:\/\/jandaiadosul.ufpr.br\/alpem\/wp-json\/wp\/v2\/pages"}],"about":[{"href":"https:\/\/jandaiadosul.ufpr.br\/alpem\/wp-json\/wp\/v2\/types\/page"}],"author":[{"embeddable":true,"href":"https:\/\/jandaiadosul.ufpr.br\/alpem\/wp-json\/wp\/v2\/users\/3631"}],"replies":[{"embeddable":true,"href":"https:\/\/jandaiadosul.ufpr.br\/alpem\/wp-json\/wp\/v2\/comments?post=414"}],"version-history":[{"count":14,"href":"https:\/\/jandaiadosul.ufpr.br\/alpem\/wp-json\/wp\/v2\/pages\/414\/revisions"}],"predecessor-version":[{"id":966,"href":"https:\/\/jandaiadosul.ufpr.br\/alpem\/wp-json\/wp\/v2\/pages\/414\/revisions\/966"}],"wp:attachment":[{"href":"https:\/\/jandaiadosul.ufpr.br\/alpem\/wp-json\/wp\/v2\/media?parent=414"}],"curies":[{"name":"wp","href":"https:\/\/api.w.org\/{rel}","templated":true}]}}