{"id":299,"date":"2022-11-30T08:48:58","date_gmt":"2022-11-30T11:48:58","guid":{"rendered":"https:\/\/jandaiadosul.ufpr.br\/sas\/?page_id=299"},"modified":"2025-10-28T08:32:46","modified_gmt":"2025-10-28T11:32:46","slug":"como-vai-voce","status":"publish","type":"page","link":"https:\/\/jandaiadosul.ufpr.br\/alpem\/como-vai-voce\/","title":{"rendered":"Como vai voc\u00ea?"},"content":{"rendered":"<p><a href=\"https:\/\/www.youtube.com\/watch?v=sMQwOlS_18I\" target=\"_blank\" rel=\"noopener\"><img decoding=\"async\" class=\"alignnone wp-image-1922\" src=\"https:\/\/jandaiadosul.ufpr.br\/wp-content\/uploads\/2014\/08\/interprete-02-150x150.jpg\" alt=\"\" width=\"104\" height=\"105\" \/><\/a><\/p>\n<p>&nbsp;<\/p>\n<p><span style=\"font-family: terminal, monaco, monospace\">Voc\u00ea se sente derrotado? Triste? Desanimado? Incapaz? Desesperado? Ansioso? Com medo? Sem esperan\u00e7as? Sem f\u00e9? Sem \u00e2nimo? Sozinho?<\/span><\/p>\n<p>&nbsp;<\/p>\n<p><span style=\"font-family: terminal, monaco, monospace\"><img decoding=\"async\" class=\"wp-image-315 aligncenter\" src=\"http:\/\/jandaiadosul.ufpr.br\/sas\/wp-content\/uploads\/sites\/12\/2022\/11\/triste-2-freepik_easy-resize-com_-1.jpg\" alt=\"\" width=\"267\" height=\"181\" srcset=\"https:\/\/jandaiadosul.ufpr.br\/alpem\/wp-content\/uploads\/sites\/12\/2022\/11\/triste-2-freepik_easy-resize-com_-1.jpg 1280w, https:\/\/jandaiadosul.ufpr.br\/alpem\/wp-content\/uploads\/sites\/12\/2022\/11\/triste-2-freepik_easy-resize-com_-1-300x203.jpg 300w, https:\/\/jandaiadosul.ufpr.br\/alpem\/wp-content\/uploads\/sites\/12\/2022\/11\/triste-2-freepik_easy-resize-com_-1-1024x694.jpg 1024w, https:\/\/jandaiadosul.ufpr.br\/alpem\/wp-content\/uploads\/sites\/12\/2022\/11\/triste-2-freepik_easy-resize-com_-1-768x520.jpg 768w, https:\/\/jandaiadosul.ufpr.br\/alpem\/wp-content\/uploads\/sites\/12\/2022\/11\/triste-2-freepik_easy-resize-com_-1-145x98.jpg 145w, https:\/\/jandaiadosul.ufpr.br\/alpem\/wp-content\/uploads\/sites\/12\/2022\/11\/triste-2-freepik_easy-resize-com_-1-75x51.jpg 75w\" sizes=\"(max-width: 267px) 100vw, 267px\" \/><\/span><\/p>\n<p>&nbsp;<\/p>\n<p><span style=\"font-family: terminal, monaco, monospace\">Existem problemas e situa\u00e7\u00f5es em nossa vida que nos d\u00e3o um verdadeiro baque. Um div\u00f3rcio, a morte de um ente querido, uma perda financeira, uma reprova\u00e7\u00e3o em uma prova, uma trai\u00e7\u00e3o, uma desilus\u00e3o, um acidente, um diagn\u00f3stico grave&#8230;<\/span><\/p>\n<p><span style=\"font-family: terminal, monaco, monospace\">Quando estamos no fundo do po\u00e7o, tendemos a pensar que somos os \u00fanicos e que ningu\u00e9m nos compreende. Isso \u00e9 um erro. Veja bem, somos todos humanos e humanos riem das mesmas coisas, choram pelas mesmas coisas, se emocionam pelas mesmas coisas e sofrem pelas mesmas coisas. Somos fisicamente distintos por\u00e9m nossas emo\u00e7\u00f5es e nosso modo de pensar s\u00e3o convergentes! Voc\u00ea n\u00e3o \u00e9 o primeiro a sofrer por essas situa\u00e7\u00f5es e nem ser\u00e1 o \u00faltimo. N\u00f3s te compreendemos, n\u00f3s sentimos o que voc\u00ea sente! <b>Voc\u00ea n\u00e3o est\u00e1 sozinho! <\/b><\/span><\/p>\n<p>&nbsp;<\/p>\n<p><span style=\"font-family: terminal, monaco, monospace\"><img decoding=\"async\" class=\"wp-image-317 alignleft\" src=\"http:\/\/jandaiadosul.ufpr.br\/sas\/wp-content\/uploads\/sites\/12\/2022\/11\/triste-3-freepik.jpg\" alt=\"\" width=\"176\" height=\"176\" srcset=\"https:\/\/jandaiadosul.ufpr.br\/alpem\/wp-content\/uploads\/sites\/12\/2022\/11\/triste-3-freepik.jpg 2000w, https:\/\/jandaiadosul.ufpr.br\/alpem\/wp-content\/uploads\/sites\/12\/2022\/11\/triste-3-freepik-300x300.jpg 300w, https:\/\/jandaiadosul.ufpr.br\/alpem\/wp-content\/uploads\/sites\/12\/2022\/11\/triste-3-freepik-1024x1024.jpg 1024w, https:\/\/jandaiadosul.ufpr.br\/alpem\/wp-content\/uploads\/sites\/12\/2022\/11\/triste-3-freepik-150x150.jpg 150w, https:\/\/jandaiadosul.ufpr.br\/alpem\/wp-content\/uploads\/sites\/12\/2022\/11\/triste-3-freepik-768x768.jpg 768w, https:\/\/jandaiadosul.ufpr.br\/alpem\/wp-content\/uploads\/sites\/12\/2022\/11\/triste-3-freepik-1536x1536.jpg 1536w, https:\/\/jandaiadosul.ufpr.br\/alpem\/wp-content\/uploads\/sites\/12\/2022\/11\/triste-3-freepik-98x98.jpg 98w, https:\/\/jandaiadosul.ufpr.br\/alpem\/wp-content\/uploads\/sites\/12\/2022\/11\/triste-3-freepik-57x57.jpg 57w\" sizes=\"(max-width: 176px) 100vw, 176px\" \/><\/span><\/p>\n<p><span style=\"font-family: terminal, monaco, monospace\">E a <b>vergonha<\/b>? Voc\u00ea pensa que \u00e9 o \u00fanico que tem vergonha de se sentir assim? Criados para crer que o sofrimento da mente \u00e9 \u201cfalta do que fazer\u201d, sentimos vergonha de reconhecer que estamos mal, afinal, quem gosta de ser julgado? E voc\u00ea sabe por que temos tanto medo de sermos julgados? Porque o ser humano, de fato, julga demais! Do alto de sua soberba e arrog\u00e2ncia, para se sentir melhor ou por puro narcisismo, o ser humano \u00e9 o primeiro a tacar pedra no telhado do outro, mesmo que o seu seja feito de um vidro bem fininho. J\u00e1 temos evidente, ent\u00e3o, um item pass\u00edvel de melhora por todos n\u00f3s: <b>\u201cN\u00e3o julgueis\u201d<\/b>, disse certa vez um tal filho de Deus, lembra?<\/span><\/p>\n<p>&nbsp;<\/p>\n<p><span style=\"font-family: terminal, monaco, monospace\">Outra tarefa extremamente valiosa para lidar com o sofrimento ps\u00edquico \u00e9<b> n\u00e3o se vitimizar<\/b>. Quando nos colocamos na posi\u00e7\u00e3o de v\u00edtima, estamos dizendo a n\u00f3s mesmos (e \u00e0 vida) que o problema que estamos enfrentando \u00e9 maior e mais forte do que n\u00f3s. Estamos afirmando que n\u00e3o temos capacidade de \u201csair dessa\u201d, estamos nos afundando mais no po\u00e7o. Se voc\u00ea diz algo como: \u201cdesde que minha esposa me abandonou, n\u00e3o consigo mais sair da cama\u201d, voc\u00ea est\u00e1 decretando a sua derrota. Voc\u00ea est\u00e1 dizendo que n\u00e3o \u00e9 uma pessoa plena, que precisa de outra para sobreviver e voc\u00ea sabe que isso n\u00e3o \u00e9 verdade. Voc\u00ea era um ser completo antes de se casar e continuar\u00e1 sendo depois do div\u00f3rcio, mesmo que este lhe traga sentimentos de tristeza e perda.<\/span><\/p>\n<p><span style=\"font-family: terminal, monaco, monospace\">O ser humano \u00e9 imediatista, quer tudo para ontem, inclusive a cessa\u00e7\u00e3o da dor. N\u00e3o se subestime, n\u00f3s\u00a0somos <b>resilientes<\/b> por natureza e a dor vai passar.<\/span><\/p>\n<p>&nbsp;<\/p>\n<p><span style=\"font-family: terminal, monaco, monospace\"><img loading=\"lazy\" decoding=\"async\" class=\"wp-image-319 aligncenter\" src=\"http:\/\/jandaiadosul.ufpr.br\/sas\/wp-content\/uploads\/sites\/12\/2022\/11\/forte-1.jpg\" alt=\"\" width=\"233\" height=\"233\" srcset=\"https:\/\/jandaiadosul.ufpr.br\/alpem\/wp-content\/uploads\/sites\/12\/2022\/11\/forte-1.jpg 1667w, https:\/\/jandaiadosul.ufpr.br\/alpem\/wp-content\/uploads\/sites\/12\/2022\/11\/forte-1-300x300.jpg 300w, https:\/\/jandaiadosul.ufpr.br\/alpem\/wp-content\/uploads\/sites\/12\/2022\/11\/forte-1-1024x1024.jpg 1024w, https:\/\/jandaiadosul.ufpr.br\/alpem\/wp-content\/uploads\/sites\/12\/2022\/11\/forte-1-150x150.jpg 150w, https:\/\/jandaiadosul.ufpr.br\/alpem\/wp-content\/uploads\/sites\/12\/2022\/11\/forte-1-768x768.jpg 768w, https:\/\/jandaiadosul.ufpr.br\/alpem\/wp-content\/uploads\/sites\/12\/2022\/11\/forte-1-1536x1536.jpg 1536w, https:\/\/jandaiadosul.ufpr.br\/alpem\/wp-content\/uploads\/sites\/12\/2022\/11\/forte-1-98x98.jpg 98w, https:\/\/jandaiadosul.ufpr.br\/alpem\/wp-content\/uploads\/sites\/12\/2022\/11\/forte-1-57x57.jpg 57w\" sizes=\"(max-width: 233px) 100vw, 233px\" \/><\/span><\/p>\n<p>&nbsp;<\/p>\n<p><span style=\"font-family: terminal, monaco, monospace\">Veja quantas trag\u00e9dias e situa\u00e7\u00f5es dif\u00edceis passamos antes de chegar at\u00e9 aqui, olhe\u00a0para sua vida, ela foi f\u00e1cil? E seus pais e av\u00f3s? Talvez tenham fugido de guerras e imigrado para o Brasil, n\u00e3o? Talvez tenham at\u00e9 lutado em guerras. Talvez tenham passado\u00a0fome. Talvez tenham perdido entes queridos de maneira tr\u00e1gica. Uma mulher que decide largar o marido abusivo e violento, sem dinheiro, sem bens, apenas com os filhos debaixo da asa e uma esperan\u00e7a de que tudo vai dar certo, n\u00e3o se vitimizou. Ela enfrentou a situa\u00e7\u00e3o na \u201ccara e na coragem\u201d, foi resiliente e entendeu que, se tivesse ficado em casa se lamentando e se vitimizando por estar em um relacionamento abusivo, talvez n\u00e3o estivesse viva para criar os pr\u00f3prios filhos. Esse \u00e9 o exemplo que queremos seguir. Se a vida nos der uma porrada, levantaremos mais fortes e se ela der outro, ainda mais fortes, se der mais um, nem doer\u00e1 mais tanto. Desistir n\u00e3o \u00e9 uma op\u00e7\u00e3o. A vida \u00e9 uma ben\u00e7\u00e3o; mesmo com seus percal\u00e7os\u00a0doloridos, vale a pena ser vivida. Pais costumam dizer: \u201ceu faria tudo pelo meu filho\u201d, ent\u00e3o fa\u00e7a! Mas n\u00e3o fa\u00e7a s\u00f3 pelo seu filho, fa\u00e7a por voc\u00ea tamb\u00e9m! Se defenda com a mesma garra que defenderia o seu filho, levante e \u201ctente outra vez\u201d, como diz a m\u00fasica. N\u00e3o desista de si, n\u00e3o se coloque em posi\u00e7\u00e3o de v\u00edtima, n\u00e3o aumente o problema, n\u00e3o subestime sua resili\u00eancia, voc\u00ea \u00e9 muito mais poderoso do que acredita! Feche os olhos e saiba que vai dar certo, mesmo que n\u00e3o pare\u00e7a. Tenha f\u00e9!<\/span><\/p>\n<p><span style=\"font-family: terminal, monaco, monospace\">Lembre-se: se voc\u00ea j\u00e1 est\u00e1 no fundo do po\u00e7o, <strong>o \u00fanico caminho poss\u00edvel<\/strong> agora \u00e9 para cima. Saia do po\u00e7o, n\u00f3s acreditamos em voc\u00ea!<\/span><\/p>\n<p><img loading=\"lazy\" decoding=\"async\" class=\" wp-image-362 aligncenter\" src=\"http:\/\/jandaiadosul.ufpr.br\/sas\/wp-content\/uploads\/sites\/12\/2022\/11\/triste-4-freepik_easy-resize-com_-300x200.jpg\" alt=\"\" width=\"335\" height=\"223\" srcset=\"https:\/\/jandaiadosul.ufpr.br\/alpem\/wp-content\/uploads\/sites\/12\/2022\/11\/triste-4-freepik_easy-resize-com_-300x200.jpg 300w, https:\/\/jandaiadosul.ufpr.br\/alpem\/wp-content\/uploads\/sites\/12\/2022\/11\/triste-4-freepik_easy-resize-com_-1024x682.jpg 1024w, https:\/\/jandaiadosul.ufpr.br\/alpem\/wp-content\/uploads\/sites\/12\/2022\/11\/triste-4-freepik_easy-resize-com_-768x512.jpg 768w, https:\/\/jandaiadosul.ufpr.br\/alpem\/wp-content\/uploads\/sites\/12\/2022\/11\/triste-4-freepik_easy-resize-com_-147x98.jpg 147w, https:\/\/jandaiadosul.ufpr.br\/alpem\/wp-content\/uploads\/sites\/12\/2022\/11\/triste-4-freepik_easy-resize-com_-75x50.jpg 75w, https:\/\/jandaiadosul.ufpr.br\/alpem\/wp-content\/uploads\/sites\/12\/2022\/11\/triste-4-freepik_easy-resize-com_.jpg 1280w\" sizes=\"(max-width: 335px) 100vw, 335px\" \/><\/p>\n<p>&nbsp;<\/p>\n<p><span style=\"color: #000000;font-family: terminal, monaco, monospace\">Leitura recomendada: <span style=\"color: #0000ff\"><a style=\"color: #0000ff;text-decoration: underline\" href=\"https:\/\/jandaiadosul.ufpr.br\/sas\/vamos-falar-sobre-depressao\/\" target=\"_blank\" rel=\"noopener\">depress\u00e3o<\/a><\/span> e <span style=\"text-decoration: underline\"><a href=\"https:\/\/jandaiadosul.ufpr.br\/sas\/voce-e-ansioso\/\" target=\"_blank\" rel=\"noopener\"><span style=\"color: #0000ff;text-decoration: underline\">ansiedade<\/span><\/a><\/span>\u00a0 <\/span><\/p>\n<p>&nbsp;<\/p>\n<p><span style=\"font-size: 10pt;font-family: terminal, monaco, monospace\"><strong>Autoria<\/strong>: Tayn\u00e1<\/span><\/p>\n<p><span style=\"font-size: 10pt\"><strong><span style=\"font-family: terminal, monaco, monospace\">Novembro\/2022<\/span><\/strong><\/span><\/p>\n<p><span style=\"font-family: terminal, monaco, monospace;font-size: 8pt\"><b><span style=\"font-size: 10pt\">Imagens dispon\u00edveis em:<\/span> <\/b><\/span><\/p>\n<p><em><span style=\"font-family: terminal, monaco, monospace;font-size: 8pt\"><b>&lt;<\/b><span style=\"color: #0000ff\"><a style=\"color: #0000ff\" href=\"https:\/\/br.freepik.com\/fotos-gratis\/balao-triste-com-espaco-de-copia-para-segunda-feira-azul_11153255.htm#query=triste&amp;position=29&amp;from_view=search&amp;track=sph\"><u>https:\/\/br.freepik.com\/fotos-gratis\/balao-triste-com-espaco-de-copia-para-segunda-feira-azul_11153255.htm#query=triste&amp;position=29&amp;from_view=search&amp;track=sph<\/u><\/a><\/span><b>&gt;<\/b><\/span><\/em><\/p>\n<p><em><span style=\"font-family: terminal, monaco, monospace;font-size: 8pt\"><b>&lt;<\/b><a href=\"https:\/\/br.freepik.com\/vetores-gratis\/ilustracao-de-culpa-e-vergonha-de-design-plano-desenhado-a-mao_23784225.htm#page=2&amp;query=vergonha&amp;position=5&amp;from_view=search&amp;track=sph\"><span style=\"color: #0000ff\"><span style=\"text-decoration: underline\">https:\/\/br.freepik.com\/vetores-gratis\/ilustracao-de-culpa-e-vergonha-de-design-plano-desenhado-a-mao_23784225.htm#page=2&amp;query=vergonha&amp;position=5&amp;from_view=search&amp;track=sph<\/span><\/span><\/a><b>&gt;<\/b><\/span><\/em><\/p>\n<p><em><span style=\"font-family: terminal, monaco, monospace;font-size: 8pt\"><b>&lt;<\/b><span style=\"color: #0000ff\"><a style=\"color: #0000ff\" href=\"https:\/\/br.freepik.com\/vetores-gratis\/poderoso-empresario_764909.htm#query=forte&amp;position=34&amp;from_view=search&amp;track=sph\" target=\"_blank\" rel=\"noopener\"><u>https:\/\/br.freepik.com\/vetores-gratis\/poderoso-empresario_764909.htm#query=forte&amp;position=34&amp;from_view=search&amp;track=sph<\/u><\/a><\/span><b>&gt;<\/b><\/span><\/em><\/p>\n<p><em><span style=\"font-family: terminal, monaco, monospace;font-size: 8pt;color: #0000ff\"><span style=\"color: #000000\"><b>&lt;<\/b><\/span><span style=\"text-decoration: underline\"><a style=\"color: #0000ff;text-decoration: underline\" href=\"https:\/\/br.freepik.com\/fotos-gratis\/vista-do-fundo-do-poco_1175873.htm#query=fundo%20do%20po%C3%A7o&amp;position=0&amp;from_view=search&amp;track=sph\">https:\/\/br.freepik.com\/fotos-gratis\/vista-do-fundo-do-poco_1175873.htm#query=fundo%20do%20po%C3%A7o&amp;position=0&amp;from_view=search&amp;track=sph<\/a><\/span><b><span style=\"color: #000000\">&gt;<\/span>\u00a0<\/b><\/span><\/em><\/p>\n<p>&nbsp;<\/p>\n","protected":false},"excerpt":{"rendered":"<p>&nbsp; Voc\u00ea se sente derrotado? Triste? Desanimado? Incapaz? Desesperado? Ansioso? Com medo? Sem esperan\u00e7as? Sem f\u00e9? Sem \u00e2nimo? Sozinho? &nbsp; &nbsp; Existem problemas e situa\u00e7\u00f5es [&hellip;]<\/p>\n","protected":false},"author":3631,"featured_media":0,"parent":0,"menu_order":0,"comment_status":"closed","ping_status":"closed","template":"","meta":{"_acf_changed":false,"footnotes":""},"class_list":["post-299","page","type-page","status-publish","hentry"],"acf":[],"_links":{"self":[{"href":"https:\/\/jandaiadosul.ufpr.br\/alpem\/wp-json\/wp\/v2\/pages\/299","targetHints":{"allow":["GET"]}}],"collection":[{"href":"https:\/\/jandaiadosul.ufpr.br\/alpem\/wp-json\/wp\/v2\/pages"}],"about":[{"href":"https:\/\/jandaiadosul.ufpr.br\/alpem\/wp-json\/wp\/v2\/types\/page"}],"author":[{"embeddable":true,"href":"https:\/\/jandaiadosul.ufpr.br\/alpem\/wp-json\/wp\/v2\/users\/3631"}],"replies":[{"embeddable":true,"href":"https:\/\/jandaiadosul.ufpr.br\/alpem\/wp-json\/wp\/v2\/comments?post=299"}],"version-history":[{"count":40,"href":"https:\/\/jandaiadosul.ufpr.br\/alpem\/wp-json\/wp\/v2\/pages\/299\/revisions"}],"predecessor-version":[{"id":1664,"href":"https:\/\/jandaiadosul.ufpr.br\/alpem\/wp-json\/wp\/v2\/pages\/299\/revisions\/1664"}],"wp:attachment":[{"href":"https:\/\/jandaiadosul.ufpr.br\/alpem\/wp-json\/wp\/v2\/media?parent=299"}],"curies":[{"name":"wp","href":"https:\/\/api.w.org\/{rel}","templated":true}]}}