{"id":11,"date":"2022-09-05T16:17:51","date_gmt":"2022-09-05T19:17:51","guid":{"rendered":"https:\/\/jandaiadosul.ufpr.br\/sas\/?page_id=11"},"modified":"2026-03-16T08:46:21","modified_gmt":"2026-03-16T11:46:21","slug":"educacao-em-saude","status":"publish","type":"page","link":"https:\/\/jandaiadosul.ufpr.br\/alpem\/educacao-em-saude\/","title":{"rendered":"Educa\u00e7\u00e3o em sa\u00fade"},"content":{"rendered":"<p><strong><span style=\"font-family: 'andale mono', monospace;font-size: 14pt\">Ol\u00e1, seja bem-vindo(a)! <\/span><\/strong><\/p>\n<p><strong><span style=\"font-family: 'andale mono', monospace;font-size: 14pt\">Aqui voc\u00ea aprender\u00e1 um pouco mais sobre temas importantes em sa\u00fade.<\/span><\/strong><\/p>\n<p><strong><span style=\"font-family: 'andale mono', monospace;font-size: 14pt\">Esse \u00edcone <em><img decoding=\"async\" class=\"alignnone wp-image-17283\" src=\"https:\/\/jandaiadosul.ufpr.br\/wp-content\/uploads\/2022\/06\/Sinal-da-Acessibilidade-de-Libras-1.png\" alt=\"\" width=\"23\" height=\"22\" \/><\/em> indica acessibilidade em Libras, \u00e9 s\u00f3 clicar!<br \/>\n<\/span><\/strong><\/p>\n<p><strong><span style=\"font-family: 'andale mono', monospace;font-size: 14pt\">Aproveite a leitura!<\/span><\/strong><\/p>\n<p>&nbsp;<\/p>\n<p><span style=\"font-family: georgia, palatino, serif;font-size: 16pt\"><strong><span style=\"color: #ff0000\"><span style=\"color: #000000\"><span style=\"font-size: 18pt\">\u2192<\/span>\u00a0<\/span><\/span><span style=\"color: #0000ff\"><em><span style=\"text-decoration: underline\"><span style=\"text-decoration: underline\"><a style=\"color: #0000ff;text-decoration: underline\" href=\"https:\/\/www.canva.com\/design\/DAGqvHd1QrQ\/YM3uhsX8G9VA9AkkQ8vUyw\/view?utm_content=DAGqvHd1QrQ&amp;utm_campaign=designshare&amp;utm_medium=link2&amp;utm_source=uniquelinks&amp;utlId=h5d04286158\" target=\"_blank\" rel=\"noopener\">Guia pr\u00e1tico de primeiros socorros<\/a><\/span><\/span><\/em><\/span><\/strong><\/span><\/p>\n<p>&nbsp;<\/p>\n<p><span style=\"color: #3366ff\"><em><strong><span style=\"font-size: 14pt\"><span style=\"color: #0000ff\"><span style=\"text-decoration: underline;color: #0000ff\"><a style=\"color: #0000ff;text-decoration: underline\" href=\"https:\/\/www.youtube.com\/watch?v=sMQwOlS_18I\" target=\"_blank\" rel=\"noopener\"><img decoding=\"async\" class=\"alignnone wp-image-17283\" src=\"https:\/\/jandaiadosul.ufpr.br\/wp-content\/uploads\/2022\/06\/Sinal-da-Acessibilidade-de-Libras-1.png\" alt=\"\" width=\"23\" height=\"22\" \/><\/a><\/span><\/span><\/span>\u00a0 \u00a0<\/strong><\/em><\/span><span style=\"font-size: 14pt\"><a href=\"https:\/\/jandaiadosul.ufpr.br\/alpem\/como-vai-voce\/\" target=\"_blank\" rel=\"noopener\"><span style=\"text-decoration: underline;color: #3366ff\"><em><strong>Como vai voc\u00ea?<\/strong><\/em><\/span><\/a><\/span><\/p>\n<p><span style=\"font-size: 14pt\"><em><strong><span style=\"color: #0000ff\"><span style=\"text-decoration: underline;color: #0000ff\"><a style=\"color: #0000ff;text-decoration: underline\" href=\"https:\/\/www.youtube.com\/watch?v=Kz-6BAAcYNo&amp;t=148s\" target=\"_blank\" rel=\"noopener\"><img decoding=\"async\" class=\"alignnone wp-image-17283\" src=\"https:\/\/jandaiadosul.ufpr.br\/wp-content\/uploads\/2022\/06\/Sinal-da-Acessibilidade-de-Libras-1.png\" alt=\"\" width=\"23\" height=\"22\" \/><\/a><\/span> \u00a0<\/span><span style=\"text-decoration: underline;color: #000080\">Var\u00edola do macaco<\/span><\/strong><\/em><\/span><\/p>\n<p><span style=\"color: #3366ff;font-size: 14pt\"><em><strong><span style=\"font-size: 14pt\"><span style=\"color: #0000ff\"><span style=\"text-decoration: underline;color: #0000ff\"><a style=\"color: #0000ff;text-decoration: underline\" href=\"https:\/\/www.youtube.com\/watch?v=huLcg11hLZI\" target=\"_blank\" rel=\"noopener\"><img decoding=\"async\" class=\"alignnone wp-image-17283\" src=\"https:\/\/jandaiadosul.ufpr.br\/wp-content\/uploads\/2022\/06\/Sinal-da-Acessibilidade-de-Libras-1.png\" alt=\"\" width=\"23\" height=\"22\" \/><\/a><\/span><\/span><\/span>\u00a0 <\/strong><span style=\"text-decoration: underline\"><a style=\"color: #3366ff;text-decoration: underline\" href=\"https:\/\/jandaiadosul.ufpr.br\/alpem\/voce-ja-ouviu-falar-em-lepra\/\" target=\"_blank\" rel=\"noopener\"><strong>Voc\u00ea j\u00e1 ouviu falar em \u201clepra\u201d?<\/strong><\/a><\/span><\/em><\/span><\/p>\n<p><span style=\"color: #3366ff;font-size: 14pt\"><em><strong><span style=\"font-size: 14pt\"><span style=\"color: #0000ff\"><span style=\"text-decoration: underline;color: #0000ff\"><a style=\"color: #0000ff;text-decoration: underline\" href=\"https:\/\/youtu.be\/E5BWcZSudvU\" target=\"_blank\" rel=\"noopener\"><img decoding=\"async\" class=\"alignnone wp-image-17283\" src=\"https:\/\/jandaiadosul.ufpr.br\/wp-content\/uploads\/2022\/06\/Sinal-da-Acessibilidade-de-Libras-1.png\" alt=\"\" width=\"23\" height=\"22\" \/><\/a><\/span><\/span><\/span>\u00a0 <\/strong><span style=\"color: #000080\"><a style=\"color: #000080\" href=\"https:\/\/jandaiadosul.ufpr.br\/alpem\/o-que-voce-precisa-saber-sobre-o-sarampo\/\" target=\"_blank\" rel=\"noopener\"><span style=\"text-decoration: underline\"><strong>O que voc\u00ea precisa saber sobre o sarampo<\/strong><\/span><\/a><\/span><\/em><\/span><\/p>\n<p><span style=\"color: #3366ff;font-size: 14pt\"><em><strong><span style=\"font-size: 14pt\"><span style=\"color: #0000ff\"><span style=\"text-decoration: underline;color: #0000ff\"><a style=\"color: #0000ff;text-decoration: underline\" href=\"https:\/\/www.youtube.com\/watch?v=zyc1QGcwYqY\" target=\"_blank\" rel=\"noopener\"><img decoding=\"async\" class=\"alignnone wp-image-17283\" src=\"https:\/\/jandaiadosul.ufpr.br\/wp-content\/uploads\/2022\/06\/Sinal-da-Acessibilidade-de-Libras-1.png\" alt=\"\" width=\"23\" height=\"22\" \/><\/a><\/span><\/span><\/span>\u00a0 <\/strong><a style=\"color: #3366ff\" href=\"https:\/\/jandaiadosul.ufpr.br\/alpem\/voce-sabe-do-que-faleceram-d-pedro-i-alvares-de-azevedo-jose-de-alencar\/\" target=\"_blank\" rel=\"noopener\"><span style=\"text-decoration: underline\"><strong>Voc\u00ea sabe do que faleceram D. Pedro I, \u00c1lvares de Azevedo, Jos\u00e9 de Alencar??<\/strong><\/span><\/a><\/em><\/span><\/p>\n<p><span style=\"color: #3366ff;font-size: 14pt\"><em><strong><span style=\"font-size: 14pt\"><span style=\"color: #0000ff\"><span style=\"text-decoration: underline;color: #0000ff\"><a style=\"color: #0000ff;text-decoration: underline\" href=\"https:\/\/www.youtube.com\/watch?v=f5jv45DfYYI\" target=\"_blank\" rel=\"noopener\"><img decoding=\"async\" class=\"alignnone wp-image-17283\" src=\"https:\/\/jandaiadosul.ufpr.br\/wp-content\/uploads\/2022\/06\/Sinal-da-Acessibilidade-de-Libras-1.png\" alt=\"\" width=\"23\" height=\"22\" \/><\/a><\/span><\/span><\/span>\u00a0 <\/strong><span style=\"text-decoration: underline;color: #000080\"><a style=\"color: #000080;text-decoration: underline\" href=\"https:\/\/jandaiadosul.ufpr.br\/alpem\/aids-retire-suas-duvidas\/\" target=\"_blank\" rel=\"noopener\"><strong>AIDS: retire suas d\u00favidas<\/strong><\/a><\/span><\/em><\/span><\/p>\n<p><span style=\"color: #3366ff;font-size: 14pt\"><em><strong>\u00a0 <\/strong><a style=\"color: #3366ff\" href=\"https:\/\/jandaiadosul.ufpr.br\/alpem\/sifilis\/\" target=\"_blank\" rel=\"noopener\"><span style=\"text-decoration: underline\"><strong>S\u00edfilis<\/strong><\/span><\/a><\/em><\/span><\/p>\n<p><span style=\"color: #3366ff;font-size: 14pt\"><em><strong><span style=\"font-size: 14pt\"><span style=\"color: #0000ff\"><span style=\"text-decoration: underline;color: #0000ff\"><a style=\"color: #0000ff;text-decoration: underline\" href=\"https:\/\/www.youtube.com\/watch?v=PZ3ZtAAE5qA\" target=\"_blank\" rel=\"noopener\"><img decoding=\"async\" class=\"alignnone wp-image-17283\" src=\"https:\/\/jandaiadosul.ufpr.br\/wp-content\/uploads\/2022\/06\/Sinal-da-Acessibilidade-de-Libras-1.png\" alt=\"\" width=\"23\" height=\"22\" \/><\/a><\/span><\/span><\/span>\u00a0 <\/strong><span style=\"text-decoration: underline;color: #000080\"><a style=\"color: #000080;text-decoration: underline\" href=\"https:\/\/jandaiadosul.ufpr.br\/alpem\/hpv-verruga-e-cancer\/\" target=\"_blank\" rel=\"noopener\"><strong>HPV<\/strong><\/a><\/span><\/em><\/span><\/p>\n<p><span style=\"color: #3366ff\"><em><strong>\u00a0 <\/strong><span style=\"font-size: 14pt\"><a style=\"color: #3366ff\" href=\"https:\/\/jandaiadosul.ufpr.br\/alpem\/voce-passa-muitas-horas-em-pe-ou-sentado\/\" target=\"_blank\" rel=\"noopener\"><span style=\"text-decoration: underline\"><strong>Voc\u00ea passa muitas horas em p\u00e9 ou sentado?<\/strong><\/span><\/a><\/span><\/em><\/span><\/p>\n<p><span style=\"color: #3366ff;font-size: 14pt\"><em><strong>\u00a0 <\/strong><span style=\"color: #000080\"><a style=\"color: #000080\" href=\"https:\/\/jandaiadosul.ufpr.br\/alpem\/veneno-nas-articulacoes\/\" target=\"_blank\" rel=\"noopener\"><span style=\"text-decoration: underline\"><strong>Veneno nas articula\u00e7\u00f5es?<\/strong><\/span><\/a><\/span><\/em><\/span><\/p>\n<p><span style=\"color: #3366ff;font-size: 14pt\"><em><strong><a href=\"https:\/\/youtu.be\/0F5VU0-NHI0\" target=\"_blank\" rel=\"noopener\"><span style=\"color: #3366ff\"><span style=\"font-size: 14pt\"><span style=\"color: #0000ff\"><span style=\"text-decoration: underline;color: #0000ff\"><img decoding=\"async\" class=\"alignnone wp-image-17283\" src=\"https:\/\/jandaiadosul.ufpr.br\/wp-content\/uploads\/2022\/06\/Sinal-da-Acessibilidade-de-Libras-1.png\" alt=\"\" width=\"23\" height=\"22\" \/><\/span><\/span><\/span><\/span><\/a>\u00a0 <\/strong><a style=\"color: #3366ff\" href=\"https:\/\/jandaiadosul.ufpr.br\/alpem\/uma-epidemia-de-obesidade\/\" target=\"_blank\" rel=\"noopener\"><span style=\"text-decoration: underline\"><strong>Uma epidemia de\u2026\u00a0<span style=\"font-size: 17pt\">obesidade<\/span><\/strong><\/span><\/a><\/em><\/span><\/p>\n<p><span style=\"color: #000080;font-size: 14pt\"><em><strong>\u00a0 <\/strong><a style=\"color: #000080\" href=\"https:\/\/jandaiadosul.ufpr.br\/alpem\/cirurgia-da-obesidade\/\" target=\"_blank\" rel=\"noopener\"><span style=\"text-decoration: underline\"><strong>Cirurgia da obesidade<\/strong><\/span><\/a><\/em><\/span><\/p>\n<p><span style=\"color: #3366ff;font-size: 14pt\"><em><strong>\u00a0 <\/strong><a style=\"color: #3366ff\" href=\"https:\/\/jandaiadosul.ufpr.br\/alpem\/pressao-alta\/\" target=\"_blank\" rel=\"noopener\"><span style=\"text-decoration: underline\"><strong>Press\u00e3o Alta<\/strong><\/span><\/a><\/em><\/span><\/p>\n<p><span style=\"color: #000080;font-size: 14pt\"><em><strong>\u00a0 <\/strong><a style=\"color: #000080\" href=\"https:\/\/jandaiadosul.ufpr.br\/alpem\/diabetes-mellitus\/\" target=\"_blank\" rel=\"noopener\"><span style=\"text-decoration: underline\"><strong>Diabetes mellitus<\/strong><\/span><\/a><\/em><\/span><\/p>\n<p><span style=\"color: #3366ff;font-size: 14pt\"><em><strong>\u00a0 <\/strong><a style=\"color: #3366ff\" href=\"https:\/\/jandaiadosul.ufpr.br\/alpem\/tenho-hipotireoidismo-e-por-isso-que-estou-acima-do-peso\/\" target=\"_blank\" rel=\"noopener\"><span style=\"text-decoration: underline\"><strong>Tenho hipotireoidismo, \u00e9 por isso que estou acima do peso?<\/strong><\/span><\/a><\/em><\/span><\/p>\n<p><a href=\"https:\/\/jandaiadosul.ufpr.br\/alpem\/voce-teria-coragem-de-tomar-uma-sopa-de-bacterias\/\" target=\"_blank\" rel=\"noopener\"><span style=\"color: #3366ff;font-size: 14pt\"><em><strong>\u00a0 <\/strong><span style=\"color: #000080\"><span style=\"text-decoration: underline\"><strong>Voc\u00ea teria coragem de tomar uma \u201csopa de bact\u00e9rias\u201d?<\/strong><\/span><\/span><\/em><\/span><\/a><\/p>\n<p><span style=\"color: #3366ff;font-size: 14pt\"><em><strong>\u00a0 <\/strong><a style=\"color: #3366ff\" href=\"https:\/\/jandaiadosul.ufpr.br\/alpem\/ja-ouviu-alguem-reclamando-de-refluxo\/\" target=\"_blank\" rel=\"noopener\"><span style=\"text-decoration: underline\"><strong>J\u00e1 ouviu algu\u00e9m reclamando de refluxo?<\/strong><\/span><\/a><\/em><\/span><\/p>\n<p><span style=\"color: #3366ff;font-size: 14pt\"><em><strong><span style=\"text-decoration: underline\"><a style=\"color: #3366ff;text-decoration: underline\" href=\"https:\/\/www.youtube.com\/watch?v=Qqb4jK8UEw8&amp;t=21s\" target=\"_blank\" rel=\"noopener\"><img decoding=\"async\" class=\"alignnone wp-image-17283\" src=\"https:\/\/jandaiadosul.ufpr.br\/wp-content\/uploads\/2022\/06\/Sinal-da-Acessibilidade-de-Libras-1.png\" alt=\"\" width=\"23\" height=\"22\" \/><\/a><\/span> <\/strong><span style=\"color: #000080\"><a style=\"color: #000080\" href=\"https:\/\/jandaiadosul.ufpr.br\/alpem\/ja-ouviu-falar-em-cirrose-hepatica\/\" target=\"_blank\" rel=\"noopener\"><span style=\"text-decoration: underline\"><strong>J\u00e1 ouviu falar em cirrose hep\u00e1tica?<\/strong><\/span><\/a><\/span><\/em><\/span><\/p>\n<p><span style=\"color: #3366ff;font-size: 14pt\"><em><strong><span style=\"text-decoration: underline\"><a style=\"color: #3366ff;text-decoration: underline\" href=\"https:\/\/youtu.be\/bIKwn1nt60o\" target=\"_blank\" rel=\"noopener\"><img decoding=\"async\" class=\"alignnone wp-image-17283\" src=\"https:\/\/jandaiadosul.ufpr.br\/wp-content\/uploads\/2022\/06\/Sinal-da-Acessibilidade-de-Libras-1.png\" alt=\"\" width=\"23\" height=\"22\" \/><\/a><\/span>\u00a0<\/strong><span style=\"text-decoration: underline\"><strong><a style=\"color: #3366ff;text-decoration: underline\" href=\"https:\/\/jandaiadosul.ufpr.br\/alpem\/hepatites-virais\/\" target=\"_blank\" rel=\"noopener\">Hepatites Virais<\/a><\/strong><\/span><\/em><\/span><\/p>\n<p><span style=\"color: #3366ff;font-size: 14pt\"><em><strong><a style=\"color: #3366ff;text-decoration: underline\" href=\"https:\/\/youtu.be\/pC9R4W1nU9Q\" target=\"_blank\" rel=\"noopener\"><img decoding=\"async\" class=\"alignnone wp-image-17283\" src=\"https:\/\/jandaiadosul.ufpr.br\/wp-content\/uploads\/2022\/06\/Sinal-da-Acessibilidade-de-Libras-1.png\" alt=\"\" width=\"23\" height=\"22\" \/><\/a><\/strong><strong>\u00a0<\/strong><span style=\"color: #000080\"><a style=\"color: #000080\" href=\"https:\/\/jandaiadosul.ufpr.br\/alpem\/hepatite-a\/\" target=\"_blank\" rel=\"noopener\"><span style=\"text-decoration: underline\"><strong>Hepatite A<\/strong><\/span><\/a><\/span><\/em><\/span><\/p>\n<p><span style=\"color: #3366ff;font-size: 14pt\"><em><a style=\"color: #3366ff\" href=\"https:\/\/youtu.be\/HTl4JN_qN6k\" target=\"_blank\" rel=\"noopener\"><strong><img decoding=\"async\" class=\"alignnone wp-image-17283\" src=\"https:\/\/jandaiadosul.ufpr.br\/wp-content\/uploads\/2022\/06\/Sinal-da-Acessibilidade-de-Libras-1.png\" alt=\"\" width=\"23\" height=\"22\" \/><\/strong><\/a><strong>\u00a0<\/strong><span style=\"text-decoration: underline\"><strong><a style=\"color: #3366ff;text-decoration: underline\" href=\"https:\/\/jandaiadosul.ufpr.br\/alpem\/hepatite-b\/\" target=\"_blank\" rel=\"noopener\">Hepatite B &#8211; Uma doen\u00e7a do f\u00edgado transmitida por via sexual?<\/a><\/strong><\/span><\/em><\/span><\/p>\n<p><span style=\"color: #3366ff;font-size: 14pt\"><em><strong>\u00a0 <\/strong><span style=\"color: #000080\"><a style=\"color: #000080\" href=\"https:\/\/jandaiadosul.ufpr.br\/alpem\/hepatite-c\/\" target=\"_blank\" rel=\"noopener\"><span style=\"text-decoration: underline\"><strong>Hepatite C &#8211; Cuidado com manicure e tatuagens!<\/strong><\/span><\/a><\/span><\/em><\/span><\/p>\n<p><span style=\"color: #3366ff;font-size: 14pt\"><em><a style=\"color: #3366ff\" href=\"https:\/\/www.youtube.com\/watch?v=pa5hwr92Iag\" target=\"_blank\" rel=\"noopener\"><strong><img decoding=\"async\" class=\"alignnone wp-image-17283\" src=\"https:\/\/jandaiadosul.ufpr.br\/wp-content\/uploads\/2022\/06\/Sinal-da-Acessibilidade-de-Libras-1.png\" alt=\"\" width=\"23\" height=\"22\" \/><\/strong><\/a>\u00a0<span style=\"text-decoration: underline\"><a style=\"color: #3366ff;text-decoration: underline\" href=\"https:\/\/jandaiadosul.ufpr.br\/alpem\/voce-tem-pedra-na-vesicula\/\" target=\"_blank\" rel=\"noopener\"><strong>Voc\u00ea tem &#8220;pedra na ves\u00edcula&#8221;?<\/strong><\/a><\/span><\/em><\/span><\/p>\n<p><span style=\"color: #3366ff;font-size: 14pt\"><em><strong>\u00a0 <\/strong><span style=\"color: #000080\"><a style=\"color: #000080\" href=\"https:\/\/jandaiadosul.ufpr.br\/alpem\/pancreatite-aguda\/\" target=\"_blank\" rel=\"noopener\"><span style=\"text-decoration: underline\"><strong>Pancreatite Aguda<\/strong><\/span><\/a><\/span><\/em><\/span><\/p>\n<p><span style=\"color: #3366ff;font-size: 14pt\"><em><strong>\u00a0 <\/strong><a style=\"color: #3366ff\" href=\"https:\/\/jandaiadosul.ufpr.br\/alpem\/pancreatite-cronica\/\" target=\"_blank\" rel=\"noopener\"><span style=\"text-decoration: underline\"><strong>Pancreatite Cr\u00f4nica<\/strong><\/span><\/a><\/em><\/span><\/p>\n<p><span style=\"color: #000080;font-size: 14pt\"><em><strong>\u00a0 <\/strong><a style=\"color: #000080\" href=\"https:\/\/jandaiadosul.ufpr.br\/alpem\/substancias-psicoativas\/\" target=\"_blank\" rel=\"noopener\"><span style=\"text-decoration: underline\"><strong>Subst\u00e2ncias Psicoativas<\/strong><\/span><\/a><\/em><\/span><\/p>\n<p><span style=\"color: #3366ff;font-size: 14pt\"><em><strong>\u00a0 <\/strong><a style=\"color: #3366ff\" href=\"https:\/\/jandaiadosul.ufpr.br\/alpem\/alcool-um-vilao-licito\/\" target=\"_blank\" rel=\"noopener\"><span style=\"text-decoration: underline\"><strong>\u00c1lcool, um vil\u00e3o l\u00edcito<\/strong><\/span><\/a><\/em><\/span><\/p>\n<p><span style=\"color: #3366ff;font-size: 14pt\"><em><strong>\u00a0 <\/strong><span style=\"color: #000080\"><a style=\"color: #000080\" href=\"https:\/\/jandaiadosul.ufpr.br\/alpem\/por-que-a-venda-de-bebidas-alcoolicas-e-proibida-para-menores-de-18-anos\/\" target=\"_blank\" rel=\"noopener\"><span style=\"text-decoration: underline\"><strong>Por que a venda de bebidas alco\u00f3licas \u00e9 proibida para menores de 18 anos?<\/strong><\/span><\/a><\/span><\/em><\/span><\/p>\n<p><span style=\"font-size: 14pt\">\u00a0 <a href=\"https:\/\/jandaiadosul.ufpr.br\/alpem\/maconha\/\" target=\"_blank\" rel=\"noopener\"><span style=\"text-decoration: underline;color: #3366ff\"><em><strong>Maconha<\/strong><\/em><\/span><\/a><\/span><\/p>\n<p><em><span style=\"font-family: georgia, palatino, serif\"><strong><span style=\"color: #000080\"><span style=\"font-size: 14pt\"><span style=\"color: #3366ff;font-size: 14pt\"><img decoding=\"async\" class=\"alignnone wp-image-17283\" src=\"https:\/\/jandaiadosul.ufpr.br\/wp-content\/uploads\/2022\/06\/Sinal-da-Acessibilidade-de-Libras-1.png\" alt=\"\" width=\"23\" height=\"22\" \/><\/span> <\/span><\/span><span style=\"font-family: georgia, palatino, serif\"><span style=\"text-decoration: underline;color: #000080\"><span style=\"font-size: 14pt\"><span style=\"color: #000080;font-family: helvetica, arial, sans-serif;text-decoration: underline\"><a style=\"color: #000080;text-decoration: underline\" href=\"https:\/\/jandaiadosul.ufpr.br\/alpem\/voce-sabe-o-que-e-evali\/\" target=\"_blank\" rel=\"noopener\">Voc\u00ea sabe o que \u00e9 EVALI?<\/a><\/span><\/span><\/span><\/span><\/strong><\/span><\/em><\/p>\n<p><span style=\"color: #3366ff;font-size: 14pt\"><em><strong>\u00a0 <\/strong><span style=\"color: #3366ff\"><a style=\"color: #3366ff\" href=\"https:\/\/jandaiadosul.ufpr.br\/alpem\/vamos-falar-sobre-depressao\/\" target=\"_blank\" rel=\"noopener\"><span style=\"text-decoration: underline\"><strong>Vamos falar sobre depress\u00e3o?<\/strong><\/span><\/a><\/span><\/em><\/span><\/p>\n<p><span style=\"color: #3366ff;font-size: 14pt\"><em><strong>\u00a0 <\/strong><\/em><span style=\"color: #000080\"><a style=\"color: #000080\" href=\"https:\/\/jandaiadosul.ufpr.br\/alpem\/voce-e-ansioso\/\" target=\"_blank\" rel=\"noopener\"><span style=\"text-decoration: underline\"><em><strong>Voc\u00ea \u00e9 ansioso?<\/strong><\/em><\/span><\/a><\/span><\/span><\/p>\n<p><span style=\"color: #3366ff;font-size: 14pt\"><em><strong>\u00a0 <a style=\"color: #3366ff\" href=\"https:\/\/jandaiadosul.ufpr.br\/alpem\/como-e-o-desenvolvimento-normal-de-um-bebe\/\" target=\"_blank\" rel=\"noopener\"><span style=\"text-decoration: underline\">Como \u00e9 o desenvolvimento normal de um beb\u00ea?<\/span><\/a><\/strong><\/em><\/span><\/p>\n<p><span style=\"color: #3366ff;font-size: 14pt\"><em><strong>\u00a0 <span style=\"color: #000080\"><a style=\"color: #000080\" href=\"https:\/\/jandaiadosul.ufpr.br\/alpem\/transtorno-do-espectro-autista\/\" target=\"_blank\" rel=\"noopener\"><span style=\"text-decoration: underline\">Transtorno do Espectro Autista<\/span><\/a><\/span><\/strong><\/em><\/span><\/p>\n<p><span style=\"color: #3366ff;font-size: 14pt\"><em><a style=\"color: #3366ff\" href=\"https:\/\/www.youtube.com\/watch?v=vF_sPozsfas\" target=\"_blank\" rel=\"noopener\"><span style=\"text-decoration: underline\"><strong><img decoding=\"async\" class=\"alignnone wp-image-17283\" src=\"https:\/\/jandaiadosul.ufpr.br\/wp-content\/uploads\/2022\/06\/Sinal-da-Acessibilidade-de-Libras-1.png\" alt=\"\" width=\"23\" height=\"22\" \/><\/strong><\/span><\/a> <a style=\"color: #3366ff\" href=\"https:\/\/jandaiadosul.ufpr.br\/alpem\/vamos-falar-sobre-enxaqueca\/\" target=\"_blank\" rel=\"noopener\"><span style=\"text-decoration: underline\"><strong>Vamos falar sobre enxaqueca?<\/strong><\/span><\/a><\/em><\/span><\/p>\n<p>&nbsp;<\/p>\n<p>&nbsp;<\/p>\n<p><img decoding=\"async\" class=\"wp-image-13053 alignnone\" src=\"https:\/\/jandaiadosul.ufpr.br\/wp-content\/uploads\/2015\/02\/corpo-humano-1-freepik-scaled.jpg\" alt=\"\" width=\"196\" height=\"148\" \/>\u00a0<span style=\"font-size: 16pt\">\u00a0<span style=\"font-size: 20pt\"><strong>\u2192 Conhe\u00e7a o corpo humano&#8230;<\/strong><\/span><\/span><\/p>\n<p><span style=\"font-size: 4pt\"><strong>Imagem<\/strong>: https:\/\/br.freepik.com<\/span><\/p>\n<p><span style=\"font-size: 14pt\"><em><strong>\u00a0 <span style=\"text-decoration: underline;color: #000080\"><a style=\"color: #000080;text-decoration: underline\" href=\"https:\/\/jandaiadosul.ufpr.br\/alpem\/conheca-o-pancreas\/\" target=\"_blank\" rel=\"noopener\">Conhe\u00e7a o p\u00e2ncreas<\/a><\/span><\/strong><\/em><\/span><\/p>\n<p><span style=\"color: #3366ff;font-size: 14pt\"><em><strong>\u00a0 <a style=\"color: #3366ff\" href=\"https:\/\/jandaiadosul.ufpr.br\/alpem\/conheca-os-rins\/\" target=\"_blank\" rel=\"noopener\"><span style=\"text-decoration: underline\">Conhe\u00e7a os rins<\/span><\/a><\/strong><\/em><\/span><\/p>\n<p><span style=\"color: #3366ff;font-size: 14pt\"><em><strong>\u00a0 <a href=\"https:\/\/jandaiadosul.ufpr.br\/alpem\/conheca-a-medula-espinhal\/\" target=\"_blank\" rel=\"noopener\"><span style=\"text-decoration: underline;color: #000080\">Conhe\u00e7a a medula espinhal<\/span><\/a><\/strong><\/em><\/span><\/p>\n<p><span style=\"color: #3366ff;font-size: 14pt\"><em><strong>\u00a0 <a style=\"color: #3366ff\" href=\"https:\/\/jandaiadosul.ufpr.br\/alpem\/conheca-o-estomago\/\" target=\"_blank\" rel=\"noopener\"><span style=\"text-decoration: underline\">Conhe\u00e7a o est\u00f4mago<\/span><\/a><\/strong><\/em><\/span><\/p>\n<p>&nbsp;<\/p>\n<p><img decoding=\"async\" class=\"alignnone wp-image-16910 \" src=\"https:\/\/jandaiadosul.ufpr.br\/wp-content\/uploads\/2022\/05\/mulher-2.png\" alt=\"\" width=\"148\" height=\"152\" \/>\u00a0 <span style=\"font-size: 16pt\">\u00a0<span style=\"font-size: 20pt\"><strong>\u2192 Sa\u00fade da Mulher<\/strong><\/span><\/span><\/p>\n<p><span style=\"font-size: 4pt\"><strong>Imagem<\/strong>: https:\/\/br.freepik.com<\/span><\/p>\n<p><span style=\"color: #3366ff\"><em><strong>\u00a0 <span style=\"color: #3366ff;font-size: 14pt\"><a style=\"color: #3366ff\" href=\"https:\/\/jandaiadosul.ufpr.br\/alpem\/o-ciclo-menstrual\/\" target=\"_blank\" rel=\"noopener\"><span style=\"text-decoration: underline\">O ciclo menstrual<\/span><\/a><\/span><\/strong><\/em><\/span><\/p>\n<p><span style=\"color: #000080;font-size: 14pt\"><em><strong>\u00a0\u00a0<span style=\"text-decoration: underline\"><a style=\"color: #000080;text-decoration: underline\" href=\"https:\/\/jandaiadosul.ufpr.br\/alpem\/metodos-contraceptivos\/\" target=\"_blank\" rel=\"noopener\">M\u00e9todos contraceptivos<\/a><\/span><\/strong><\/em><\/span><\/p>\n<p><span style=\"color: #3366ff;font-size: 14pt\"><em><strong>\u00a0\u00a0<a style=\"color: #3366ff\" href=\"https:\/\/jandaiadosul.ufpr.br\/alpem\/endometriose\/\" target=\"_blank\" rel=\"noopener\"><span style=\"text-decoration: underline\">Endometriose<\/span><\/a><\/strong><\/em><\/span><\/p>\n<p><span style=\"color: #3366ff;font-size: 14pt\"><em><strong>\u00a0\u00a0<span style=\"text-decoration: underline;color: #000080\"><a style=\"color: #000080;text-decoration: underline\" href=\"https:\/\/jandaiadosul.ufpr.br\/alpem\/e-verdade-que-mulheres-gravidas-nao-podem-entrar-em-contato-com-gatos\/\" target=\"_blank\" rel=\"noopener\">Mulheres gr\u00e1vidas n\u00e3o podem entrar em contato com gatos?<\/a><\/span><\/strong><\/em><\/span><\/p>\n<p><span style=\"color: #3366ff;font-size: 14pt\"><em><strong>\u00a0\u00a0<span style=\"text-decoration: underline\"><a style=\"color: #3366ff;text-decoration: underline\" href=\"https:\/\/jandaiadosul.ufpr.br\/alpem\/sifilis-congenita\/\" target=\"_blank\" rel=\"noopener\">S\u00edfilis cong\u00eanita<\/a><\/span><\/strong><\/em><\/span><\/p>\n<p><span style=\"color: #000080;font-size: 14pt\"><em><strong>\u00a0 <span style=\"text-decoration: underline\"><a style=\"color: #000080;text-decoration: underline\" href=\"https:\/\/jandaiadosul.ufpr.br\/alpem\/diabetes-gestacional\/\" target=\"_blank\" rel=\"noopener\">Diabetes gestacional<\/a><\/span><\/strong><\/em><\/span><\/p>\n<p><span style=\"color: #3366ff;font-size: 14pt\"><em><strong>\u00a0 <span style=\"text-decoration: underline\"><a style=\"color: #3366ff;text-decoration: underline\" href=\"https:\/\/jandaiadosul.ufpr.br\/alpem\/abortamento\/\" target=\"_blank\" rel=\"noopener\">Abortamento<\/a><\/span><\/strong><\/em><\/span><\/p>\n<p>&nbsp;<\/p>\n<p>&nbsp;<\/p>\n<p><img loading=\"lazy\" decoding=\"async\" class=\"alignnone wp-image-12791 \" src=\"https:\/\/jandaiadosul.ufpr.br\/wp-content\/uploads\/2015\/02\/c%C3%A2ncer-2.jpg\" alt=\"\" width=\"193\" height=\"123\" \/>\u00a0 \u00a0 <span style=\"font-size: 20pt\"><strong>\u2192 C\u00e2ncer<\/strong><\/span><\/p>\n<p><span style=\"font-size: 4pt\"><strong>Imagem<\/strong>: https:\/\/www.bbc.com\/news\/10297884<\/span><\/p>\n<p><em><b><a href=\"https:\/\/youtu.be\/aqBp4VrGGYw\" target=\"_blank\" rel=\"noopener\"><span style=\"font-size: 14pt\"><strong><span style=\"color: #0000ff\"><img decoding=\"async\" class=\"alignnone wp-image-17283\" src=\"https:\/\/jandaiadosul.ufpr.br\/wp-content\/uploads\/2022\/06\/Sinal-da-Acessibilidade-de-Libras-1.png\" alt=\"\" width=\"23\" height=\"22\" \/><\/span><\/strong><\/span><\/a> \u00a0<span style=\"text-decoration: underline;color: #3366ff;font-size: 14pt\"><a style=\"color: #3366ff;text-decoration: underline\" href=\"https:\/\/jandaiadosul.ufpr.br\/alpem\/o-que-afinal-e-cancer\/\" target=\"_blank\" rel=\"noopener\">O que, afinal, \u00e9 c\u00e2ncer?<\/a><\/span><\/b><\/em><\/p>\n<p><span style=\"color: #3366ff;font-size: 14pt\"><em><strong><a style=\"color: #3366ff\" href=\"https:\/\/www.youtube.com\/watch?v=g2WdvWmGQek\" target=\"_blank\" rel=\"noopener\"><img decoding=\"async\" class=\"alignnone wp-image-17283\" src=\"https:\/\/jandaiadosul.ufpr.br\/wp-content\/uploads\/2022\/06\/Sinal-da-Acessibilidade-de-Libras-1.png\" alt=\"\" width=\"23\" height=\"22\" \/><\/a>\u00a0 <span style=\"text-decoration: underline;color: #000080\"><a style=\"color: #000080;text-decoration: underline\" href=\"https:\/\/jandaiadosul.ufpr.br\/alpem\/por-que-se-fala-tanto-em-cancer-de-mama\/\" target=\"_blank\" rel=\"noopener\">Por que se fala tanto em c\u00e2ncer de mama?<\/a><\/span><\/strong><\/em><\/span><\/p>\n<p><span style=\"color: #3366ff;font-size: 14pt\"><em><strong>\u00a0 <span style=\"text-decoration: underline\"><a style=\"color: #3366ff;text-decoration: underline\" href=\"https:\/\/jandaiadosul.ufpr.br\/alpem\/cancer-de-prostata\/\" target=\"_blank\" rel=\"noopener\">C\u00e2ncer de pr\u00f3stata<\/a><\/span><\/strong><\/em><\/span><\/p>\n<p><span style=\"color: #3366ff;font-size: 14pt\"><em><strong>\u00a0 <span style=\"text-decoration: underline;color: #000080\"><a style=\"color: #000080;text-decoration: underline\" href=\"https:\/\/jandaiadosul.ufpr.br\/alpem\/cancer-colorretal\/\" target=\"_blank\" rel=\"noopener\">O segundo c\u00e2ncer mais comum em homens e em <span style=\"color: #000080;text-decoration: underline\">mulheres<\/span><\/a><\/span><\/strong><\/em><\/span><\/p>\n<p><strong><em><span style=\"color: #3366ff\"><span style=\"font-size: 14pt\"> <span style=\"color: #3366ff;font-size: 14pt\"><span style=\"color: #0000ff\"><span style=\"text-decoration: underline;color: #0000ff\"><a style=\"color: #0000ff;text-decoration: underline\" href=\"https:\/\/www.youtube.com\/watch?v=X69x7DKfx3g\" target=\"_blank\" rel=\"noopener\"><img decoding=\"async\" class=\"alignnone wp-image-17283\" src=\"https:\/\/jandaiadosul.ufpr.br\/wp-content\/uploads\/2022\/06\/Sinal-da-Acessibilidade-de-Libras-1.png\" alt=\"\" width=\"23\" height=\"22\" \/><\/a><\/span><\/span><\/span> <\/span><\/span><a href=\"https:\/\/jandaiadosul.ufpr.br\/alpem\/o-cancer-mais-letal-do-mundo\/\" target=\"_blank\" rel=\"noopener\"><span style=\"text-decoration: underline;color: #3366ff\"><span style=\"font-size: 14pt\">O c\u00e2ncer mais letal do mundo<\/span><\/span><\/a><\/em><\/strong><\/p>\n<p><span style=\"color: #3366ff;font-size: 14pt\"><em><strong><b><a href=\"https:\/\/www.youtube.com\/watch?v=Sar6P0ukfBE&amp;t=13s\" target=\"_blank\" rel=\"noopener\"><span style=\"font-size: 14pt\"><span style=\"color: #0000ff\"><img decoding=\"async\" class=\"alignnone wp-image-17283\" src=\"https:\/\/jandaiadosul.ufpr.br\/wp-content\/uploads\/2022\/06\/Sinal-da-Acessibilidade-de-Libras-1.png\" alt=\"\" width=\"23\" height=\"22\" \/><\/span><\/span><\/a><\/b>\u00a0 <span style=\"text-decoration: underline;color: #000080\"><a style=\"color: #000080;text-decoration: underline\" href=\"https:\/\/jandaiadosul.ufpr.br\/alpem\/o-que-um-medico-grego-um-virus-e-um-cancer-tem-em-comum\/\" target=\"_blank\" rel=\"noopener\">O que um v\u00edrus e um c\u00e2ncer t\u00eam em comum?<\/a><\/span><\/strong><\/em><\/span><\/p>\n","protected":false},"excerpt":{"rendered":"<p>Ol\u00e1, seja bem-vindo(a)! Aqui voc\u00ea aprender\u00e1 um pouco mais sobre temas importantes em sa\u00fade. Esse \u00edcone indica acessibilidade em Libras, \u00e9 s\u00f3 clicar! Aproveite a [&hellip;]<\/p>\n","protected":false},"author":3618,"featured_media":0,"parent":0,"menu_order":0,"comment_status":"closed","ping_status":"closed","template":"","meta":{"_acf_changed":false,"footnotes":""},"class_list":["post-11","page","type-page","status-publish","hentry"],"acf":[],"_links":{"self":[{"href":"https:\/\/jandaiadosul.ufpr.br\/alpem\/wp-json\/wp\/v2\/pages\/11","targetHints":{"allow":["GET"]}}],"collection":[{"href":"https:\/\/jandaiadosul.ufpr.br\/alpem\/wp-json\/wp\/v2\/pages"}],"about":[{"href":"https:\/\/jandaiadosul.ufpr.br\/alpem\/wp-json\/wp\/v2\/types\/page"}],"author":[{"embeddable":true,"href":"https:\/\/jandaiadosul.ufpr.br\/alpem\/wp-json\/wp\/v2\/users\/3618"}],"replies":[{"embeddable":true,"href":"https:\/\/jandaiadosul.ufpr.br\/alpem\/wp-json\/wp\/v2\/comments?post=11"}],"version-history":[{"count":196,"href":"https:\/\/jandaiadosul.ufpr.br\/alpem\/wp-json\/wp\/v2\/pages\/11\/revisions"}],"predecessor-version":[{"id":1915,"href":"https:\/\/jandaiadosul.ufpr.br\/alpem\/wp-json\/wp\/v2\/pages\/11\/revisions\/1915"}],"wp:attachment":[{"href":"https:\/\/jandaiadosul.ufpr.br\/alpem\/wp-json\/wp\/v2\/media?parent=11"}],"curies":[{"name":"wp","href":"https:\/\/api.w.org\/{rel}","templated":true}]}}